{"id":46938,"date":"2021-06-08T12:46:35","date_gmt":"2021-06-08T10:46:35","guid":{"rendered":"https:\/\/zfl-lernen.de\/?post_type=lp_course&#038;p=46938"},"modified":"2024-12-20T13:31:01","modified_gmt":"2024-12-20T12:31:01","slug":"kommunikationsfoerderung-ass-unterstuetzte-kommunikation","status":"publish","type":"lp_course","link":"https:\/\/zfl-lernen.de\/en\/lernmodule\/sonderpaedagogische-bildungsmaterialien\/kommunikationsfoerderung-ass-unterstuetzte-kommunikation\/","title":{"rendered":"Kommunikationsf\u00f6rderung durch Unterst\u00fctzte Kommunikation bei Menschen mit Autismus-Spektrum-St\u00f6rung"},"content":{"rendered":"<p><span style=\"color: #000000;\">Das Lernmodul\u00a0<b>\u201eKommunikationsf\u00f6rderung durch Unterst\u00fctzte Kommunikation\u00a0<\/b><b>bei Menschen mit Autismus-Spektrum-St\u00f6rung\u201c<\/b> vermittelt grundlegende Inhalte zum Kommunikationsverhalten von Menschen mit ASS. Es richtet sich an p\u00e4dagogische Fachkr\u00e4fte, Studierende, Lehrkr\u00e4fte und Dozierende, ist aber selbstverst\u00e4ndlich auch f\u00fcr alle anderen Interessierten zug\u00e4nglich.<\/span><\/p>\n<p><span style=\"color: #000000;\">Dazu gestalten folgende Leitfragen den Inhalt des Lernmoduls:<\/span><\/p>\n<ul>\n<li><span style=\"color: #000000;\">Was ist Unterst\u00fctzte Kommunikation?<\/span><\/li>\n<li><span style=\"color: #000000;\">Wie kann man Menschen mit ASS in ihrer Kommunikation f\u00f6rdern?<\/span><\/li>\n<\/ul>\n<p>Rufen Sie das Lernmodul \u00fcber die rechte Navigation auf.<\/p>\n<p><span style=\"color: #000000;\">Viel Spa\u00df!<\/span><\/p>","protected":false},"excerpt":{"rendered":"<p>Das Lernmodul\u00a0\u201eKommunikationsf\u00f6rderung durch Unterst\u00fctzte Kommunikation\u00a0bei Menschen mit Autismus-Spektrum-St\u00f6rung\u201c vermittelt grundlegende Inhalte zum Kommunikationsverhalten von Menschen mit ASS. Es richtet sich an p\u00e4dagogische Fachkr\u00e4fte, Studierende, Lehrkr\u00e4fte und Dozierende, ist aber selbstverst\u00e4ndlich auch f\u00fcr alle anderen Interessierten zug\u00e4nglich. Dazu gestalten folgende Leitfragen &hellip; <\/p>","protected":false},"author":4,"featured_media":48919,"comment_status":"closed","ping_status":"closed","template":"","kooperation":[203,1249],"licence":[579],"mitwirkende":[665,664,663],"course_category":[1205,1196],"course_tag":[886,885,887,888],"class_list":["post-46938","lp_course","type-lp_course","status-publish","has-post-thumbnail","hentry","kooperation-digill","kooperation-paedagogik-und-rehabilitation","licence-cc-by-sa-4-0","mitwirkende-elisa-diaz-perez","mitwirkende-lisa-foerderer","mitwirkende-sebastian-bast","course_category-kommunikationsfoerderung-bei-autismus-spektrum-stoerung","course_category-sonderpaedagogische-bildungsmaterialien","course_tag-autismus-spektrum-stoerung","course_tag-kommunikationsfoerderung","course_tag-kommunikationsverhalten","course_tag-unterstuetzte-kommunikation","course"],"acf":[],"yoast_head":"<!-- This site is optimized with the Yoast SEO plugin v27.1.1 - https:\/\/yoast.com\/product\/yoast-seo-wordpress\/ -->\n<title>Kommunikationsf\u00f6rderung durch Unterst\u00fctzte Kommunikation bei Menschen mit Autismus-Spektrum-St\u00f6rung - ZfL Lernen<\/title>\n<meta name=\"description\" content=\"Sie erhalten einen \u00dcberblick \u00fcber Unterst\u00fctzte Kommunikation zur Kommunikationsf\u00f6rderung bei Menschen mit Autismus-Spektrum-St\u00f6rung.\" \/>\n<meta name=\"robots\" content=\"index, follow, max-snippet:-1, max-image-preview:large, max-video-preview:-1\" \/>\n<link rel=\"canonical\" href=\"https:\/\/zfl-lernen.de\/en\/lernmodule\/sonderpaedagogische-bildungsmaterialien\/kommunikationsfoerderung-ass-unterstuetzte-kommunikation\/\" \/>\n<meta property=\"og:locale\" content=\"en_US\" \/>\n<meta property=\"og:type\" content=\"article\" \/>\n<meta property=\"og:title\" content=\"Kommunikationsf\u00f6rderung durch Unterst\u00fctzte Kommunikation bei Menschen mit Autismus-Spektrum-St\u00f6rung\" \/>\n<meta property=\"og:description\" content=\"Sie erhalten einen \u00dcberblick \u00fcber die Kommunikationsf\u00f6rderung durch Unterst\u00fctzte Kommunikation bei Menschen mit Autismus-Spektrum-St\u00f6rung.\" \/>\n<meta property=\"og:url\" content=\"https:\/\/zfl-lernen.de\/en\/lernmodule\/sonderpaedagogische-bildungsmaterialien\/kommunikationsfoerderung-ass-unterstuetzte-kommunikation\/\" \/>\n<meta property=\"og:site_name\" content=\"ZfL Lernen\" \/>\n<meta property=\"article:publisher\" content=\"https:\/\/www.facebook.com\/zflkoeln\" \/>\n<meta property=\"article:modified_time\" content=\"2024-12-20T12:31:01+00:00\" \/>\n<meta property=\"og:image\" content=\"https:\/\/zfl-lernen.de\/wp-content\/uploads\/pexels-polina-kovaleva-8709353-scaled.jpg\" \/>\n\t<meta property=\"og:image:width\" content=\"2560\" \/>\n\t<meta property=\"og:image:height\" content=\"1922\" \/>\n\t<meta property=\"og:image:type\" content=\"image\/jpeg\" \/>\n<meta name=\"twitter:card\" content=\"summary_large_image\" \/>\n<meta name=\"twitter:title\" content=\"Kommunikationsf\u00f6rderung durch Unterst\u00fctzte Kommunikation bei Menschen mit Autismus-Spektrum-St\u00f6rung\" \/>\n<meta name=\"twitter:description\" content=\"Sie erhalten einen \u00dcberblick \u00fcber die Kommunikationsf\u00f6rderung durch Unterst\u00fctzte Kommunikation bei Menschen mit Autismus-Spektrum-St\u00f6rung.\" \/>\n<meta name=\"twitter:image\" content=\"https:\/\/zfl-lernen.de\/wp-content\/uploads\/pexels-polina-kovaleva-8709353-scaled.jpg\" \/>\n<meta name=\"twitter:site\" content=\"@Lehrer_innen\" \/>\n<meta name=\"twitter:label1\" content=\"Est. reading time\" \/>\n\t<meta name=\"twitter:data1\" content=\"2 minutes\" \/>\n<script type=\"application\/ld+json\" class=\"yoast-schema-graph\">{\"@context\":\"https:\/\/schema.org\",\"@graph\":[{\"@type\":\"WebPage\",\"@id\":\"https:\/\/zfl-lernen.de\/lernmodule\/sonderpaedagogische-bildungsmaterialien\/kommunikationsfoerderung-ass-unterstuetzte-kommunikation\/\",\"url\":\"https:\/\/zfl-lernen.de\/lernmodule\/sonderpaedagogische-bildungsmaterialien\/kommunikationsfoerderung-ass-unterstuetzte-kommunikation\/\",\"name\":\"Kommunikationsf\u00f6rderung durch Unterst\u00fctzte Kommunikation bei Menschen mit Autismus-Spektrum-St\u00f6rung - ZfL Lernen\",\"isPartOf\":{\"@id\":\"https:\/\/zfl-lernen.de\/#website\"},\"primaryImageOfPage\":{\"@id\":\"https:\/\/zfl-lernen.de\/lernmodule\/sonderpaedagogische-bildungsmaterialien\/kommunikationsfoerderung-ass-unterstuetzte-kommunikation\/#primaryimage\"},\"image\":{\"@id\":\"https:\/\/zfl-lernen.de\/lernmodule\/sonderpaedagogische-bildungsmaterialien\/kommunikationsfoerderung-ass-unterstuetzte-kommunikation\/#primaryimage\"},\"thumbnailUrl\":\"https:\/\/zfl-lernen.de\/wp-content\/uploads\/pexels-polina-kovaleva-8709353-scaled.jpg\",\"datePublished\":\"2021-06-08T10:46:35+00:00\",\"dateModified\":\"2024-12-20T12:31:01+00:00\",\"description\":\"Sie erhalten einen \u00dcberblick \u00fcber Unterst\u00fctzte Kommunikation zur Kommunikationsf\u00f6rderung bei Menschen mit Autismus-Spektrum-St\u00f6rung.\",\"breadcrumb\":{\"@id\":\"https:\/\/zfl-lernen.de\/lernmodule\/sonderpaedagogische-bildungsmaterialien\/kommunikationsfoerderung-ass-unterstuetzte-kommunikation\/#breadcrumb\"},\"inLanguage\":\"en-US\",\"potentialAction\":[{\"@type\":\"ReadAction\",\"target\":[\"https:\/\/zfl-lernen.de\/lernmodule\/sonderpaedagogische-bildungsmaterialien\/kommunikationsfoerderung-ass-unterstuetzte-kommunikation\/\"]}]},{\"@type\":\"ImageObject\",\"inLanguage\":\"en-US\",\"@id\":\"https:\/\/zfl-lernen.de\/lernmodule\/sonderpaedagogische-bildungsmaterialien\/kommunikationsfoerderung-ass-unterstuetzte-kommunikation\/#primaryimage\",\"url\":\"https:\/\/zfl-lernen.de\/wp-content\/uploads\/pexels-polina-kovaleva-8709353-scaled.jpg\",\"contentUrl\":\"https:\/\/zfl-lernen.de\/wp-content\/uploads\/pexels-polina-kovaleva-8709353-scaled.jpg\",\"width\":2560,\"height\":1922,\"caption\":\"Foto: Polina Kovaleva von Pexels\"},{\"@type\":\"BreadcrumbList\",\"@id\":\"https:\/\/zfl-lernen.de\/lernmodule\/sonderpaedagogische-bildungsmaterialien\/kommunikationsfoerderung-ass-unterstuetzte-kommunikation\/#breadcrumb\",\"itemListElement\":[{\"@type\":\"ListItem\",\"position\":1,\"name\":\"Startseite\",\"item\":\"https:\/\/zfl-lernen.de\/\"},{\"@type\":\"ListItem\",\"position\":2,\"name\":\"Kurse\",\"item\":\"https:\/\/zfl-lernen.de\/courses\/\"},{\"@type\":\"ListItem\",\"position\":3,\"name\":\"Kommunikationsf\u00f6rderung durch Unterst\u00fctzte Kommunikation bei Menschen mit Autismus-Spektrum-St\u00f6rung\"}]},{\"@type\":\"WebSite\",\"@id\":\"https:\/\/zfl-lernen.de\/#website\",\"url\":\"https:\/\/zfl-lernen.de\/\",\"name\":\"ZfL Lernen\",\"description\":\"ZfL Offene Bildungsangebote\",\"potentialAction\":[{\"@type\":\"SearchAction\",\"target\":{\"@type\":\"EntryPoint\",\"urlTemplate\":\"https:\/\/zfl-lernen.de\/?s={search_term_string}\"},\"query-input\":{\"@type\":\"PropertyValueSpecification\",\"valueRequired\":true,\"valueName\":\"search_term_string\"}}],\"inLanguage\":\"en-US\"}]}<\/script>\n<!-- \/ Yoast SEO plugin. -->","yoast_head_json":{"title":"Kommunikationsf\u00f6rderung durch Unterst\u00fctzte Kommunikation bei Menschen mit Autismus-Spektrum-St\u00f6rung - ZfL Lernen","description":"Sie erhalten einen \u00dcberblick \u00fcber Unterst\u00fctzte Kommunikation zur Kommunikationsf\u00f6rderung bei Menschen mit Autismus-Spektrum-St\u00f6rung.","robots":{"index":"index","follow":"follow","max-snippet":"max-snippet:-1","max-image-preview":"max-image-preview:large","max-video-preview":"max-video-preview:-1"},"canonical":"https:\/\/zfl-lernen.de\/en\/lernmodule\/sonderpaedagogische-bildungsmaterialien\/kommunikationsfoerderung-ass-unterstuetzte-kommunikation\/","og_locale":"en_US","og_type":"article","og_title":"Kommunikationsf\u00f6rderung durch Unterst\u00fctzte Kommunikation bei Menschen mit Autismus-Spektrum-St\u00f6rung","og_description":"Sie erhalten einen \u00dcberblick \u00fcber die Kommunikationsf\u00f6rderung durch Unterst\u00fctzte Kommunikation bei Menschen mit Autismus-Spektrum-St\u00f6rung.","og_url":"https:\/\/zfl-lernen.de\/en\/lernmodule\/sonderpaedagogische-bildungsmaterialien\/kommunikationsfoerderung-ass-unterstuetzte-kommunikation\/","og_site_name":"ZfL Lernen","article_publisher":"https:\/\/www.facebook.com\/zflkoeln","article_modified_time":"2024-12-20T12:31:01+00:00","og_image":[{"width":2560,"height":1922,"url":"https:\/\/zfl-lernen.de\/wp-content\/uploads\/pexels-polina-kovaleva-8709353-scaled.jpg","type":"image\/jpeg"}],"twitter_card":"summary_large_image","twitter_title":"Kommunikationsf\u00f6rderung durch Unterst\u00fctzte Kommunikation bei Menschen mit Autismus-Spektrum-St\u00f6rung","twitter_description":"Sie erhalten einen \u00dcberblick \u00fcber die Kommunikationsf\u00f6rderung durch Unterst\u00fctzte Kommunikation bei Menschen mit Autismus-Spektrum-St\u00f6rung.","twitter_image":"https:\/\/zfl-lernen.de\/wp-content\/uploads\/pexels-polina-kovaleva-8709353-scaled.jpg","twitter_site":"@Lehrer_innen","twitter_misc":{"Est. reading time":"2 minutes"},"schema":{"@context":"https:\/\/schema.org","@graph":[{"@type":"WebPage","@id":"https:\/\/zfl-lernen.de\/lernmodule\/sonderpaedagogische-bildungsmaterialien\/kommunikationsfoerderung-ass-unterstuetzte-kommunikation\/","url":"https:\/\/zfl-lernen.de\/lernmodule\/sonderpaedagogische-bildungsmaterialien\/kommunikationsfoerderung-ass-unterstuetzte-kommunikation\/","name":"Kommunikationsf\u00f6rderung durch Unterst\u00fctzte Kommunikation bei Menschen mit Autismus-Spektrum-St\u00f6rung - ZfL Lernen","isPartOf":{"@id":"https:\/\/zfl-lernen.de\/#website"},"primaryImageOfPage":{"@id":"https:\/\/zfl-lernen.de\/lernmodule\/sonderpaedagogische-bildungsmaterialien\/kommunikationsfoerderung-ass-unterstuetzte-kommunikation\/#primaryimage"},"image":{"@id":"https:\/\/zfl-lernen.de\/lernmodule\/sonderpaedagogische-bildungsmaterialien\/kommunikationsfoerderung-ass-unterstuetzte-kommunikation\/#primaryimage"},"thumbnailUrl":"https:\/\/zfl-lernen.de\/wp-content\/uploads\/pexels-polina-kovaleva-8709353-scaled.jpg","datePublished":"2021-06-08T10:46:35+00:00","dateModified":"2024-12-20T12:31:01+00:00","description":"Sie erhalten einen \u00dcberblick \u00fcber Unterst\u00fctzte Kommunikation zur Kommunikationsf\u00f6rderung bei Menschen mit Autismus-Spektrum-St\u00f6rung.","breadcrumb":{"@id":"https:\/\/zfl-lernen.de\/lernmodule\/sonderpaedagogische-bildungsmaterialien\/kommunikationsfoerderung-ass-unterstuetzte-kommunikation\/#breadcrumb"},"inLanguage":"en-US","potentialAction":[{"@type":"ReadAction","target":["https:\/\/zfl-lernen.de\/lernmodule\/sonderpaedagogische-bildungsmaterialien\/kommunikationsfoerderung-ass-unterstuetzte-kommunikation\/"]}]},{"@type":"ImageObject","inLanguage":"en-US","@id":"https:\/\/zfl-lernen.de\/lernmodule\/sonderpaedagogische-bildungsmaterialien\/kommunikationsfoerderung-ass-unterstuetzte-kommunikation\/#primaryimage","url":"https:\/\/zfl-lernen.de\/wp-content\/uploads\/pexels-polina-kovaleva-8709353-scaled.jpg","contentUrl":"https:\/\/zfl-lernen.de\/wp-content\/uploads\/pexels-polina-kovaleva-8709353-scaled.jpg","width":2560,"height":1922,"caption":"Foto: Polina Kovaleva von Pexels"},{"@type":"BreadcrumbList","@id":"https:\/\/zfl-lernen.de\/lernmodule\/sonderpaedagogische-bildungsmaterialien\/kommunikationsfoerderung-ass-unterstuetzte-kommunikation\/#breadcrumb","itemListElement":[{"@type":"ListItem","position":1,"name":"Startseite","item":"https:\/\/zfl-lernen.de\/"},{"@type":"ListItem","position":2,"name":"Kurse","item":"https:\/\/zfl-lernen.de\/courses\/"},{"@type":"ListItem","position":3,"name":"Kommunikationsf\u00f6rderung durch Unterst\u00fctzte Kommunikation bei Menschen mit Autismus-Spektrum-St\u00f6rung"}]},{"@type":"WebSite","@id":"https:\/\/zfl-lernen.de\/#website","url":"https:\/\/zfl-lernen.de\/","name":"ZfL Lernen","description":"ZfL Offene Bildungsangebote","potentialAction":[{"@type":"SearchAction","target":{"@type":"EntryPoint","urlTemplate":"https:\/\/zfl-lernen.de\/?s={search_term_string}"},"query-input":{"@type":"PropertyValueSpecification","valueRequired":true,"valueName":"search_term_string"}}],"inLanguage":"en-US"}]}},"_links":{"self":[{"href":"https:\/\/zfl-lernen.de\/en\/wp-json\/wp\/v2\/lp_course\/46938","targetHints":{"allow":["GET"]}}],"collection":[{"href":"https:\/\/zfl-lernen.de\/en\/wp-json\/wp\/v2\/lp_course"}],"about":[{"href":"https:\/\/zfl-lernen.de\/en\/wp-json\/wp\/v2\/types\/lp_course"}],"author":[{"embeddable":true,"href":"https:\/\/zfl-lernen.de\/en\/wp-json\/wp\/v2\/users\/4"}],"replies":[{"embeddable":true,"href":"https:\/\/zfl-lernen.de\/en\/wp-json\/wp\/v2\/comments?post=46938"}],"version-history":[{"count":5,"href":"https:\/\/zfl-lernen.de\/en\/wp-json\/wp\/v2\/lp_course\/46938\/revisions"}],"predecessor-version":[{"id":81864,"href":"https:\/\/zfl-lernen.de\/en\/wp-json\/wp\/v2\/lp_course\/46938\/revisions\/81864"}],"wp:featuredmedia":[{"embeddable":true,"href":"https:\/\/zfl-lernen.de\/en\/wp-json\/wp\/v2\/media\/48919"}],"wp:attachment":[{"href":"https:\/\/zfl-lernen.de\/en\/wp-json\/wp\/v2\/media?parent=46938"}],"wp:term":[{"taxonomy":"kooperation","embeddable":true,"href":"https:\/\/zfl-lernen.de\/en\/wp-json\/wp\/v2\/kooperation?post=46938"},{"taxonomy":"licence","embeddable":true,"href":"https:\/\/zfl-lernen.de\/en\/wp-json\/wp\/v2\/licence?post=46938"},{"taxonomy":"mitwirkende","embeddable":true,"href":"https:\/\/zfl-lernen.de\/en\/wp-json\/wp\/v2\/mitwirkende?post=46938"},{"taxonomy":"course_category","embeddable":true,"href":"https:\/\/zfl-lernen.de\/en\/wp-json\/wp\/v2\/course_category?post=46938"},{"taxonomy":"course_tag","embeddable":true,"href":"https:\/\/zfl-lernen.de\/en\/wp-json\/wp\/v2\/course_tag?post=46938"}],"curies":[{"name":"wp","href":"https:\/\/api.w.org\/{rel}","templated":true}]}}