{"id":24819,"date":"2020-04-02T10:20:23","date_gmt":"2020-04-02T08:20:23","guid":{"rendered":"https:\/\/zfl-lernen.de\/?page_id=24819"},"modified":"2024-11-26T08:22:13","modified_gmt":"2024-11-26T07:22:13","slug":"grundlagen","status":"publish","type":"online-kurs","link":"https:\/\/zfl-lernen.de\/en\/online-kurs\/barrierefreie-lernangebote-erstellen\/grundlagen\/","title":{"rendered":"Grundlagen digitaler Bildung"},"content":{"rendered":"<div class=\"wpb-content-wrapper\"><div class=\"vc_row wpb_row vc_row-fluid\"><div class=\"wpb_column vc_column_container vc_col-sm-12\"><div class=\"vc_column-inner\"><div class=\"wpb_wrapper\">\n\t<div class=\"wpb_text_column wpb_content_element\" >\n\t\t<div class=\"wpb_wrapper\">\n\t\t\t<h1>Grundlagen digitaler Bildung<\/h1>\n\n\t\t<\/div>\n\t<\/div>\n<\/div><\/div><\/div><\/div><div class=\"vc_row wpb_row vc_row-fluid\"><div class=\"wpb_column vc_column_container vc_col-sm-12\"><div class=\"vc_column-inner\"><div class=\"wpb_wrapper\">\n\t<div class=\"wpb_text_column wpb_content_element\" >\n\t\t<div class=\"wpb_wrapper\">\n\t\t\t<p>Der \u00f6ffentliche Bildungsdiskurs wird seit mehreren Jahren stark durch das Thema Digitalisierung in der (Hoch-)Schule beeinflusst. Besondere Fahrt nimmt die Debatte momentan durch die Corona-Pandemie und damit verbundenen Schulschlie\u00dfungen, Homeschooling und neuen digitalen Lehr-Lern-Situationen auf. Die Debatte ist oftmals gepr\u00e4gt durch Fragen rund um digitale Ausstattung, die Entwicklung von Medienkonzepten oder die Nutzung mobiler Endger\u00e4te in Schule und Unterricht \u2013 um hier nur einige Aspekte zu nennen.<\/p>\n<p>Sch\u00fcler*innen ben\u00f6tigen aber Kompetenzen, die \u00fcber das Bedienen und Anwenden digitaler Medien hinausgehen und auf eine Teilhabe an der digitalen Welt vorbereiten: Probleml\u00f6sekompetenz, Informations- und Recherchekompetenz sind nur einige Beispiele.<\/p>\n<p>Hier gilt es sich als (angehende) Lehrkraft also noch andere Fragen zu stellen: Was sind Chancen und Herausforderungen von digitaler Schule? Wie k\u00f6nnen wir Sch\u00fcler*innen auf ein Leben in einer digitalisierten Gesellschaft vorbereiten? Welche Kompetenzen brauche ich, um diesen Anforderungen gerecht zu werden? Wie kann Schule digitaler werden? Wie k\u00f6nnen digitale Lernmaterialien meinen Unterricht unterst\u00fctzen? &#8230;<\/p>\n\n\t\t<\/div>\n\t<\/div>\n<div class=\"vc_empty_space\"   style=\"height: 32px\"><span class=\"vc_empty_space_inner\"><\/span><\/div>\n\t<div class=\"wpb_text_column wpb_content_element\" >\n\t\t<div class=\"wpb_wrapper\">\n\t\t\t<h2>Der Bereich <em>Grundlagen digitaler Medien<\/em> bietet Ihnen Informationen zu vier unterschiedlichen Themenfeldern:<br \/>\n<code style=\"display: none;\"><br \/>\n<\/code><code style=\"display: none;\"><br \/>\n<\/code><code style=\"display: none;\"><br \/>\n<\/code><code style=\"display: none;\">    <\/code><\/h2>\n\n\t\t<\/div>\n\t<\/div>\n<div class=\"vc_empty_space\"   style=\"height: 32px\"><span class=\"vc_empty_space_inner\"><\/span><\/div>\n\t<div class=\"wpb_text_column wpb_content_element\" >\n\t\t<div class=\"wpb_wrapper\">\n\t\t\t<ul>\n<li>Unter\u00a0<strong><em>Herausforderungen und Perspektiven<\/em>\u00a0<\/strong>erhalten Sie eine \u00dcbersicht \u00fcber diese in Bezug auf digitale Bildung und werden dazu angeregt, Chancen und Herausforderungen zu sammeln und zu reflektieren.<\/li>\n<\/ul>\n\n\t\t<\/div>\n\t<\/div>\n<div class=\"vc_empty_space\"   style=\"height: 15px\"><span class=\"vc_empty_space_inner\"><\/span><\/div><div class=\"vc_btn3-container vc_btn3-inline vc_do_btn\" ><a class=\"vc_general vc_btn3 vc_btn3-size-lg vc_btn3-shape-rounded vc_btn3-style-flat vc_btn3-icon-left vc_btn3-color-inverse\" href=\"https:\/\/zfl-lernen.de\/en\/online-kurs\/praxissemester-digital\/grundlagen\/herausforderungen-und-perspektiven\/\" title=\"Herausforderungen und Perspektiven\" rel=\"nofollow\"><i class=\"vc_btn3-icon fas fa-arrow-circle-right\"><\/i> Herausforderungen und Perspektiven<\/a><\/div><div class=\"vc_empty_space\"   style=\"height: 32px\"><span class=\"vc_empty_space_inner\"><\/span><\/div>\n\t<div class=\"wpb_text_column wpb_content_element\" >\n\t\t<div class=\"wpb_wrapper\">\n\t\t\t<ul>\n<li>Unter dem Stichwort\u00a0<em><strong>Medienkompetenz<\/strong>\u00a0<\/em>finden Sie eine Pr\u00e4sentation zu den gesetzlichen und strukturellen Vorgaben zu Digitalisierung in der Schule, die f\u00fcr Sie als Lehrkraft von besonderer Bedeutung sind sowie erste Anregungen f\u00fcr die Entwicklung Ihrer Unterrichtssequenz.<\/li>\n<\/ul>\n\n\t\t<\/div>\n\t<\/div>\n<div class=\"vc_empty_space\"   style=\"height: 15px\"><span class=\"vc_empty_space_inner\"><\/span><\/div><div class=\"vc_btn3-container vc_btn3-inline vc_do_btn\" ><a class=\"vc_general vc_btn3 vc_btn3-size-lg vc_btn3-shape-rounded vc_btn3-style-flat vc_btn3-icon-left vc_btn3-color-inverse\" href=\"https:\/\/zfl-lernen.de\/en\/online-kurs\/praxissemester-digital\/grundlagen\/medienkompetenz\/\" title=\"Medienkompetenz\" rel=\"nofollow\"><i class=\"vc_btn3-icon fas fa-arrow-alt-circle-right\"><\/i> Medienkompetenz<\/a><\/div><div class=\"vc_empty_space\"   style=\"height: 32px\"><span class=\"vc_empty_space_inner\"><\/span><\/div>\n\t<div class=\"wpb_text_column wpb_content_element\" >\n\t\t<div class=\"wpb_wrapper\">\n\t\t\t<ul>\n<li>Im Bereich<strong> Eigene Mediennutzung<\/strong> reflektieren Sie gezielt Ihr eigenes Mediennutzungsverhalten in verschiedenen Kontexten.<\/li>\n<\/ul>\n<p><code style=\"display: none;\"><br \/>\n<\/code><code style=\"display: none;\"><br \/>\n<\/code><\/p>\n\n\t\t<\/div>\n\t<\/div>\n<div class=\"vc_empty_space\"   style=\"height: 15px\"><span class=\"vc_empty_space_inner\"><\/span><\/div><div class=\"vc_btn3-container vc_btn3-inline vc_do_btn\" ><a class=\"vc_general vc_btn3 vc_btn3-size-lg vc_btn3-shape-rounded vc_btn3-style-flat vc_btn3-icon-left vc_btn3-color-inverse\" href=\"https:\/\/zfl-lernen.de\/en\/online-kurs\/praxissemester-digital\/grundlagen\/eigene-mediennutzung\/\" title=\"Eigene Mediennutzung\" rel=\"nofollow\"><i class=\"vc_btn3-icon fas fa-arrow-alt-circle-right\"><\/i> Eigene Mediennutzung<\/a><\/div><div class=\"vc_empty_space\"   style=\"height: 32px\"><span class=\"vc_empty_space_inner\"><\/span><\/div>\n\t<div class=\"wpb_text_column wpb_content_element\" >\n\t\t<div class=\"wpb_wrapper\">\n\t\t\t<ul>\n<li>Gleiches gilt f\u00fcr den Bereich\u00a0<em><strong>Mediennutzung in der Schule<\/strong>\u00a0\u2013\u00a0<\/em>nur, dass hier nicht Ihr pers\u00f6nliches, sondern das Mediennutzungsverhalten Ihrer Praxissemesterschule in den Blick genommen werden soll.<\/li>\n<\/ul>\n\n\t\t<\/div>\n\t<\/div>\n<div class=\"vc_empty_space\"   style=\"height: 15px\"><span class=\"vc_empty_space_inner\"><\/span><\/div><div class=\"vc_btn3-container vc_btn3-inline vc_do_btn\" ><a class=\"vc_general vc_btn3 vc_btn3-size-lg vc_btn3-shape-rounded vc_btn3-style-flat vc_btn3-icon-left vc_btn3-color-inverse\" href=\"https:\/\/zfl-lernen.de\/en\/online-kurs\/praxissemester-digital\/grundlagen\/mediennutzung-in-der-schule\/\" title=\"Mediennutzung in der Schule\" rel=\"nofollow\"><i class=\"vc_btn3-icon fas fa-arrow-alt-circle-right\"><\/i> Mediennutzung in der Schule<\/a><\/div><div class=\"vc_empty_space\"   style=\"height: 32px\"><span class=\"vc_empty_space_inner\"><\/span><\/div>\n\t<div class=\"wpb_text_column wpb_content_element\" >\n\t\t<div class=\"wpb_wrapper\">\n\t\t\t<div class=\"vc_row wpb_row vc_row-fluid\">\n<div class=\"wpb_column vc_column_container vc_col-sm-12\">\n<div class=\"vc_column-inner\">\n<div class=\"wpb_wrapper\">\n<div class=\"wpb_text_column wpb_content_element\">\n<div class=\"wpb_wrapper\">\n<p><em>Bitte beachten Sie, dass jeder Bereich spezifische Aufgabenstellungen enth\u00e4lt, deren Ergebnisse in Ihrer Mindmap festgehalten werden sollen.<\/em><\/p>\n<\/div>\n<\/div>\n<\/div>\n<\/div>\n<\/div>\n<\/div>\n<div class=\"vc_row wpb_row vc_row-fluid\">\n<div class=\"wpb_column vc_column_container vc_col-sm-6\">\n<div class=\"vc_column-inner\">\n<div class=\"wpb_wrapper\">\n<div class=\"wpb_text_column wpb_content_element\">\n<div class=\"wpb_wrapper\"><\/div>\n<\/div>\n<\/div>\n<\/div>\n<\/div>\n<\/div>\n\n\t\t<\/div>\n\t<\/div>\n<\/div><\/div><\/div><\/div>\n<\/div>","protected":false},"excerpt":{"rendered":"Grundlagen digitaler Bildung Der \u00f6ffentliche Bildungsdiskurs wird seit mehreren Jahren stark durch das Thema Digitalisierung in der (Hoch-)Schule beeinflusst. Besondere Fahrt nimmt die Debatte momentan durch die Corona-Pandemie und damit verbundenen Schulschlie\u00dfungen, Homeschooling und neuen digitalen Lehr-Lern-Situationen auf. Die Debatte &hellip;","protected":false},"author":6,"featured_media":0,"parent":71625,"menu_order":1,"template":"","meta":{"_acf_changed":false},"categories":[1236],"tags":[1156,1157,1067],"kooperation":[],"licence":[596],"mitwirkende":[],"class_list":["post-24819","online-kurs","type-online-kurs","status-publish","hentry","category-barrierefreie-lernangebote","tag-bildungsmaterial","tag-kompetenz","tag-moeglichkeiten","licence-cc-by-sa"],"acf":[],"yoast_head":"<!-- This site is optimized with the Yoast SEO plugin v27.1.1 - https:\/\/yoast.com\/product\/yoast-seo-wordpress\/ -->\n<title>Grundlagen digitaler Bildung - ZfL Lernen<\/title>\n<meta name=\"description\" content=\"Chancen und Herausforderungen bei der Arbeit mit digitalem Bildungsmaterial. Welche Kompetenzen und M\u00f6glichkeiten kann man Sch\u00fcler*innen mitgeben?\" \/>\n<meta name=\"robots\" content=\"index, follow, max-snippet:-1, max-image-preview:large, max-video-preview:-1\" \/>\n<link rel=\"canonical\" href=\"https:\/\/zfl-lernen.de\/en\/online-kurs\/barrierefreie-lernangebote-erstellen\/grundlagen\/\" \/>\n<meta property=\"og:locale\" content=\"en_US\" \/>\n<meta property=\"og:type\" content=\"article\" \/>\n<meta property=\"og:title\" content=\"Grundlagen digitaler Bildung - ZfL Lernen\" \/>\n<meta property=\"og:description\" content=\"Chancen und Herausforderungen bei der Arbeit mit digitalem Bildungsmaterial. Welche Kompetenzen und M\u00f6glichkeiten kann man Sch\u00fcler*innen mitgeben?\" \/>\n<meta property=\"og:url\" content=\"https:\/\/zfl-lernen.de\/en\/online-kurs\/barrierefreie-lernangebote-erstellen\/grundlagen\/\" \/>\n<meta property=\"og:site_name\" content=\"ZfL Lernen\" \/>\n<meta property=\"article:publisher\" content=\"https:\/\/www.facebook.com\/zflkoeln\" \/>\n<meta property=\"article:modified_time\" content=\"2024-11-26T07:22:13+00:00\" \/>\n<meta property=\"og:image\" content=\"https:\/\/zfl-lernen.de\/wp-content\/uploads\/zfl-logo_neu-1.png\" \/>\n\t<meta property=\"og:image:width\" content=\"300\" \/>\n\t<meta property=\"og:image:height\" content=\"161\" \/>\n\t<meta property=\"og:image:type\" content=\"image\/png\" \/>\n<meta name=\"twitter:card\" content=\"summary_large_image\" \/>\n<meta name=\"twitter:site\" content=\"@Lehrer_innen\" \/>\n<meta name=\"twitter:label1\" content=\"Est. reading time\" \/>\n\t<meta name=\"twitter:data1\" content=\"2 minutes\" \/>\n<script type=\"application\/ld+json\" class=\"yoast-schema-graph\">{\"@context\":\"https:\/\/schema.org\",\"@graph\":[{\"@type\":\"WebPage\",\"@id\":\"https:\/\/zfl-lernen.de\/online-kurs\/barrierefreie-lernangebote-erstellen\/grundlagen\/\",\"url\":\"https:\/\/zfl-lernen.de\/online-kurs\/barrierefreie-lernangebote-erstellen\/grundlagen\/\",\"name\":\"Grundlagen digitaler Bildung - ZfL Lernen\",\"isPartOf\":{\"@id\":\"https:\/\/zfl-lernen.de\/#website\"},\"datePublished\":\"2020-04-02T08:20:23+00:00\",\"dateModified\":\"2024-11-26T07:22:13+00:00\",\"description\":\"Chancen und Herausforderungen bei der Arbeit mit digitalem Bildungsmaterial. Welche Kompetenzen und M\u00f6glichkeiten kann man Sch\u00fcler*innen mitgeben?\",\"breadcrumb\":{\"@id\":\"https:\/\/zfl-lernen.de\/online-kurs\/barrierefreie-lernangebote-erstellen\/grundlagen\/#breadcrumb\"},\"inLanguage\":\"en-US\",\"potentialAction\":[{\"@type\":\"ReadAction\",\"target\":[\"https:\/\/zfl-lernen.de\/online-kurs\/barrierefreie-lernangebote-erstellen\/grundlagen\/\"]}]},{\"@type\":\"BreadcrumbList\",\"@id\":\"https:\/\/zfl-lernen.de\/online-kurs\/barrierefreie-lernangebote-erstellen\/grundlagen\/#breadcrumb\",\"itemListElement\":[{\"@type\":\"ListItem\",\"position\":1,\"name\":\"Startseite\",\"item\":\"https:\/\/zfl-lernen.de\/\"},{\"@type\":\"ListItem\",\"position\":2,\"name\":\"Online-Kurse\",\"item\":\"https:\/\/zfl-lernen.de\/online-kurs\/\"},{\"@type\":\"ListItem\",\"position\":3,\"name\":\"Barrierefreie Lernangebote erstellen\",\"item\":\"https:\/\/zfl-lernen.de\/online-kurs\/barrierefreie-lernangebote-erstellen\/\"},{\"@type\":\"ListItem\",\"position\":4,\"name\":\"Grundlagen digitaler Bildung\"}]},{\"@type\":\"WebSite\",\"@id\":\"https:\/\/zfl-lernen.de\/#website\",\"url\":\"https:\/\/zfl-lernen.de\/\",\"name\":\"ZfL Lernen\",\"description\":\"ZfL Offene Bildungsangebote\",\"potentialAction\":[{\"@type\":\"SearchAction\",\"target\":{\"@type\":\"EntryPoint\",\"urlTemplate\":\"https:\/\/zfl-lernen.de\/?s={search_term_string}\"},\"query-input\":{\"@type\":\"PropertyValueSpecification\",\"valueRequired\":true,\"valueName\":\"search_term_string\"}}],\"inLanguage\":\"en-US\"}]}<\/script>\n<!-- \/ Yoast SEO plugin. -->","yoast_head_json":{"title":"Grundlagen digitaler Bildung - ZfL Lernen","description":"Chancen und Herausforderungen bei der Arbeit mit digitalem Bildungsmaterial. Welche Kompetenzen und M\u00f6glichkeiten kann man Sch\u00fcler*innen mitgeben?","robots":{"index":"index","follow":"follow","max-snippet":"max-snippet:-1","max-image-preview":"max-image-preview:large","max-video-preview":"max-video-preview:-1"},"canonical":"https:\/\/zfl-lernen.de\/en\/online-kurs\/barrierefreie-lernangebote-erstellen\/grundlagen\/","og_locale":"en_US","og_type":"article","og_title":"Grundlagen digitaler Bildung - ZfL Lernen","og_description":"Chancen und Herausforderungen bei der Arbeit mit digitalem Bildungsmaterial. Welche Kompetenzen und M\u00f6glichkeiten kann man Sch\u00fcler*innen mitgeben?","og_url":"https:\/\/zfl-lernen.de\/en\/online-kurs\/barrierefreie-lernangebote-erstellen\/grundlagen\/","og_site_name":"ZfL Lernen","article_publisher":"https:\/\/www.facebook.com\/zflkoeln","article_modified_time":"2024-11-26T07:22:13+00:00","og_image":[{"width":300,"height":161,"url":"https:\/\/zfl-lernen.de\/wp-content\/uploads\/zfl-logo_neu-1.png","type":"image\/png"}],"twitter_card":"summary_large_image","twitter_site":"@Lehrer_innen","twitter_misc":{"Est. reading time":"2 minutes"},"schema":{"@context":"https:\/\/schema.org","@graph":[{"@type":"WebPage","@id":"https:\/\/zfl-lernen.de\/online-kurs\/barrierefreie-lernangebote-erstellen\/grundlagen\/","url":"https:\/\/zfl-lernen.de\/online-kurs\/barrierefreie-lernangebote-erstellen\/grundlagen\/","name":"Grundlagen digitaler Bildung - ZfL Lernen","isPartOf":{"@id":"https:\/\/zfl-lernen.de\/#website"},"datePublished":"2020-04-02T08:20:23+00:00","dateModified":"2024-11-26T07:22:13+00:00","description":"Chancen und Herausforderungen bei der Arbeit mit digitalem Bildungsmaterial. Welche Kompetenzen und M\u00f6glichkeiten kann man Sch\u00fcler*innen mitgeben?","breadcrumb":{"@id":"https:\/\/zfl-lernen.de\/online-kurs\/barrierefreie-lernangebote-erstellen\/grundlagen\/#breadcrumb"},"inLanguage":"en-US","potentialAction":[{"@type":"ReadAction","target":["https:\/\/zfl-lernen.de\/online-kurs\/barrierefreie-lernangebote-erstellen\/grundlagen\/"]}]},{"@type":"BreadcrumbList","@id":"https:\/\/zfl-lernen.de\/online-kurs\/barrierefreie-lernangebote-erstellen\/grundlagen\/#breadcrumb","itemListElement":[{"@type":"ListItem","position":1,"name":"Startseite","item":"https:\/\/zfl-lernen.de\/"},{"@type":"ListItem","position":2,"name":"Online-Kurse","item":"https:\/\/zfl-lernen.de\/online-kurs\/"},{"@type":"ListItem","position":3,"name":"Barrierefreie Lernangebote erstellen","item":"https:\/\/zfl-lernen.de\/online-kurs\/barrierefreie-lernangebote-erstellen\/"},{"@type":"ListItem","position":4,"name":"Grundlagen digitaler Bildung"}]},{"@type":"WebSite","@id":"https:\/\/zfl-lernen.de\/#website","url":"https:\/\/zfl-lernen.de\/","name":"ZfL Lernen","description":"ZfL Offene Bildungsangebote","potentialAction":[{"@type":"SearchAction","target":{"@type":"EntryPoint","urlTemplate":"https:\/\/zfl-lernen.de\/?s={search_term_string}"},"query-input":{"@type":"PropertyValueSpecification","valueRequired":true,"valueName":"search_term_string"}}],"inLanguage":"en-US"}]}},"_links":{"self":[{"href":"https:\/\/zfl-lernen.de\/en\/wp-json\/wp\/v2\/online-kurs\/24819","targetHints":{"allow":["GET"]}}],"collection":[{"href":"https:\/\/zfl-lernen.de\/en\/wp-json\/wp\/v2\/online-kurs"}],"about":[{"href":"https:\/\/zfl-lernen.de\/en\/wp-json\/wp\/v2\/types\/online-kurs"}],"author":[{"embeddable":true,"href":"https:\/\/zfl-lernen.de\/en\/wp-json\/wp\/v2\/users\/6"}],"up":[{"embeddable":true,"href":"https:\/\/zfl-lernen.de\/en\/wp-json\/wp\/v2\/online-kurs\/71625"}],"wp:attachment":[{"href":"https:\/\/zfl-lernen.de\/en\/wp-json\/wp\/v2\/media?parent=24819"}],"wp:term":[{"taxonomy":"category","embeddable":true,"href":"https:\/\/zfl-lernen.de\/en\/wp-json\/wp\/v2\/categories?post=24819"},{"taxonomy":"post_tag","embeddable":true,"href":"https:\/\/zfl-lernen.de\/en\/wp-json\/wp\/v2\/tags?post=24819"},{"taxonomy":"kooperation","embeddable":true,"href":"https:\/\/zfl-lernen.de\/en\/wp-json\/wp\/v2\/kooperation?post=24819"},{"taxonomy":"licence","embeddable":true,"href":"https:\/\/zfl-lernen.de\/en\/wp-json\/wp\/v2\/licence?post=24819"},{"taxonomy":"mitwirkende","embeddable":true,"href":"https:\/\/zfl-lernen.de\/en\/wp-json\/wp\/v2\/mitwirkende?post=24819"}],"curies":[{"name":"wp","href":"https:\/\/api.w.org\/{rel}","templated":true}]}}