{"id":26250,"date":"2020-04-22T14:49:33","date_gmt":"2020-04-22T12:49:33","guid":{"rendered":"https:\/\/zfl-lernen.de\/?page_id=26250"},"modified":"2025-07-31T10:49:56","modified_gmt":"2025-07-31T08:49:56","slug":"analyse-der-lernbedingungen-bzgl-digitalisierung","status":"publish","type":"online-kurs","link":"https:\/\/zfl-lernen.de\/en\/online-kurs\/analyse-der-lernbedingungen-bzgl-digitalisierung\/","title":{"rendered":"Analyse der Lernbedingungen bzgl. Digitalisierung"},"content":{"rendered":"<div class=\"wpb-content-wrapper\"><div class=\"vc_row wpb_row vc_row-fluid\"><div class=\"wpb_column vc_column_container vc_col-sm-12\"><div class=\"vc_column-inner\"><div class=\"wpb_wrapper\">\n\t<div class=\"wpb_text_column wpb_content_element\" >\n\t\t<div class=\"wpb_wrapper\">\n\t\t\t<h2>Analyse der Lernbedingungen bzgl. Digitalisierung<\/h2>\n\n\t\t<\/div>\n\t<\/div>\n<div class=\"vc_empty_space\"   style=\"height: 20px\"><span class=\"vc_empty_space_inner\"><\/span><\/div><\/div><\/div><\/div><\/div><div class=\"vc_row wpb_row vc_row-fluid\"><div class=\"wpb_column vc_column_container vc_col-sm-2\"><div class=\"vc_column-inner\"><div class=\"wpb_wrapper\"><\/div><\/div><\/div><div class=\"wpb_column vc_column_container vc_col-sm-10\"><div class=\"vc_column-inner\"><div class=\"wpb_wrapper\">\n\t<div class=\"wpb_text_column wpb_content_element\" >\n\t\t<div class=\"wpb_wrapper\">\n\t\t\t<p><strong>Wie ist die Ausstattung der Schule mit digitalen Medien in Bezug auf das Unterrichtsvorhaben?<br \/>\n<\/strong><strong> (Analyse der technischen Voraussetzungen der Ausbildungsschule)<\/strong><\/p>\n\n\t\t<\/div>\n\t<\/div>\n<div class=\"vc_empty_space\"   style=\"height: 20px\"><span class=\"vc_empty_space_inner\"><\/span><\/div>\n\t<div class=\"wpb_text_column wpb_content_element\" >\n\t\t<div class=\"wpb_wrapper\">\n\t\t\t<p>Die Schule ist mit 3 PC-R\u00e4umen mit jeweils 20 PCs ausgestattet. Alle Sch\u00fcler*innen haben eigene Zug\u00e4nge. Au\u00dferdem stehen iPads zur Verf\u00fcgung. Das Unterrichtsvorhaben k\u00f6nnte also an der Schule durchgef\u00fchrt werden. Zuverl\u00e4ssiger und organisatorisch unaufw\u00e4ndiger ist dennoch die Durchf\u00fchrung im Rahmen des \u201cHome-Schooling\u201d w\u00e4hrend der Corona-Schlie\u00dfung.<\/p>\n\n\t\t<\/div>\n\t<\/div>\n<div class=\"vc_empty_space\"   style=\"height: 20px\"><span class=\"vc_empty_space_inner\"><\/span><\/div><div class=\"vc_separator wpb_content_element vc_separator_align_center vc_sep_width_100 vc_sep_border_width_2 vc_sep_pos_align_center vc_separator_no_text vc_sep_color_grey wpb_content_element  wpb_content_element\" ><span class=\"vc_sep_holder vc_sep_holder_l\"><span class=\"vc_sep_line\"><\/span><\/span><span class=\"vc_sep_holder vc_sep_holder_r\"><span class=\"vc_sep_line\"><\/span><\/span>\n<\/div><div class=\"vc_empty_space\"   style=\"height: 20px\"><span class=\"vc_empty_space_inner\"><\/span><\/div>\n\t<div class=\"wpb_text_column wpb_content_element\" >\n\t\t<div class=\"wpb_wrapper\">\n\t\t\t<p><strong>Welche Kompetenzen im Umgang mit digitalen Medien haben die Sch\u00fclerInnen bereits erworben?<br \/>\n<\/strong><strong>(Analyse der Lernausgangslage gem\u00e4\u00df Medienkompetenzrahmen NRW)<\/strong><\/p>\n\n\t\t<\/div>\n\t<\/div>\n<div class=\"vc_empty_space\"   style=\"height: 20px\"><span class=\"vc_empty_space_inner\"><\/span><\/div>\n\t<div class=\"wpb_text_column wpb_content_element\" >\n\t\t<div class=\"wpb_wrapper\">\n\t\t\t<h3><\/h3>\n<p>Es handelt sich um Sch\u00e4tzungen (beim Kennenlernen der Gruppe wurde kein Fokus auf die Medienkompetenzen gelegt)<\/p>\n<ul>\n<li>Bedienen und Anwenden: gegeben<\/li>\n<li>Informieren und Recherchieren: teilweise gegeben, wird mit dem Unterrichtsvorhaben gef\u00f6rdert<\/li>\n<li>Kommunizieren und Kooperieren: teilweise gegeben, wird mit dem Unterrichtsvorhaben gef\u00f6rdert<\/li>\n<li>Produzieren und Pr\u00e4sentieren: teilweise gegeben, wird mit dem Unterrichtsvorhaben gef\u00f6rdert<\/li>\n<li>Analysieren und Reflektieren: teilweise gegeben, wird mit dem Unterrichtsvorhaben gef\u00f6rdert<\/li>\n<li>Probleml\u00f6sen und Modellieren: bisher nicht gegeben, wird hier teilweise gef\u00f6rdert<\/li>\n<\/ul>\n\n\t\t<\/div>\n\t<\/div>\n<div class=\"vc_empty_space\"   style=\"height: 20px\"><span class=\"vc_empty_space_inner\"><\/span><\/div><div class=\"vc_separator wpb_content_element vc_separator_align_center vc_sep_width_100 vc_sep_border_width_2 vc_sep_pos_align_center vc_separator_no_text vc_sep_color_grey wpb_content_element  wpb_content_element\" ><span class=\"vc_sep_holder vc_sep_holder_l\"><span class=\"vc_sep_line\"><\/span><\/span><span class=\"vc_sep_holder vc_sep_holder_r\"><span class=\"vc_sep_line\"><\/span><\/span>\n<\/div><div class=\"vc_empty_space\"   style=\"height: 20px\"><span class=\"vc_empty_space_inner\"><\/span><\/div>\n\t<div class=\"wpb_text_column wpb_content_element\" >\n\t\t<div class=\"wpb_wrapper\">\n\t\t\t<p><strong>Welche lernf\u00f6rdernde Funktion erf\u00fcllen die digitalen Medien im Unterrichtsvorhaben?<\/strong><br \/>\n<strong>(Didaktische und methodische \u00dcberlegung, Passung zur Zielsetzung)<\/strong><\/p>\n\n\t\t<\/div>\n\t<\/div>\n<div class=\"vc_empty_space\"   style=\"height: 20px\"><span class=\"vc_empty_space_inner\"><\/span><\/div>\n\t<div class=\"wpb_text_column wpb_content_element\" >\n\t\t<div class=\"wpb_wrapper\">\n\t\t\t<ul>\n<li>Lernen am Modell<\/li>\n<li>Praxisn\u00e4he<\/li>\n<li>Aktualit\u00e4tsbezug<\/li>\n<li>Lebensweltbezug<\/li>\n<li>Flexibilit\u00e4t<\/li>\n<li>Motivationssteigerung<\/li>\n<\/ul>\n\n\t\t<\/div>\n\t<\/div>\n<div class=\"vc_empty_space\"   style=\"height: 20px\"><span class=\"vc_empty_space_inner\"><\/span><\/div><div class=\"vc_separator wpb_content_element vc_separator_align_center vc_sep_width_100 vc_sep_border_width_2 vc_sep_pos_align_center vc_separator_no_text vc_sep_color_grey wpb_content_element  wpb_content_element\" ><span class=\"vc_sep_holder vc_sep_holder_l\"><span class=\"vc_sep_line\"><\/span><\/span><span class=\"vc_sep_holder vc_sep_holder_r\"><span class=\"vc_sep_line\"><\/span><\/span>\n<\/div><div class=\"vc_empty_space\"   style=\"height: 20px\"><span class=\"vc_empty_space_inner\"><\/span><\/div>\n\t<div class=\"wpb_text_column wpb_content_element\" >\n\t\t<div class=\"wpb_wrapper\">\n\t\t\t<p><strong>Welche Kompetenzen im Zusammenhang mit digitalen Medien werden in dem Unterrichtsvorhaben entwickelt\/vertieft?<\/strong><br \/>\n<strong>(Stundenziel\/e orientiert am Medienkompetenzrahmen NRW)<\/strong><\/p>\n\n\t\t<\/div>\n\t<\/div>\n<div class=\"vc_empty_space\"   style=\"height: 20px\"><span class=\"vc_empty_space_inner\"><\/span><\/div>\n\t<div class=\"wpb_text_column wpb_content_element\" >\n\t\t<div class=\"wpb_wrapper\">\n\t\t\t<ul>\n<li>Informieren und Recherchieren: F\u00f6rderung durch Rechercheauftr\u00e4ge und Begleitung durch Lernmodul<\/li>\n<li>Kommunizieren und Kooperieren: F\u00f6rderung durch Arbeit in Kleingruppen und kollaboratives Arbeiten an gemeinsamen Produkten (Recherche, Kategorisierung, Kriterienentwicklung, Pr\u00e4sentation)<\/li>\n<li>Produzieren und Pr\u00e4sentieren: F\u00f6rderung durch Produktion einer eigenen Falschmeldung, Pr\u00e4sentation der Ergebnisse und Konzeption von der Biparcour-Aufbereitung<\/li>\n<li>Analysieren und Reflektieren: F\u00f6rderung durch Analyse von Informationen (Steckbrief, Aufbereitung) und eigenst\u00e4ndige<\/li>\n<li>Kriterienentwicklung zum Entlarven von Fake News<\/li>\n<li>Probleml\u00f6sen und Modellieren: teilweise F\u00f6rderung durch Entwicklung eigener Konzepte in Biparcour<\/li>\n<\/ul>\n\n\t\t<\/div>\n\t<\/div>\n<div class=\"vc_empty_space\"   style=\"height: 20px\"><span class=\"vc_empty_space_inner\"><\/span><\/div><div class=\"vc_separator wpb_content_element vc_separator_align_center vc_sep_width_100 vc_sep_border_width_2 vc_sep_pos_align_center vc_separator_no_text vc_sep_color_grey wpb_content_element  wpb_content_element\" ><span class=\"vc_sep_holder vc_sep_holder_l\"><span class=\"vc_sep_line\"><\/span><\/span><span class=\"vc_sep_holder vc_sep_holder_r\"><span class=\"vc_sep_line\"><\/span><\/span>\n<\/div><div class=\"vc_empty_space\"   style=\"height: 20px\"><span class=\"vc_empty_space_inner\"><\/span><\/div>\n\t<div class=\"wpb_text_column wpb_content_element\" >\n\t\t<div class=\"wpb_wrapper\">\n\t\t\t<p><strong>Welche rechtlichen Aspekte m\u00fcssen bei diesem Unterrichtsvorhaben beachtet werden?<\/strong><br \/>\n<strong>(Urheberschutz, Datenschutz, Schulordnung etc.)<\/strong><\/p>\n\n\t\t<\/div>\n\t<\/div>\n<div class=\"vc_empty_space\"   style=\"height: 20px\"><span class=\"vc_empty_space_inner\"><\/span><\/div>\n\t<div class=\"wpb_text_column wpb_content_element\" >\n\t\t<div class=\"wpb_wrapper\">\n\t\t\t<ul>\n<li>OER-Material verwenden<\/li>\n<li>Quellen angeben<\/li>\n<li>Datenschutzrechtlich unbedenkliche Tools verwenden<\/li>\n<\/ul>\n\n\t\t<\/div>\n\t<\/div>\n<\/div><\/div><\/div><\/div>\n<\/div>","protected":false},"excerpt":{"rendered":"Analyse der Lernbedingungen bzgl. Digitalisierung Wie ist die Ausstattung der Schule mit digitalen Medien in Bezug auf das Unterrichtsvorhaben? (Analyse der technischen Voraussetzungen der Ausbildungsschule) Die Schule ist mit 3 PC-R\u00e4umen mit jeweils 20 PCs ausgestattet. Alle Sch\u00fcler*innen haben eigene &hellip;","protected":false},"author":31,"featured_media":0,"parent":0,"menu_order":0,"template":"","meta":{"_acf_changed":false},"categories":[212,215],"tags":[],"kooperation":[],"licence":[596],"mitwirkende":[],"class_list":["post-26250","online-kurs","type-online-kurs","status-publish","hentry","category-praxissemester-digital","category-zusaetzliche-materialien","licence-cc-by-sa"],"acf":[],"yoast_head":"<!-- This site is optimized with the Yoast SEO plugin v27.1.1 - https:\/\/yoast.com\/product\/yoast-seo-wordpress\/ -->\n<title>Analyse der Lernbedingungen bzgl. Digitalisierung - ZfL Lernen<\/title>\n<meta name=\"robots\" content=\"index, follow, max-snippet:-1, max-image-preview:large, max-video-preview:-1\" \/>\n<link rel=\"canonical\" href=\"https:\/\/zfl-lernen.de\/en\/online-kurs\/analyse-der-lernbedingungen-bzgl-digitalisierung\/\" \/>\n<meta property=\"og:locale\" content=\"en_US\" \/>\n<meta property=\"og:type\" content=\"article\" \/>\n<meta property=\"og:title\" content=\"Analyse der Lernbedingungen bzgl. Digitalisierung - ZfL Lernen\" \/>\n<meta property=\"og:url\" content=\"https:\/\/zfl-lernen.de\/en\/online-kurs\/analyse-der-lernbedingungen-bzgl-digitalisierung\/\" \/>\n<meta property=\"og:site_name\" content=\"ZfL Lernen\" \/>\n<meta property=\"article:publisher\" content=\"https:\/\/www.facebook.com\/zflkoeln\" \/>\n<meta property=\"article:modified_time\" content=\"2025-07-31T08:49:56+00:00\" \/>\n<meta property=\"og:image\" content=\"https:\/\/zfl-lernen.de\/wp-content\/uploads\/zfl-logo_neu-1.png\" \/>\n\t<meta property=\"og:image:width\" content=\"300\" \/>\n\t<meta property=\"og:image:height\" content=\"161\" \/>\n\t<meta property=\"og:image:type\" content=\"image\/png\" \/>\n<meta name=\"twitter:card\" content=\"summary_large_image\" \/>\n<meta name=\"twitter:site\" content=\"@Lehrer_innen\" \/>\n<meta name=\"twitter:label1\" content=\"Est. reading time\" \/>\n\t<meta name=\"twitter:data1\" content=\"2 minutes\" \/>\n<script type=\"application\/ld+json\" class=\"yoast-schema-graph\">{\"@context\":\"https:\/\/schema.org\",\"@graph\":[{\"@type\":\"WebPage\",\"@id\":\"https:\/\/zfl-lernen.de\/online-kurs\/analyse-der-lernbedingungen-bzgl-digitalisierung\/\",\"url\":\"https:\/\/zfl-lernen.de\/online-kurs\/analyse-der-lernbedingungen-bzgl-digitalisierung\/\",\"name\":\"Analyse der Lernbedingungen bzgl. Digitalisierung - ZfL Lernen\",\"isPartOf\":{\"@id\":\"https:\/\/zfl-lernen.de\/#website\"},\"datePublished\":\"2020-04-22T12:49:33+00:00\",\"dateModified\":\"2025-07-31T08:49:56+00:00\",\"breadcrumb\":{\"@id\":\"https:\/\/zfl-lernen.de\/online-kurs\/analyse-der-lernbedingungen-bzgl-digitalisierung\/#breadcrumb\"},\"inLanguage\":\"en-US\",\"potentialAction\":[{\"@type\":\"ReadAction\",\"target\":[\"https:\/\/zfl-lernen.de\/online-kurs\/analyse-der-lernbedingungen-bzgl-digitalisierung\/\"]}]},{\"@type\":\"BreadcrumbList\",\"@id\":\"https:\/\/zfl-lernen.de\/online-kurs\/analyse-der-lernbedingungen-bzgl-digitalisierung\/#breadcrumb\",\"itemListElement\":[{\"@type\":\"ListItem\",\"position\":1,\"name\":\"Startseite\",\"item\":\"https:\/\/zfl-lernen.de\/\"},{\"@type\":\"ListItem\",\"position\":2,\"name\":\"Online-Kurse\",\"item\":\"https:\/\/zfl-lernen.de\/online-kurs\/\"},{\"@type\":\"ListItem\",\"position\":3,\"name\":\"Analyse der Lernbedingungen bzgl. Digitalisierung\"}]},{\"@type\":\"WebSite\",\"@id\":\"https:\/\/zfl-lernen.de\/#website\",\"url\":\"https:\/\/zfl-lernen.de\/\",\"name\":\"ZfL Lernen\",\"description\":\"ZfL Offene Bildungsangebote\",\"potentialAction\":[{\"@type\":\"SearchAction\",\"target\":{\"@type\":\"EntryPoint\",\"urlTemplate\":\"https:\/\/zfl-lernen.de\/?s={search_term_string}\"},\"query-input\":{\"@type\":\"PropertyValueSpecification\",\"valueRequired\":true,\"valueName\":\"search_term_string\"}}],\"inLanguage\":\"en-US\"}]}<\/script>\n<!-- \/ Yoast SEO plugin. -->","yoast_head_json":{"title":"Analyse der Lernbedingungen bzgl. Digitalisierung - ZfL Lernen","robots":{"index":"index","follow":"follow","max-snippet":"max-snippet:-1","max-image-preview":"max-image-preview:large","max-video-preview":"max-video-preview:-1"},"canonical":"https:\/\/zfl-lernen.de\/en\/online-kurs\/analyse-der-lernbedingungen-bzgl-digitalisierung\/","og_locale":"en_US","og_type":"article","og_title":"Analyse der Lernbedingungen bzgl. Digitalisierung - ZfL Lernen","og_url":"https:\/\/zfl-lernen.de\/en\/online-kurs\/analyse-der-lernbedingungen-bzgl-digitalisierung\/","og_site_name":"ZfL Lernen","article_publisher":"https:\/\/www.facebook.com\/zflkoeln","article_modified_time":"2025-07-31T08:49:56+00:00","og_image":[{"width":300,"height":161,"url":"https:\/\/zfl-lernen.de\/wp-content\/uploads\/zfl-logo_neu-1.png","type":"image\/png"}],"twitter_card":"summary_large_image","twitter_site":"@Lehrer_innen","twitter_misc":{"Est. reading time":"2 minutes"},"schema":{"@context":"https:\/\/schema.org","@graph":[{"@type":"WebPage","@id":"https:\/\/zfl-lernen.de\/online-kurs\/analyse-der-lernbedingungen-bzgl-digitalisierung\/","url":"https:\/\/zfl-lernen.de\/online-kurs\/analyse-der-lernbedingungen-bzgl-digitalisierung\/","name":"Analyse der Lernbedingungen bzgl. Digitalisierung - ZfL Lernen","isPartOf":{"@id":"https:\/\/zfl-lernen.de\/#website"},"datePublished":"2020-04-22T12:49:33+00:00","dateModified":"2025-07-31T08:49:56+00:00","breadcrumb":{"@id":"https:\/\/zfl-lernen.de\/online-kurs\/analyse-der-lernbedingungen-bzgl-digitalisierung\/#breadcrumb"},"inLanguage":"en-US","potentialAction":[{"@type":"ReadAction","target":["https:\/\/zfl-lernen.de\/online-kurs\/analyse-der-lernbedingungen-bzgl-digitalisierung\/"]}]},{"@type":"BreadcrumbList","@id":"https:\/\/zfl-lernen.de\/online-kurs\/analyse-der-lernbedingungen-bzgl-digitalisierung\/#breadcrumb","itemListElement":[{"@type":"ListItem","position":1,"name":"Startseite","item":"https:\/\/zfl-lernen.de\/"},{"@type":"ListItem","position":2,"name":"Online-Kurse","item":"https:\/\/zfl-lernen.de\/online-kurs\/"},{"@type":"ListItem","position":3,"name":"Analyse der Lernbedingungen bzgl. Digitalisierung"}]},{"@type":"WebSite","@id":"https:\/\/zfl-lernen.de\/#website","url":"https:\/\/zfl-lernen.de\/","name":"ZfL Lernen","description":"ZfL Offene Bildungsangebote","potentialAction":[{"@type":"SearchAction","target":{"@type":"EntryPoint","urlTemplate":"https:\/\/zfl-lernen.de\/?s={search_term_string}"},"query-input":{"@type":"PropertyValueSpecification","valueRequired":true,"valueName":"search_term_string"}}],"inLanguage":"en-US"}]}},"_links":{"self":[{"href":"https:\/\/zfl-lernen.de\/en\/wp-json\/wp\/v2\/online-kurs\/26250","targetHints":{"allow":["GET"]}}],"collection":[{"href":"https:\/\/zfl-lernen.de\/en\/wp-json\/wp\/v2\/online-kurs"}],"about":[{"href":"https:\/\/zfl-lernen.de\/en\/wp-json\/wp\/v2\/types\/online-kurs"}],"author":[{"embeddable":true,"href":"https:\/\/zfl-lernen.de\/en\/wp-json\/wp\/v2\/users\/31"}],"wp:attachment":[{"href":"https:\/\/zfl-lernen.de\/en\/wp-json\/wp\/v2\/media?parent=26250"}],"wp:term":[{"taxonomy":"category","embeddable":true,"href":"https:\/\/zfl-lernen.de\/en\/wp-json\/wp\/v2\/categories?post=26250"},{"taxonomy":"post_tag","embeddable":true,"href":"https:\/\/zfl-lernen.de\/en\/wp-json\/wp\/v2\/tags?post=26250"},{"taxonomy":"kooperation","embeddable":true,"href":"https:\/\/zfl-lernen.de\/en\/wp-json\/wp\/v2\/kooperation?post=26250"},{"taxonomy":"licence","embeddable":true,"href":"https:\/\/zfl-lernen.de\/en\/wp-json\/wp\/v2\/licence?post=26250"},{"taxonomy":"mitwirkende","embeddable":true,"href":"https:\/\/zfl-lernen.de\/en\/wp-json\/wp\/v2\/mitwirkende?post=26250"}],"curies":[{"name":"wp","href":"https:\/\/api.w.org\/{rel}","templated":true}]}}