{"id":48958,"date":"2021-07-13T15:19:43","date_gmt":"2021-07-13T13:19:43","guid":{"rendered":"https:\/\/zfl-lernen.de\/?page_id=48958"},"modified":"2024-04-26T10:36:53","modified_gmt":"2024-04-26T08:36:53","slug":"was-tun","status":"publish","type":"online-kurs","link":"https:\/\/zfl-lernen.de\/en\/online-kurs\/big-data-literacy\/was-tun\/","title":{"rendered":"Was kann ich tun?"},"content":{"rendered":"<div class=\"wpb-content-wrapper\"><div class=\"vc_row wpb_row vc_row-fluid\"><div class=\"wpb_column vc_column_container vc_col-sm-12\"><div class=\"vc_column-inner\"><div class=\"wpb_wrapper\">\n\t<div class=\"wpb_text_column wpb_content_element\" >\n\t\t<div class=\"wpb_wrapper\">\n\t\t\t<div>\n<h2>Was kann ich\u00a0tun?<\/h2>\n<\/div>\n\n\t\t<\/div>\n\t<\/div>\n<div class=\"vc_empty_space\"   style=\"height: 32px\"><span class=\"vc_empty_space_inner\"><\/span><\/div><div class=\"vc_row wpb_row vc_inner vc_row-fluid\"><div class=\"wpb_column vc_column_container vc_col-sm-3\"><div class=\"vc_column-inner\"><div class=\"wpb_wrapper\"><div class=\"vc_empty_space\"   style=\"height: 32px\"><span class=\"vc_empty_space_inner\"><\/span><\/div><div class=\"vc_icon_element vc_icon_element-outer vc_do_icon vc_icon_element-align-center\"><div class=\"vc_icon_element-inner vc_icon_element-color-purple vc_icon_element-size-xl vc_icon_element-style- vc_icon_element-background-color-grey\" ><span class=\"vc_icon_element-icon far fa-hand-paper\" ><\/span><\/div><\/div><\/div><\/div><\/div><div class=\"wpb_column vc_column_container vc_col-sm-9\"><div class=\"vc_column-inner\"><div class=\"wpb_wrapper\">\n\t<div class=\"wpb_text_column wpb_content_element\" >\n\t\t<div class=\"wpb_wrapper\">\n\t\t\t<p>Am Ende dieses Lernmoduls stellt sich die Frage, was man als Einzelperson im Hinblick auf diese gesellschaftlichen Entwicklungen der Datafizierung und Algorithmisierung tun kann. Antworten auf diese Frage ergeben sich sicherlich aus der jeweiligen Rolle und der Situation &#8211; ob als Lehrkraft an einer Schule, als Verbraucher beim Online-Shopping oder als politisch interessierte B\u00fcrgerin auf den Social-Media-Kan\u00e4len. Allen gemein ist die Herausforderung, auf Grundlage einer Big Data Literacy in der jeweiligen Situation kritisch reflektieren und handeln zu k\u00f6nnen. Vor dem Hintergrund m\u00e4chtiger Internetkonzerne, unkontrollierbarer Datenanalysen und komplexer Technologien stellt sich nicht selten ein Gef\u00fchl der Ohnmacht in dystopischen \u00dcberwachungsszenarien ein. Was kann man tun, um eine digitale Umwelt, in der wir leben, mitzugestalten? F\u00e4ngt man beim Selbstdatenschutz an und erlernt digitale Selbstverteidigung?<\/p>\n\n\t\t<\/div>\n\t<\/div>\n<div class=\"vc_empty_space\"   style=\"height: 20px\"><span class=\"vc_empty_space_inner\"><\/span><\/div><\/div><\/div><\/div><\/div><div class=\"vc_row wpb_row vc_inner vc_row-fluid\"><div class=\"wpb_column vc_column_container vc_col-sm-2\"><div class=\"vc_column-inner\"><div class=\"wpb_wrapper\"><div class=\"vc_icon_element vc_icon_element-outer vc_do_icon vc_icon_element-align-right vc_icon_element-have-style\"><div class=\"vc_icon_element-inner vc_icon_element-color-white vc_icon_element-have-style-inner vc_icon_element-size-md vc_icon_element-style-rounded vc_icon_element-background vc_icon_element-background-color-black\" ><span class=\"vc_icon_element-icon fas fa-sort-alpha-down\" ><\/span><\/div><\/div><\/div><\/div><\/div><div class=\"wpb_column vc_column_container vc_col-sm-10\"><div class=\"vc_column-inner\"><div class=\"wpb_wrapper\">\n\t<div class=\"wpb_text_column wpb_content_element\" >\n\t\t<div class=\"wpb_wrapper\">\n\t\t\t<div><\/div>\n<p><em><strong><a href=\"https:\/\/www.bigdataliteracy.net\/glossar\/?rdp_we_resource=https%3A%2F%2Fwww.ds-glossar.de%2Fwiki%2FDigitale_Selbstverteidigung\" target=\"_blank\" rel=\"noopener\">Digitale Selbstverteidigung<\/a><\/strong> &#8211; Dieser Glossareintrag erl\u00e4utert ausf\u00fchrlich die Hintergr\u00fcnde dieses Konzepts, bei dem es um verschiedene defensive und offensive Strategien und Praktiken zur Abwehr unerw\u00fcnschter digitaler Datenerfassung oder \u00dcberwachung geht.<\/em><\/p>\n<div><\/div>\n\n\t\t<\/div>\n\t<\/div>\n<\/div><\/div><\/div><\/div><div class=\"vc_row wpb_row vc_inner vc_row-fluid\"><div class=\"wpb_column vc_column_container vc_col-sm-2\"><div class=\"vc_column-inner\"><div class=\"wpb_wrapper\"><div class=\"vc_icon_element vc_icon_element-outer vc_do_icon vc_icon_element-align-right vc_icon_element-have-style\"><div class=\"vc_icon_element-inner vc_icon_element-color-white vc_icon_element-have-style-inner vc_icon_element-size-md vc_icon_element-style-rounded vc_icon_element-background vc_icon_element-background-color-black\" ><span class=\"vc_icon_element-icon fas fa-magic\" ><\/span><\/div><\/div><\/div><\/div><\/div><div class=\"wpb_column vc_column_container vc_col-sm-6\"><div class=\"vc_column-inner\"><div class=\"wpb_wrapper\">\n\t<div class=\"wpb_text_column wpb_content_element\" >\n\t\t<div class=\"wpb_wrapper\">\n\t\t\t<p><em>Das <strong><a href=\"https:\/\/www.bigdataliteracy.net\/2020\/11\/18\/data-detox-kit\/\" target=\"_blank\" rel=\"noopener\">DATA DETOX KIT<\/a> <\/strong>bietet &#8222;Allt\u00e4gliche Schritte, mit denen Du Deine digitale Privatsph\u00e4re, Sicherheit und Wohlbefinden kontrollieren kannst, und die zu Dir passen&#8220;.<\/em><\/p>\n\n\t\t<\/div>\n\t<\/div>\n<\/div><\/div><\/div><div class=\"wpb_column vc_column_container vc_col-sm-4\"><div class=\"vc_column-inner\"><div class=\"wpb_wrapper\">\n\t<div  class=\"wpb_single_image wpb_content_element vc_align_left wpb_content_element\">\n\t\t\n\t\t<figure class=\"wpb_wrapper vc_figure\">\n\t\t\t<a href=\"https:\/\/www.bigdataliteracy.net\/2020\/11\/18\/data-detox-kit\/\" target=\"_blank\" class=\"vc_single_image-wrapper   vc_box_border_grey\"><img loading=\"lazy\" decoding=\"async\" width=\"300\" height=\"200\" src=\"https:\/\/zfl-lernen.de\/wp-content\/uploads\/sigmund-EJe6LqEjHpA-unsplash-scaled-300x200.jpg\" class=\"vc_single_image-img attachment-medium\" alt=\"\" title=\"BiDaLL_Wastun_Detoxkit\" srcset=\"https:\/\/zfl-lernen.de\/wp-content\/uploads\/sigmund-EJe6LqEjHpA-unsplash-scaled-300x200.jpg 300w, https:\/\/zfl-lernen.de\/wp-content\/uploads\/sigmund-EJe6LqEjHpA-unsplash-scaled-1024x683.jpg 1024w, https:\/\/zfl-lernen.de\/wp-content\/uploads\/sigmund-EJe6LqEjHpA-unsplash-768x512.jpg 768w, https:\/\/zfl-lernen.de\/wp-content\/uploads\/sigmund-EJe6LqEjHpA-unsplash-scaled-1536x1024.jpg 1536w, https:\/\/zfl-lernen.de\/wp-content\/uploads\/sigmund-EJe6LqEjHpA-unsplash-scaled-2048x1366.jpg 2048w\" sizes=\"auto, (max-width: 300px) 100vw, 300px\" \/><\/a>\n\t\t<\/figure>\n\t<\/div>\n\n\t<div class=\"wpb_text_column wpb_content_element\" >\n\t\t<div class=\"wpb_wrapper\">\n\t\t\t<p><em><sup class=\"sup\">Foto: Sigmund von Unsplash<\/sup><\/em><\/p>\n\n\t\t<\/div>\n\t<\/div>\n<\/div><\/div><\/div><\/div><div class=\"vc_row wpb_row vc_inner vc_row-fluid\"><div class=\"wpb_column vc_column_container vc_col-sm-2\"><div class=\"vc_column-inner\"><div class=\"wpb_wrapper\"><div class=\"vc_icon_element vc_icon_element-outer vc_do_icon vc_icon_element-align-right vc_icon_element-have-style\"><div class=\"vc_icon_element-inner vc_icon_element-color-white vc_icon_element-have-style-inner vc_icon_element-size-md vc_icon_element-style-rounded vc_icon_element-background vc_icon_element-background-color-black\" ><span class=\"vc_icon_element-icon fas fa-external-link-alt\" ><\/span><\/div><\/div><\/div><\/div><\/div><div class=\"wpb_column vc_column_container vc_col-sm-10\"><div class=\"vc_column-inner\"><div class=\"wpb_wrapper\">\n\t<div class=\"wpb_text_column wpb_content_element\" >\n\t\t<div class=\"wpb_wrapper\">\n\t\t\t<div><strong>Weitere Angebote zum Thema:<\/strong><\/div>\n<ul>\n<li>Antworten auf die Frage <strong><a href=\"http:\/\/bigdata.jfc.info\/aktiv-werden.html\" target=\"_blank\" rel=\"noopener\">&#8222;Wie k\u00f6nnen wir aktiv werden?&#8220;<\/a><\/strong>\u00a0liefert auch das Big Data Lernmodul des jfc: von der digitalen Selbstverteidigung bis hin zum politischen Engagement&#8230;<\/li>\n<li>Das interaktive <strong><a href=\"https:\/\/map.derkontext.com\/digitale-selbstverteidigung\" target=\"_blank\" rel=\"noopener\">Web-Angebot &#8222;Der Kontext&#8220;<\/a><\/strong> bietet eine landkartenartige Ansicht \u00fcber Themen und Debatten rund um die digitale Selbstverteidigung.<\/li>\n<\/ul>\n\n\t\t<\/div>\n\t<\/div>\n<\/div><\/div><\/div><\/div><div class=\"vc_row wpb_row vc_inner vc_row-fluid\"><div class=\"wpb_column vc_column_container vc_col-sm-12\"><div class=\"vc_column-inner\"><div class=\"wpb_wrapper\">\n\t<div class=\"wpb_text_column wpb_content_element\" >\n\t\t<div class=\"wpb_wrapper\">\n\t\t\t<p>Aus einer Bildungsperspektive geht es bei Big Data Literacy um ein neu zu schn\u00fcrendes B\u00fcndel unterschiedlicher Wissensbest\u00e4nde, kritischer Reflexionen und praktischer Fertigkeiten. Hintergrundwissen aus der Informatik und der Statistik \u00fcber Daten und Algorithmen gilt es zu verbinden mit wirtschaftlichen Einsichten in den Datenkapitalismus, mit ethischen Reflexionen \u00fcber Diskriminierungen, mit psychologischen Kenntnissen \u00fcber menschliche Manipulierbarkeit, mit rechtlichen und praktischen Datenschutzkenntnissen sowie politischen Fragen der Regulierung und Machtkonzentration.<\/p>\n<p>Geeignete Lernangebote, wie sie in diesem Kurs zusammengestellt wurden, k\u00f6nnen f\u00fcr die Datafizierung unserer Gesellschaft sensibilisieren und Elemente dieses B\u00fcndels an Kenntnissen, F\u00e4hig- und Fertigkeiten f\u00f6rdern. Dann gilt es eine selbstbestimmte Position im Umgang mit Daten in einer datafizierten Gesellschaft zu finden und immer wieder neu zu reflektieren. Eine &#8218;digitale Aufkl\u00e4rung&#8216; darf aber nicht auf der individuellen Handlungsebene stehen bleiben,\u00a0 sondern erfordert auch eine politische und gesellschaftliche Gestaltungsperspektive.<\/p>\n\n\t\t<\/div>\n\t<\/div>\n<\/div><\/div><\/div><\/div><div class=\"vc_row wpb_row vc_inner vc_row-fluid\"><div class=\"wpb_column vc_column_container vc_col-sm-2\"><div class=\"vc_column-inner\"><div class=\"wpb_wrapper\"><div class=\"vc_icon_element vc_icon_element-outer vc_do_icon vc_icon_element-align-right vc_icon_element-have-style\"><div class=\"vc_icon_element-inner vc_icon_element-color-white vc_icon_element-have-style-inner vc_icon_element-size-md vc_icon_element-style-rounded vc_icon_element-background vc_icon_element-background-color-black\" ><span class=\"vc_icon_element-icon fas fa-external-link-alt\" ><\/span><\/div><\/div><\/div><\/div><\/div><div class=\"wpb_column vc_column_container vc_col-sm-10\"><div class=\"vc_column-inner\"><div class=\"wpb_wrapper\">\n\t<div class=\"wpb_text_column wpb_content_element\" >\n\t\t<div class=\"wpb_wrapper\">\n\t\t\t<div><strong>Wenn Sie selbst im Bildungsbereich arbeiten:<\/strong><\/div>\n<div><\/div>\n<ul>\n<li>Die Initiative <a href=\"https:\/\/unblackthebox.org\/die-alternative-checkliste\/\" target=\"_blank\" rel=\"noopener\"><strong>UNBLACK THE BOX<\/strong><\/a> stellt in einer Checkliste 12 Leitfragen zur Diskussion, die zu einer kritischen und selbstbestimmten Nutzung von Digitaltechnologien in der Bildung beitragen soll.<\/li>\n<\/ul>\n\n\t\t<\/div>\n\t<\/div>\n<\/div><\/div><\/div><\/div><div class=\"vc_row wpb_row vc_inner vc_row-fluid\"><div class=\"wpb_column vc_column_container vc_col-sm-2\"><div class=\"vc_column-inner\"><div class=\"wpb_wrapper\"><div class=\"vc_icon_element vc_icon_element-outer vc_do_icon vc_icon_element-align-right vc_icon_element-have-style\"><div class=\"vc_icon_element-inner vc_icon_element-color-white vc_icon_element-have-style-inner vc_icon_element-size-md vc_icon_element-style-rounded vc_icon_element-background vc_icon_element-background-color-black\" ><span class=\"vc_icon_element-icon fas fa-external-link-alt\" ><\/span><\/div><\/div><\/div><\/div><\/div><div class=\"wpb_column vc_column_container vc_col-sm-10\"><div class=\"vc_column-inner\"><div class=\"wpb_wrapper\">\n\t<div class=\"wpb_text_column wpb_content_element\" >\n\t\t<div class=\"wpb_wrapper\">\n\t\t\t<p><strong>Literaturempfehlung: <\/strong><\/p>\n<ul>\n<li>Ein Diskussionspapier: Medienbildung und Datafizierung: <a href=\"https:\/\/www.keine-bildung-ohne-medien.de\/wp-content\/uploads\/2017\/10\/bigdata_diskussionspapier_gmk_kbom.pdf\" target=\"_blank\" rel=\"noopener\"><strong>&#8222;Digitale Datenerhebung und -verwertung als Herausforderung f\u00fcr Medienbildung und Gesellschaft<\/strong>&#8222;<\/a> &#8211; Das Diskussionspapier wurde 2016 ver\u00f6ffentlicht, &#8222;um die Diskussion \u00fcber einen sozialen und demokratisch verantwortungsvollen Umgang mit der fortschreitenden &#8218;Datafizierung&#8216; der Gesellschaft zu bef\u00f6rdern&#8220;.<\/li>\n<\/ul>\n\n\t\t<\/div>\n\t<\/div>\n<\/div><\/div><\/div><\/div><\/div><\/div><\/div><\/div><div class=\"vc_row wpb_row vc_row-fluid\"><div class=\"wpb_column vc_column_container vc_col-sm-3\"><div class=\"vc_column-inner\"><div class=\"wpb_wrapper\"><\/div><\/div><\/div><div class=\"wpb_column vc_column_container vc_col-sm-6\"><div class=\"vc_column-inner\"><div class=\"wpb_wrapper\"><div class=\"vc_btn3-container vc_btn3-center vc_do_btn\" ><a class=\"vc_general vc_btn3 vc_btn3-size-md vc_btn3-shape-rounded vc_btn3-style-flat vc_btn3-block vc_btn3-icon-left vc_btn3-color-black\" href=\"https:\/\/zfl-lernen.de\/en\/big-data-literacy\/stories\/\" title=\"Stories f\u00fcr die Schule\"><i class=\"vc_btn3-icon fas fa-quote-left\"><\/i> Stories f\u00fcr die Schule<\/a><\/div><\/div><\/div><\/div><div class=\"wpb_column vc_column_container vc_col-sm-3\"><div class=\"vc_column-inner\"><div class=\"wpb_wrapper\"><\/div><\/div><\/div><\/div>\n<\/div>","protected":false},"excerpt":{"rendered":"Was kann ich\u00a0tun? Am Ende dieses Lernmoduls stellt sich die Frage, was man als Einzelperson im Hinblick auf diese gesellschaftlichen Entwicklungen der Datafizierung und Algorithmisierung tun kann. Antworten auf diese Frage ergeben sich sicherlich aus der jeweiligen Rolle und der &hellip;","protected":false},"author":55,"featured_media":0,"parent":45507,"menu_order":0,"template":"","meta":{"_acf_changed":false},"categories":[661],"tags":[],"kooperation":[],"licence":[596],"mitwirkende":[],"class_list":["post-48958","online-kurs","type-online-kurs","status-publish","hentry","category-big-data-literacy","licence-cc-by-sa"],"acf":[],"yoast_head":"<!-- This site is optimized with the Yoast SEO plugin v27.1.1 - https:\/\/yoast.com\/product\/yoast-seo-wordpress\/ -->\n<title>Was kann ich tun? - ZfL Lernen<\/title>\n<meta name=\"robots\" content=\"index, follow, max-snippet:-1, max-image-preview:large, max-video-preview:-1\" \/>\n<link rel=\"canonical\" href=\"https:\/\/zfl-lernen.de\/en\/online-kurs\/big-data-literacy\/was-tun\/\" \/>\n<meta property=\"og:locale\" content=\"en_US\" \/>\n<meta property=\"og:type\" content=\"article\" \/>\n<meta property=\"og:title\" content=\"Was kann ich tun? - ZfL Lernen\" \/>\n<meta property=\"og:url\" content=\"https:\/\/zfl-lernen.de\/en\/online-kurs\/big-data-literacy\/was-tun\/\" \/>\n<meta property=\"og:site_name\" content=\"ZfL Lernen\" \/>\n<meta property=\"article:publisher\" content=\"https:\/\/www.facebook.com\/zflkoeln\" \/>\n<meta property=\"article:modified_time\" content=\"2024-04-26T08:36:53+00:00\" \/>\n<meta property=\"og:image\" content=\"https:\/\/zfl-lernen.de\/wp-content\/uploads\/zfl-logo_neu-1.png\" \/>\n\t<meta property=\"og:image:width\" content=\"300\" \/>\n\t<meta property=\"og:image:height\" content=\"161\" \/>\n\t<meta property=\"og:image:type\" content=\"image\/png\" \/>\n<meta name=\"twitter:card\" content=\"summary_large_image\" \/>\n<meta name=\"twitter:site\" content=\"@Lehrer_innen\" \/>\n<meta name=\"twitter:label1\" content=\"Est. reading time\" \/>\n\t<meta name=\"twitter:data1\" content=\"4 minutes\" \/>\n<script type=\"application\/ld+json\" class=\"yoast-schema-graph\">{\"@context\":\"https:\/\/schema.org\",\"@graph\":[{\"@type\":\"WebPage\",\"@id\":\"https:\/\/zfl-lernen.de\/online-kurs\/big-data-literacy\/was-tun\/\",\"url\":\"https:\/\/zfl-lernen.de\/online-kurs\/big-data-literacy\/was-tun\/\",\"name\":\"Was kann ich tun? - ZfL Lernen\",\"isPartOf\":{\"@id\":\"https:\/\/zfl-lernen.de\/#website\"},\"datePublished\":\"2021-07-13T13:19:43+00:00\",\"dateModified\":\"2024-04-26T08:36:53+00:00\",\"breadcrumb\":{\"@id\":\"https:\/\/zfl-lernen.de\/online-kurs\/big-data-literacy\/was-tun\/#breadcrumb\"},\"inLanguage\":\"en-US\",\"potentialAction\":[{\"@type\":\"ReadAction\",\"target\":[\"https:\/\/zfl-lernen.de\/online-kurs\/big-data-literacy\/was-tun\/\"]}]},{\"@type\":\"BreadcrumbList\",\"@id\":\"https:\/\/zfl-lernen.de\/online-kurs\/big-data-literacy\/was-tun\/#breadcrumb\",\"itemListElement\":[{\"@type\":\"ListItem\",\"position\":1,\"name\":\"Startseite\",\"item\":\"https:\/\/zfl-lernen.de\/\"},{\"@type\":\"ListItem\",\"position\":2,\"name\":\"Online-Kurse\",\"item\":\"https:\/\/zfl-lernen.de\/online-kurs\/\"},{\"@type\":\"ListItem\",\"position\":3,\"name\":\"Big Data Literacy\",\"item\":\"https:\/\/zfl-lernen.de\/online-kurs\/big-data-literacy\/\"},{\"@type\":\"ListItem\",\"position\":4,\"name\":\"Was kann ich tun?\"}]},{\"@type\":\"WebSite\",\"@id\":\"https:\/\/zfl-lernen.de\/#website\",\"url\":\"https:\/\/zfl-lernen.de\/\",\"name\":\"ZfL Lernen\",\"description\":\"ZfL Offene Bildungsangebote\",\"potentialAction\":[{\"@type\":\"SearchAction\",\"target\":{\"@type\":\"EntryPoint\",\"urlTemplate\":\"https:\/\/zfl-lernen.de\/?s={search_term_string}\"},\"query-input\":{\"@type\":\"PropertyValueSpecification\",\"valueRequired\":true,\"valueName\":\"search_term_string\"}}],\"inLanguage\":\"en-US\"}]}<\/script>\n<!-- \/ Yoast SEO plugin. -->","yoast_head_json":{"title":"Was kann ich tun? - ZfL Lernen","robots":{"index":"index","follow":"follow","max-snippet":"max-snippet:-1","max-image-preview":"max-image-preview:large","max-video-preview":"max-video-preview:-1"},"canonical":"https:\/\/zfl-lernen.de\/en\/online-kurs\/big-data-literacy\/was-tun\/","og_locale":"en_US","og_type":"article","og_title":"Was kann ich tun? - ZfL Lernen","og_url":"https:\/\/zfl-lernen.de\/en\/online-kurs\/big-data-literacy\/was-tun\/","og_site_name":"ZfL Lernen","article_publisher":"https:\/\/www.facebook.com\/zflkoeln","article_modified_time":"2024-04-26T08:36:53+00:00","og_image":[{"width":300,"height":161,"url":"https:\/\/zfl-lernen.de\/wp-content\/uploads\/zfl-logo_neu-1.png","type":"image\/png"}],"twitter_card":"summary_large_image","twitter_site":"@Lehrer_innen","twitter_misc":{"Est. reading time":"4 minutes"},"schema":{"@context":"https:\/\/schema.org","@graph":[{"@type":"WebPage","@id":"https:\/\/zfl-lernen.de\/online-kurs\/big-data-literacy\/was-tun\/","url":"https:\/\/zfl-lernen.de\/online-kurs\/big-data-literacy\/was-tun\/","name":"Was kann ich tun? - ZfL Lernen","isPartOf":{"@id":"https:\/\/zfl-lernen.de\/#website"},"datePublished":"2021-07-13T13:19:43+00:00","dateModified":"2024-04-26T08:36:53+00:00","breadcrumb":{"@id":"https:\/\/zfl-lernen.de\/online-kurs\/big-data-literacy\/was-tun\/#breadcrumb"},"inLanguage":"en-US","potentialAction":[{"@type":"ReadAction","target":["https:\/\/zfl-lernen.de\/online-kurs\/big-data-literacy\/was-tun\/"]}]},{"@type":"BreadcrumbList","@id":"https:\/\/zfl-lernen.de\/online-kurs\/big-data-literacy\/was-tun\/#breadcrumb","itemListElement":[{"@type":"ListItem","position":1,"name":"Startseite","item":"https:\/\/zfl-lernen.de\/"},{"@type":"ListItem","position":2,"name":"Online-Kurse","item":"https:\/\/zfl-lernen.de\/online-kurs\/"},{"@type":"ListItem","position":3,"name":"Big Data Literacy","item":"https:\/\/zfl-lernen.de\/online-kurs\/big-data-literacy\/"},{"@type":"ListItem","position":4,"name":"Was kann ich tun?"}]},{"@type":"WebSite","@id":"https:\/\/zfl-lernen.de\/#website","url":"https:\/\/zfl-lernen.de\/","name":"ZfL Lernen","description":"ZfL Offene Bildungsangebote","potentialAction":[{"@type":"SearchAction","target":{"@type":"EntryPoint","urlTemplate":"https:\/\/zfl-lernen.de\/?s={search_term_string}"},"query-input":{"@type":"PropertyValueSpecification","valueRequired":true,"valueName":"search_term_string"}}],"inLanguage":"en-US"}]}},"_links":{"self":[{"href":"https:\/\/zfl-lernen.de\/en\/wp-json\/wp\/v2\/online-kurs\/48958","targetHints":{"allow":["GET"]}}],"collection":[{"href":"https:\/\/zfl-lernen.de\/en\/wp-json\/wp\/v2\/online-kurs"}],"about":[{"href":"https:\/\/zfl-lernen.de\/en\/wp-json\/wp\/v2\/types\/online-kurs"}],"author":[{"embeddable":true,"href":"https:\/\/zfl-lernen.de\/en\/wp-json\/wp\/v2\/users\/55"}],"up":[{"embeddable":true,"href":"https:\/\/zfl-lernen.de\/en\/wp-json\/wp\/v2\/online-kurs\/45507"}],"wp:attachment":[{"href":"https:\/\/zfl-lernen.de\/en\/wp-json\/wp\/v2\/media?parent=48958"}],"wp:term":[{"taxonomy":"category","embeddable":true,"href":"https:\/\/zfl-lernen.de\/en\/wp-json\/wp\/v2\/categories?post=48958"},{"taxonomy":"post_tag","embeddable":true,"href":"https:\/\/zfl-lernen.de\/en\/wp-json\/wp\/v2\/tags?post=48958"},{"taxonomy":"kooperation","embeddable":true,"href":"https:\/\/zfl-lernen.de\/en\/wp-json\/wp\/v2\/kooperation?post=48958"},{"taxonomy":"licence","embeddable":true,"href":"https:\/\/zfl-lernen.de\/en\/wp-json\/wp\/v2\/licence?post=48958"},{"taxonomy":"mitwirkende","embeddable":true,"href":"https:\/\/zfl-lernen.de\/en\/wp-json\/wp\/v2\/mitwirkende?post=48958"}],"curies":[{"name":"wp","href":"https:\/\/api.w.org\/{rel}","templated":true}]}}