{"id":51726,"date":"2021-08-23T08:49:58","date_gmt":"2021-08-23T06:49:58","guid":{"rendered":"https:\/\/zfl-lernen.de\/?page_id=51726"},"modified":"2026-04-13T11:17:56","modified_gmt":"2026-04-13T09:17:56","slug":"diversitaet-in-der-schule-2","status":"publish","type":"online-kurs","link":"https:\/\/zfl-lernen.de\/en\/online-kurs\/praxisphasentransparenz\/eop-digitaler-begleitkurs\/wahlthemen-eop\/diversitaet-in-der-schule-2\/","title":{"rendered":"EOP-Wahlthema Diversit\u00e4t in der Schule Kopie"},"content":{"rendered":"<div class=\"wpb-content-wrapper\"><div class=\"vc_row wpb_row vc_row-fluid\"><div class=\"wpb_column vc_column_container vc_col-sm-12\"><div class=\"vc_column-inner\"><div class=\"wpb_wrapper\">\n\t<div class=\"wpb_text_column wpb_content_element\" >\n\t\t<div class=\"wpb_wrapper\">\n\t\t\t<h2>EOP-Wahlthema: Diversit\u00e4t in der Schule<\/h2>\n\n\t\t<\/div>\n\t<\/div>\n<\/div><\/div><\/div><\/div><div class=\"vc_row wpb_row vc_row-fluid\"><div class=\"wpb_column vc_column_container vc_col-sm-3\"><div class=\"vc_column-inner\"><div class=\"wpb_wrapper\">\n\t<div  class=\"wpb_single_image wpb_content_element vc_align_left wpb_content_element\">\n\t\t\n\t\t<figure class=\"wpb_wrapper vc_figure\">\n\t\t\t<div class=\"vc_single_image-wrapper vc_box_circle  vc_box_border_grey\"><img decoding=\"async\" class=\"vc_single_image-img\" src=\"https:\/\/zfl-lernen.de\/wp-content\/uploads\/ZfL_C_LM_Inklusion-1-200x200.jpg\" width=\"200\" height=\"200\" alt=\"Bild einer Inklusions-Klasse mit Rollstuhlfahrer\" title=\"ZfL_C_LM_Inklusion\" loading=\"lazy\" \/><\/div>\n\t\t<\/figure>\n\t<\/div>\n<div class=\"vc_empty_space\"   style=\"height: 12px\"><span class=\"vc_empty_space_inner\"><\/span><\/div>\n\t<div class=\"wpb_text_column wpb_content_element\" >\n\t\t<div class=\"wpb_wrapper\">\n\t\t\t<p style=\"text-align: center;\"><em><sup class=\"sup\">Foto: Andi Wiland | gesellschaftsbilder.de<\/sup><\/em><\/p>\n\n\t\t<\/div>\n\t<\/div>\n<\/div><\/div><\/div><div class=\"wpb_column vc_column_container vc_col-sm-9\"><div class=\"vc_column-inner\"><div class=\"wpb_wrapper\"><div class=\"vc_empty_space\"   style=\"height: 20px\"><span class=\"vc_empty_space_inner\"><\/span><\/div>\n\t<div class=\"wpb_text_column wpb_content_element\" >\n\t\t<div class=\"wpb_wrapper\">\n\t\t\t<p><strong>Wir freuen uns, dass Sie sich bei der Vorbereitung auf Ihr EOP f\u00fcr das Wahlthema \u201cDiversit\u00e4t in der Schule\u201d entschieden haben.<\/strong><\/p>\n<p>Im Folgenden erhalten Sie einen kurzen \u00dcberblick \u00fcber Ziele, Ablauf und Organisation des Wahlthemas und wie Sie dieses in Ihr Portfolio einbinden.<\/p>\n\n\t\t<\/div>\n\t<\/div>\n<\/div><\/div><\/div><\/div><div class=\"vc_row wpb_row vc_row-fluid\"><div class=\"wpb_column vc_column_container vc_col-sm-12\"><div class=\"vc_column-inner\"><div class=\"wpb_wrapper\">\n\t<div class=\"wpb_text_column wpb_content_element\" id=\"ziele\">\n\t\t<div class=\"wpb_wrapper\">\n\t\t\t<details class=\"dropdown-content-details\">\n<summary class=\"dropdown-content-div\">\n<div class=\"dropdown-content-div\"><img loading=\"lazy\" decoding=\"async\" class=\"dropdown-content-img-course\" src=\"https:\/\/zfl-lernen.de\/wp-content\/uploads\/ico_lernstart.png\" alt=\"\" width=\"250\" height=\"250\" \/>Ziele des Wahlthemas<\/div>\n<\/summary>\n<p>Die Teilnehmenden k\u00f6nnen\u2026<\/p>\n<ul>\n<li style=\"text-align: justify;\">den Diversit\u00e4tsbegriff definieren, seine gesellschaftliche Relevanz erl\u00e4utern und seine Bedeutung f\u00fcr schulisches Lernen beurteilen.<\/li>\n<li style=\"text-align: justify;\">grundlegende Begrifflichkeiten im Zusammenhang mit Diversit\u00e4t erkl\u00e4ren und voneinander abgrenzen.<\/li>\n<li style=\"text-align: justify;\">Diversit\u00e4tsdimensionen benennen und beschreiben, wie diese miteinander interagieren.<\/li>\n<li style=\"text-align: justify;\">Stereotype und Vorurteile unterscheiden und setzen sich mit deren Auswirkungen auf das (schulische) Handeln auseinander.<\/li>\n<li style=\"text-align: justify;\">verschiedene Diskriminierungsformen unterscheiden, kritisch Stellung zu ihrer eigenen gesellschaftlichen Position nehmen und die Auswirkungen auf (ihr) p\u00e4dagogisches Handeln begr\u00fcnden.<\/li>\n<li style=\"text-align: justify;\">institutionelle Diskriminierung im Bildungssystem erkl\u00e4ren und Handlungsbedarfe kritisch einsch\u00e4tzen.<\/li>\n<li style=\"text-align: justify;\">die Bedeutung diversit\u00e4tsbewusster und inklusiver Sprache im schulischen Kontext darstellen sowie sprachliche Ausdrucksweisen im Hinblick auf Machtverh\u00e4ltnisse und Diskriminierung er\u00f6rtern und \u00fcberpr\u00fcfen.<\/li>\n<li style=\"text-align: justify;\">(eigene) Gestaltungsm\u00f6glichkeiten im Umgang mit ausgew\u00e4hlten Diversit\u00e4tsaspekten im schulischen Kontext einordnen, bewerten und eigene Strategien entwerfen.<\/li>\n<\/ul>\n<\/details>\n\n\t\t<\/div>\n\t<\/div>\n<div class=\"vc_row wpb_row vc_inner vc_row-fluid\"><div class=\"wpb_column vc_column_container vc_col-sm-12\"><div class=\"vc_column-inner\"><div class=\"wpb_wrapper\">\n\t<div class=\"wpb_text_column wpb_content_element\" >\n\t\t<div class=\"wpb_wrapper\">\n\t\t\t<details class=\"dropdown-content-details\">\n<summary class=\"dropdown-content-div\">\n<div class=\"dropdown-content-div\"><img loading=\"lazy\" decoding=\"async\" class=\"dropdown-content-img-course\" src=\"https:\/\/zfl-lernen.de\/wp-content\/uploads\/ico_hinweis.png\" alt=\"\" width=\"250\" height=\"250\" \/> Hinweis<\/div>\n<\/summary>\n<p><strong>Bitte beachten Sie:<\/strong><\/p>\n<ul>\n<li style=\"text-align: justify;\">Eine Diskussion zum Thema kann politische Einstellungen ber\u00fchren (bspw. selektives Schulsystem, Umgang mit Zugewanderten usw.)<\/li>\n<li style=\"text-align: justify;\">Die Bewusstmachung pers\u00f6nlich erlebter Diskriminierungserfahrungen in der eigenen Schullaufbahn kann durch die Besch\u00e4ftigung mit dem Thema ausgel\u00f6st werden.<\/li>\n<li style=\"text-align: justify;\">Wir bitten Sie um einen sensiblen Umgang miteinander.<\/li>\n<\/ul>\n<p>Kontaktadressen und Beratungsangebote finden Sie hier:<\/p>\n<ul>\n<li><strong><a href=\"https:\/\/vielfalt.uni-koeln.de\/antidiskriminierung\">https:\/\/vielfalt.uni-koeln.de\/antidiskriminierung<\/a><\/strong><\/li>\n<li><strong><a href=\"https:\/\/zfl.uni-koeln.de\/praxisphasen\/unterstuetzung-bei-diskriminierung\" target=\"_blank\" rel=\"noopener\">https:\/\/zfl.uni-koeln.de\/praxisphasen\/unterstuetzung-bei-diskriminierung<\/a><\/strong><\/li>\n<\/ul>\n<p>Im Weiteren bieten verschiedenen Initiativen und Projekte f\u00fcr Studierende an der Universit\u00e4t zu K\u00f6ln Raum f\u00fcr Themen, mit denen Sie im Rahmen des Wahlthemas in Ber\u00fchrung kommen. Eine \u00dcbersicht finden Sie am Ende dieser Seite im Bereich <strong><a href=\"#ausblickdiversity\">Ausblick.<\/a><\/strong><\/p>\n<\/details>\n\n\t\t<\/div>\n\t<\/div>\n<\/div><\/div><\/div><\/div><\/div><\/div><\/div><\/div><div class=\"vc_row wpb_row vc_row-fluid vc_custom_1760338478920 vc_row-has-fill\"><div class=\"wpb_column vc_column_container vc_col-sm-3\"><div class=\"vc_column-inner\"><div class=\"wpb_wrapper\"><\/div><\/div><\/div><div class=\"wpb_column vc_column_container vc_col-sm-9\"><div class=\"vc_column-inner\"><div class=\"wpb_wrapper\">\n\t<div class=\"wpb_text_column wpb_content_element\" >\n\t\t<div class=\"wpb_wrapper\">\n\t\t\t<p><strong>Inhalts\u00fcbersicht:<\/strong><\/p>\n<ul>\n<li><a href=\"#ziele\"><strong>Ziele<\/strong><\/a><\/li>\n<li><strong><a href=\"#ablauf\">Ablauf des Wahlthemas<\/a><\/strong><\/li>\n<li><strong><a href=\"#vordiversity\">Vor dem Praktikum<\/a><\/strong><\/li>\n<li><strong><a href=\"#w\u00e4hrend\">W\u00e4hrend des Praktikums<\/a><\/strong><\/li>\n<li><strong><a href=\"#nachdiversity\">Nach dem Praktikum<\/a><\/strong><\/li>\n<li><strong><a href=\"#ausblickdiversity\">Ausblick<\/a><\/strong><\/li>\n<li><strong><a href=\"#Hinweise\">Abschlie\u00dfende Hinweise<\/a><\/strong><\/li>\n<\/ul>\n<p>&nbsp;<\/p>\n\n\t\t<\/div>\n\t<\/div>\n<\/div><\/div><\/div><\/div><div class=\"vc_row wpb_row vc_row-fluid\"><div class=\"wpb_column vc_column_container vc_col-sm-12\"><div class=\"vc_column-inner\"><div class=\"wpb_wrapper\"><div class=\"vc_separator wpb_content_element vc_separator_align_center vc_sep_width_100 vc_sep_dotted vc_sep_pos_align_center vc_separator_no_text vc_sep_color_black wpb_content_element  wpb_content_element\" ><span class=\"vc_sep_holder vc_sep_holder_l\"><span class=\"vc_sep_line\"><\/span><\/span><span class=\"vc_sep_holder vc_sep_holder_r\"><span class=\"vc_sep_line\"><\/span><\/span>\n<\/div><div class=\"vc_empty_space\"   style=\"height: 32px\"><span class=\"vc_empty_space_inner\"><\/span><\/div>\n\t<div class=\"wpb_text_column wpb_content_element\" id=\"ablauf\">\n\t\t<div class=\"wpb_wrapper\">\n\t\t\t<h3>Ablauf des Wahlthemas<\/h3>\n\n\t\t<\/div>\n\t<\/div>\n<div class=\"vc_empty_space\"   style=\"height: 32px\"><span class=\"vc_empty_space_inner\"><\/span><\/div><div class=\"vc_row wpb_row vc_inner vc_row-fluid\"><div class=\"wpb_column vc_column_container vc_col-sm-2\"><div class=\"vc_column-inner\"><div class=\"wpb_wrapper\"><div class=\"vc_empty_space\"   style=\"height: 20px\"><span class=\"vc_empty_space_inner\"><\/span><\/div>\n\t<div  class=\"wpb_single_image wpb_content_element vc_align_center wpb_content_element\">\n\t\t\n\t\t<figure class=\"wpb_wrapper vc_figure\">\n\t\t\t<div class=\"vc_single_image-wrapper   vc_box_border_grey\"><img decoding=\"async\" class=\"vc_single_image-img\" src=\"https:\/\/zfl-lernen.de\/wp-content\/uploads\/ico_hinweis-150x150.png\" width=\"150\" height=\"150\" alt=\"Icon Hinweis\" title=\"ico_hinweis\" loading=\"lazy\" \/><\/div>\n\t\t<\/figure>\n\t<\/div>\n<\/div><\/div><\/div><div class=\"wpb_column vc_column_container vc_col-sm-10\"><div class=\"vc_column-inner\"><div class=\"wpb_wrapper\"><div class=\"vc_empty_space\"   style=\"height: 32px\"><span class=\"vc_empty_space_inner\"><\/span><\/div>\n\t<div class=\"wpb_text_column wpb_content_element\" >\n\t\t<div class=\"wpb_wrapper\">\n\t\t\t<p style=\"text-align: justify;\">Folgende Grafik gibt Ihnen einen \u00dcberblick \u00fcber den Ablauf des Wahlthemas. Schauen Sie sich zun\u00e4chst die Materialien im Materialpool an, bevor Sie die ePortfolio-, Lernteam- oder die Beobachtungsaufgaben bearbeiten. \u00dcber die untenstehenden Aufklappelemente k\u00f6nnen Sie direkt zur gew\u00fcnschten Stelle springen, sich die Icons erkl\u00e4ren oder einen technischen Hinweis anzeigen lassen.<\/p>\n\n\t\t<\/div>\n\t<\/div>\n<\/div><\/div><\/div><\/div>\n\t<div class=\"wpb_text_column wpb_content_element\" >\n\t\t<div class=\"wpb_wrapper\">\n\t\t\t\n<style>\n\t#hotspot-84983 .hotspots-image-container,\n\t#hotspot-84983 .leaflet-container {\n\t\tbackground: #efefef\t}\n\n\t#hotspot-84983 .hotspots-placeholder,\n\t.featherlight .featherlight-content.lightbox-84983 {\n\t\tbackground: #ffffff;\n\t\tborder: 0 #ffffff solid;\n\t\tcolor: #000000;\n\t}\n\n\t#hotspot-84983 .hotspot-title,\n\t#hotspot-84983 .bc-product__title a,\n\t.featherlight .featherlight-content.lightbox-84983 .hotspot-title,\n\t.featherlight .featherlight-content.lightbox-84983 .bc-product__title a {\n\t\tcolor: #000000;\n\t}\n\n\t\t\t#hotspot-84983 .hotspot-materialpool {\n\t\t\tstroke-width: 4;\n\t\t\tfill: #ffffff;\n\t\t\tfill-opacity: 0;\n\t\t\tstroke: #ffffff;\n\t\t\tstroke-opacity: 0;\n\t\t}\n\t\t#hotspot-84983 .hotspot-materialpool:hover,\n\t\t#hotspot-84983 .hotspot-materialpool:focus,\n\t\t#hotspot-84983 .hotspot-materialpool.hotspot-active {\n\t\t\tfill: #ffffff;\n\t\t\tfill-opacity: 0.81;\n\t\t\toutline: none;\n\t\t\tstroke: #ffffff;\n\t\t\tstroke-opacity: 1.01;\n\t\t}\n\t\t\t#hotspot-84983 .hotspot-default {\n\t\t\tstroke-width: 4;\n\t\t\tfill: #ffffff;\n\t\t\tfill-opacity: 0;\n\t\t\tstroke: #ffffff;\n\t\t\tstroke-opacity: 0;\n\t\t}\n\t\t#hotspot-84983 .hotspot-default:hover,\n\t\t#hotspot-84983 .hotspot-default:focus,\n\t\t#hotspot-84983 .hotspot-default.hotspot-active {\n\t\t\tfill: #f9f9f9;\n\t\t\tfill-opacity: 0.21;\n\t\t\toutline: none;\n\t\t\tstroke: #005176;\n\t\t\tstroke-opacity: 1.01;\n\t\t}\n\t\t#hotspot-84983 .leaflet-tooltip,\n\t#hotspot-84983 .leaflet-rrose-content-wrapper {\n\t\tbackground: #ffffff;\n\t\tborder-color: #ffffff;\n\t\tcolor: #000000;\n\t}\n\n\t#hotspot-84983 a.leaflet-rrose-close-button {\n\t\tcolor: #000000;\n\t}\n\n\t#hotspot-84983 .leaflet-rrose-tip {\n\t\tbackground: #ffffff;\n\t}\n\n\t#hotspot-84983 .leaflet-popup-scrolled {\n\t\tborder-bottom-color: #000000;\n\t\tborder-top-color: #000000;\n\t}\n\n\t#hotspot-84983 .leaflet-tooltip-top:before {\n\t\tborder-top-color: #ffffff;\n\t}\n\n\t#hotspot-84983 .leaflet-tooltip-bottom:before {\n\t\tborder-bottom-color: #ffffff;\n\t}\n\t#hotspot-84983 .leaflet-tooltip-left:before {\n\t\tborder-left-color: #ffffff;\n\t}\n\t#hotspot-84983 .leaflet-tooltip-right:before {\n\t\tborder-right-color: #ffffff;\n\t}\n<\/style>\n\n\n\t<div class=\"hotspots-container  layout-lightbox event-click\" id=\"hotspot-84983\" data-layout=\"lightbox\" data-trigger=\"click\">\n\t\t<div class=\"hotspots-interaction\">\n\t\t\t<div class=\"hotspots-image-container\">\n\t<img\n\t\twidth=\"1948\"\n\t\theight=\"1227\"\n\t\tsrc=\"https:\/\/zfl-lernen.de\/wp-content\/uploads\/Wahlthema-Diversitaet.png\"\n\t\talt=\"Wahlthema Diversit\u00e4t in der Schule\"\n\t\tclass=\"hotspots-image skip-lazy\"\n\t\tusemap=\"#hotspots-image-84983\"\n\t\tdata-image-title=\"Wahlthema Diversit\u00e4t in der Schule\"\n\t\tdata-image-description=\"\"\n\t\tdata-event-trigger=\"click\"\n\t\tdata-always-visible=\"false\"\n\t\tdata-id=\"84983\"\n\t\tdata-no-lazy=\"1\"\n\t\tdata-lazy-src=\"\"\n\t\tdata-lazy=\"false\"\n\t\tloading=\"eager\"\n\t\tdata-skip-lazy=\"1\"\n\t\t>\n<\/div>\t\t<\/div>\n\t\t<map name=\"hotspots-image-84983\" class=\"hotspots-map\">\n\t\t\t\t\t\t\t\t\t\t\t<area\n\t\t\t\t\tshape=\"polygon\"\n\t\t\t\t\tcoords=\"562,452,562,372,806,372,806,452\"\n\t\t\t\t\thref=\"#hotspot-hotspot-84983-0\"\n\t\t\t\t\trel=\"\"\n\t\t\t\t\ttitle=\"Diversit\u00e4t in der Schule\"\n\t\t\t\t\talt=\"Diversit\u00e4t in der Schule\"\n\t\t\t\t\tdata-action=\"\"\n\t\t\t\t\tdata-color-scheme=\"\"\n\t\t\t\t\tdata-id=\"area-hotspot-84983-0\"\n\t\t\t\t\ttarget=\"\"\n\t\t\t\t\tclass=\"more-info-area\"\n\t\t\t\t\t>\n\t\t\t\t\t\t\t\t\t\t\t<area\n\t\t\t\t\tshape=\"polygon\"\n\t\t\t\t\tcoords=\"72,342,544,342,544,685,75,685,167,517\"\n\t\t\t\t\thref=\"#hotspot-hotspot-84983-1\"\n\t\t\t\t\trel=\"\"\n\t\t\t\t\ttitle=\"Vor dem Praktikum\"\n\t\t\t\t\talt=\"Vor dem Praktikum\"\n\t\t\t\t\tdata-action=\"\"\n\t\t\t\t\tdata-color-scheme=\"\"\n\t\t\t\t\tdata-id=\"area-hotspot-84983-1\"\n\t\t\t\t\ttarget=\"\"\n\t\t\t\t\tclass=\"more-info-area\"\n\t\t\t\t\t>\n\t\t\t\t\t\t\t\t\t\t\t<area\n\t\t\t\t\tshape=\"polygon\"\n\t\t\t\t\tcoords=\"562,557,562,477,807,477,807,557\"\n\t\t\t\t\thref=\"#hotspot-hotspot-84983-2\"\n\t\t\t\t\trel=\"\"\n\t\t\t\t\ttitle=\"Diversit\u00e4tsdimensionen &amp; soziale Wahrnehmung\"\n\t\t\t\t\talt=\"Diversit\u00e4tsdimensionen &amp; soziale Wahrnehmung\"\n\t\t\t\t\tdata-action=\"\"\n\t\t\t\t\tdata-color-scheme=\"\"\n\t\t\t\t\tdata-id=\"area-hotspot-84983-2\"\n\t\t\t\t\ttarget=\"\"\n\t\t\t\t\tclass=\"more-info-area\"\n\t\t\t\t\t>\n\t\t\t\t\t\t\t\t\t\t\t<area\n\t\t\t\t\tshape=\"polygon\"\n\t\t\t\t\tcoords=\"561,660,561,579,806,579,806,660\"\n\t\t\t\t\thref=\"#hotspot-hotspot-84983-3\"\n\t\t\t\t\trel=\"\"\n\t\t\t\t\ttitle=\"Formen der Diskriminierung\"\n\t\t\t\t\talt=\"Formen der Diskriminierung\"\n\t\t\t\t\tdata-action=\"\"\n\t\t\t\t\tdata-color-scheme=\"\"\n\t\t\t\t\tdata-id=\"area-hotspot-84983-3\"\n\t\t\t\t\ttarget=\"\"\n\t\t\t\t\tclass=\"more-info-area\"\n\t\t\t\t\t>\n\t\t\t\t\t\t\t\t\t\t\t<area\n\t\t\t\t\tshape=\"polygon\"\n\t\t\t\t\tcoords=\"864,450,864,370,1109,370,1109,450\"\n\t\t\t\t\thref=\"#hotspot-hotspot-84983-4\"\n\t\t\t\t\trel=\"\"\n\t\t\t\t\ttitle=\"Lernteamaufgabe Diversit\u00e4tsdimensionen\"\n\t\t\t\t\talt=\"Lernteamaufgabe Diversit\u00e4tsdimensionen\"\n\t\t\t\t\tdata-action=\"\"\n\t\t\t\t\tdata-color-scheme=\"\"\n\t\t\t\t\tdata-id=\"area-hotspot-84983-4\"\n\t\t\t\t\ttarget=\"\"\n\t\t\t\t\tclass=\"more-info-area\"\n\t\t\t\t\t>\n\t\t\t\t\t\t\t\t\t\t\t<area\n\t\t\t\t\tshape=\"polygon\"\n\t\t\t\t\tcoords=\"862,556,862,476,1107,476,1107,556\"\n\t\t\t\t\thref=\"#hotspot-hotspot-84983-5\"\n\t\t\t\t\trel=\"\"\n\t\t\t\t\ttitle=\"Lernteamaufgabe Vorurteile, Stereotype &amp; Verzerrungseffekte\"\n\t\t\t\t\talt=\"Lernteamaufgabe Vorurteile, Stereotype &amp; Verzerrungseffekte\"\n\t\t\t\t\tdata-action=\"\"\n\t\t\t\t\tdata-color-scheme=\"\"\n\t\t\t\t\tdata-id=\"area-hotspot-84983-5\"\n\t\t\t\t\ttarget=\"\"\n\t\t\t\t\tclass=\"more-info-area\"\n\t\t\t\t\t>\n\t\t\t\t\t\t\t\t\t\t\t<area\n\t\t\t\t\tshape=\"polygon\"\n\t\t\t\t\tcoords=\"863,660,863,580,1109,580,1109,660\"\n\t\t\t\t\thref=\"#hotspot-hotspot-84983-6\"\n\t\t\t\t\trel=\"\"\n\t\t\t\t\ttitle=\"Lernteamaufgabe Formen der Diskriminierung\"\n\t\t\t\t\talt=\"Lernteamaufgabe Formen der Diskriminierung\"\n\t\t\t\t\tdata-action=\"\"\n\t\t\t\t\tdata-color-scheme=\"\"\n\t\t\t\t\tdata-id=\"area-hotspot-84983-6\"\n\t\t\t\t\ttarget=\"\"\n\t\t\t\t\tclass=\"more-info-area\"\n\t\t\t\t\t>\n\t\t\t\t\t\t\t\t\t\t\t<area\n\t\t\t\t\tshape=\"polygon\"\n\t\t\t\t\tcoords=\"1167,452,1167,371,1412,371,1412,452\"\n\t\t\t\t\thref=\"#hotspot-hotspot-84983-7\"\n\t\t\t\t\trel=\"\"\n\t\t\t\t\ttitle=\"Portfolioaufgabe Institutionelle Diskriminierung\"\n\t\t\t\t\talt=\"Portfolioaufgabe Institutionelle Diskriminierung\"\n\t\t\t\t\tdata-action=\"\"\n\t\t\t\t\tdata-color-scheme=\"\"\n\t\t\t\t\tdata-id=\"area-hotspot-84983-7\"\n\t\t\t\t\ttarget=\"\"\n\t\t\t\t\tclass=\"more-info-area\"\n\t\t\t\t\t>\n\t\t\t\t\t\t\t\t\t\t\t<area\n\t\t\t\t\tshape=\"polygon\"\n\t\t\t\t\tcoords=\"1472,454,1472,373,1718,373,1718,454\"\n\t\t\t\t\thref=\"#hotspot-hotspot-84983-8\"\n\t\t\t\t\trel=\"\"\n\t\t\t\t\ttitle=\"Beobachtungsfrage\"\n\t\t\t\t\talt=\"Beobachtungsfrage\"\n\t\t\t\t\tdata-action=\"\"\n\t\t\t\t\tdata-color-scheme=\"\"\n\t\t\t\t\tdata-id=\"area-hotspot-84983-8\"\n\t\t\t\t\ttarget=\"\"\n\t\t\t\t\tclass=\"more-info-area\"\n\t\t\t\t\t>\n\t\t\t\t\t\t\t\t\t\t\t<area\n\t\t\t\t\tshape=\"polygon\"\n\t\t\t\t\tcoords=\"1167,861,1167,780,1412,780,1412,861\"\n\t\t\t\t\thref=\"#hotspot-hotspot-84983-9\"\n\t\t\t\t\trel=\"\"\n\t\t\t\t\ttitle=\"Portfolioaufgabe Sprache formt Wirklichkeit\"\n\t\t\t\t\talt=\"Portfolioaufgabe Sprache formt Wirklichkeit\"\n\t\t\t\t\tdata-action=\"\"\n\t\t\t\t\tdata-color-scheme=\"\"\n\t\t\t\t\tdata-id=\"area-hotspot-84983-9\"\n\t\t\t\t\ttarget=\"\"\n\t\t\t\t\tclass=\"more-info-area\"\n\t\t\t\t\t>\n\t\t\t\t\t\t\t\t\t\t\t<area\n\t\t\t\t\tshape=\"polygon\"\n\t\t\t\t\tcoords=\"1166,1071,1166,991,1411,991,1411,1071\"\n\t\t\t\t\thref=\"#hotspot-hotspot-84983-10\"\n\t\t\t\t\trel=\"\"\n\t\t\t\t\ttitle=\"Portfolioaufgabe R\u00fcckblick\"\n\t\t\t\t\talt=\"Portfolioaufgabe R\u00fcckblick\"\n\t\t\t\t\tdata-action=\"\"\n\t\t\t\t\tdata-color-scheme=\"\"\n\t\t\t\t\tdata-id=\"area-hotspot-84983-10\"\n\t\t\t\t\ttarget=\"\"\n\t\t\t\t\tclass=\"more-info-area\"\n\t\t\t\t\t>\n\t\t\t\t\t\t\t\t\t\t\t<area\n\t\t\t\t\tshape=\"polygon\"\n\t\t\t\t\tcoords=\"71,748,542,745,540,897,75,895,164,823\"\n\t\t\t\t\thref=\"#hotspot-hotspot-84983-11\"\n\t\t\t\t\trel=\"\"\n\t\t\t\t\ttitle=\"W\u00e4hrend des Praktikums\"\n\t\t\t\t\talt=\"W\u00e4hrend des Praktikums\"\n\t\t\t\t\tdata-action=\"\"\n\t\t\t\t\tdata-color-scheme=\"\"\n\t\t\t\t\tdata-id=\"area-hotspot-84983-11\"\n\t\t\t\t\ttarget=\"\"\n\t\t\t\t\tclass=\"more-info-area\"\n\t\t\t\t\t>\n\t\t\t\t\t\t\t\t\t\t\t<area\n\t\t\t\t\tshape=\"polygon\"\n\t\t\t\t\tcoords=\"70,957,540,957,540,1103,70,1111,158,1031\"\n\t\t\t\t\thref=\"#hotspot-hotspot-84983-12\"\n\t\t\t\t\trel=\"\"\n\t\t\t\t\ttitle=\"Nach dem Praktikum\"\n\t\t\t\t\talt=\"Nach dem Praktikum\"\n\t\t\t\t\tdata-action=\"\"\n\t\t\t\t\tdata-color-scheme=\"\"\n\t\t\t\t\tdata-id=\"area-hotspot-84983-12\"\n\t\t\t\t\ttarget=\"\"\n\t\t\t\t\tclass=\"more-info-area\"\n\t\t\t\t\t>\n\t\t\t\t\t\t\t\t\t\t\t<area\n\t\t\t\t\tshape=\"polygon\"\n\t\t\t\t\tcoords=\"564,862,564,777,809,777,809,862\"\n\t\t\t\t\thref=\"#hotspot-hotspot-84983-13\"\n\t\t\t\t\trel=\"\"\n\t\t\t\t\ttitle=\"Sprache formt Wirklichkeit\"\n\t\t\t\t\talt=\"Sprache formt Wirklichkeit\"\n\t\t\t\t\tdata-action=\"\"\n\t\t\t\t\tdata-color-scheme=\"\"\n\t\t\t\t\tdata-id=\"area-hotspot-84983-13\"\n\t\t\t\t\ttarget=\"\"\n\t\t\t\t\tclass=\"more-info-area\"\n\t\t\t\t\t>\n\t\t\t\t\t<\/map>\n\n\t\t\n\t\t\t\t\t\n\t\t\t\t\t\t<div class=\"hotspot-info\" id=\"hotspot-hotspot-84983-0\">\n\t\t\t\t\n\t\t\t\t<h2 class=\"hotspot-title\">Diversit\u00e4t in der Schule<\/h2>\t\t\t\t\t\t\t\t<div class=\"hotspot-content\">\n\t\t\t\t\t<p>Sie erhalten eine Einf\u00fchrung in theoretische Grundlagen zum Thema \"Diversit\u00e4t in der Schule\". In diesem Materialpool finden Sie einen \u00dcberblick \u00fcber den Diversit\u00e4tsbegriff, weitere Begrifflichkeiten sowie verschiedene Ebenen von Schule, in denen Diskriminierung entsteht.<\/p>\n\t\t\t\t<\/div>\n\t\t\t<\/div>\n\t\t\t\t\t\n\t\t\t\t\t\t<div class=\"hotspot-info\" id=\"hotspot-hotspot-84983-1\">\n\t\t\t\t\n\t\t\t\t<h2 class=\"hotspot-title\">Vor dem Praktikum<\/h2>\t\t\t\t\t\t\t\t<div class=\"hotspot-content\">\n\t\t\t\t\t<p><strong>Vor Ihrem Praktikum<\/strong> setzen Sie sich mit theoretischen Grundlagen zu \u201eDiversit\u00e4t in der Schule\u201c auseinander. Sie besch\u00e4ftigen sich mit Bildungsbiografien, reflektieren diese vor dem Hintergrund Ihrer eigenen Bildungsbiografie und tauschen sich im Lernteam dar\u00fcber aus.<\/p>\n<p><strong>Hinweis:\u00a0<\/strong>Gemeinsam erarbeiten Sie im Lernteam zudem einen kurzen\u00a0<strong>Impulsvortrag<\/strong>\u00a0zum Thema\u00a0<b>Diversit\u00e4t.<\/b>\u00a0Dieser wird im Rahmen des Seminars gehalten. Weitere Informationen hierzu erhalten Sie im Begleitseminar.<\/p>\n\t\t\t\t<\/div>\n\t\t\t<\/div>\n\t\t\t\t\t\n\t\t\t\t\t\t<div class=\"hotspot-info\" id=\"hotspot-hotspot-84983-2\">\n\t\t\t\t\n\t\t\t\t<h2 class=\"hotspot-title\">Diversit\u00e4tsdimensionen & soziale Wahrnehmung<\/h2>\t\t\t\t\t\t\t\t<div class=\"hotspot-content\">\n\t\t\t\t\t<p>In diesem Materialpool lernen Sie die verschiedene Diversit\u00e4tsdimensionen kennen. Au\u00dferdem setzen Sie sich mit der sozialen Wahrnehmung von Diversit\u00e4t auseinander und besch\u00e4ftigen sich mit Vorurteilen, Stereotypen und Verzerrungseffekten.<\/p>\n\t\t\t\t<\/div>\n\t\t\t<\/div>\n\t\t\t\t\t\n\t\t\t\t\t\t<div class=\"hotspot-info\" id=\"hotspot-hotspot-84983-3\">\n\t\t\t\t\n\t\t\t\t<h2 class=\"hotspot-title\">Formen der Diskriminierung<\/h2>\t\t\t\t\t\t\t\t<div class=\"hotspot-content\">\n\t\t\t\t\t<p>In diesem Bereich erhalten Sie Hintergrundinformationen zu den verschiedenen Formen von Diskriminierung. Sie besch\u00e4ftigen sich vor allem mit der Form der institutionellen Diskriminierung,die im schulischen Kontext besonders relevant ist.<\/p>\n\t\t\t\t<\/div>\n\t\t\t<\/div>\n\t\t\t\t\t\n\t\t\t\t\t\t<div class=\"hotspot-info\" id=\"hotspot-hotspot-84983-4\">\n\t\t\t\t\n\t\t\t\t<h2 class=\"hotspot-title\">Lernteamaufgabe Diversit\u00e4tsdimensionen<\/h2>\t\t\t\t\t\t\t\t<div class=\"hotspot-content\">\n\t\t\t\t\t<p>F\u00fcr die Auseinandersetzung mit den verschiedenen Diversit\u00e4tsdimensionen ist es nun Ihre Aufgabe, gemeinsam mit Ihrem Lernteam zu \u00fcberlegen, welche Bedeutung Ihre pers\u00f6nlichen\/ individuellen Diversit\u00e4tsmerkmale auf Ihre zuku\u0308nftige Lehrer*innenrolle (in Bezug auf Ihren Unterricht, Ihre Schu\u0308ler*innen und Kolleg*innen) haben k\u00f6nnen.<\/p>\n\t\t\t\t<\/div>\n\t\t\t<\/div>\n\t\t\t\t\t\n\t\t\t\t\t\t<div class=\"hotspot-info\" id=\"hotspot-hotspot-84983-5\">\n\t\t\t\t\n\t\t\t\t<h2 class=\"hotspot-title\">Lernteamaufgabe Vorurteile, Stereotype & Verzerrungseffekte<\/h2>\t\t\t\t\t\t\t\t<div class=\"hotspot-content\">\n\t\t\t\t\t<p>In Lernteams schauen Sie sich sechs Videos zum Thema <strong><a href=\"https:\/\/www.nytimes.com\/video\/us\/100000004818663\/peanut-butter-jelly-and-racism.html\" target=\"_blank\" rel=\"noopener\">\u201eWho, Me? Biased?\u201c<\/a> <\/strong>an. Anschlie\u00dfend tauschen Sie sich dazu vor dem Hintergrund Ihrer Testergebnisse aus dem vorherigen Impuls aus.<\/p>\n\t\t\t\t<\/div>\n\t\t\t<\/div>\n\t\t\t\t\t\n\t\t\t\t\t\t<div class=\"hotspot-info\" id=\"hotspot-hotspot-84983-6\">\n\t\t\t\t\n\t\t\t\t<h2 class=\"hotspot-title\">Lernteamaufgabe Formen der Diskriminierung<\/h2>\t\t\t\t\t\t\t\t<div class=\"hotspot-content\">\n\t\t\t\t\t<p>Zur Vertiefung recherchieren Sie im Lernteam weitere Begriffe zum Thema Diversit\u00e4t. Anschlie\u00dfend stellen Sie sich die Begriffsdefinitionen im Lernteam gegenseitig vor und kommen in den Austausch \u00fcber die Zusammenh\u00e4nge Ihrer Begriffe.<\/p>\n\t\t\t\t<\/div>\n\t\t\t<\/div>\n\t\t\t\t\t\n\t\t\t\t\t\t<div class=\"hotspot-info\" id=\"hotspot-hotspot-84983-7\">\n\t\t\t\t\n\t\t\t\t<h2 class=\"hotspot-title\">Portfolioaufgabe Institutionelle Diskriminierung<\/h2>\t\t\t\t\t\t\t\t<div class=\"hotspot-content\">\n\t\t\t\t\t<p>In einer Portfolioaufgabe setzen Sie sich anhand unterschiedlicher Reflexionsmethoden mit Ihrer Bildungsbiografie im Hinblick auf Institutionelle Diskriminierung auseinander.<\/p>\n\t\t\t\t<\/div>\n\t\t\t<\/div>\n\t\t\t\t\t\n\t\t\t\t\t\t<div class=\"hotspot-info\" id=\"hotspot-hotspot-84983-8\">\n\t\t\t\t\n\t\t\t\t<h2 class=\"hotspot-title\">Beobachtungsfrage<\/h2>\t\t\t\t\t\t\t\t<div class=\"hotspot-content\">\n\t\t\t\t\t<p>Optional k\u00f6nnen Sie Ihre Beobachtungsfrage f\u00fcr das Praktikum mit Bezug auf das Thema Diversit\u00e4t in der Schule formulieren.<\/p>\n\t\t\t\t<\/div>\n\t\t\t<\/div>\n\t\t\t\t\t\n\t\t\t\t\t\t<div class=\"hotspot-info\" id=\"hotspot-hotspot-84983-9\">\n\t\t\t\t\n\t\t\t\t<h2 class=\"hotspot-title\">Portfolioaufgabe Sprache formt Wirklichkeit<\/h2>\t\t\t\t\t\t\t\t<div class=\"hotspot-content\">\n\t\t\t\t\t<p data-start=\"2258\" data-end=\"2458\">W\u00e4hrend Ihres Praktikums erhalten Sie eine weitere Portfolioaufgabe, in der Sie zwei Situationen aus Ihrem Praktikum (z. B. im Unterricht, in Pausengespr\u00e4chen oder in schulischen Kommunikationsformen) reflektieren, in denen Ihnen die \u201eMacht\u201c von Sprache besonders aufgefallen ist.<\/p>\n\t\t\t\t<\/div>\n\t\t\t<\/div>\n\t\t\t\t\t\n\t\t\t\t\t\t<div class=\"hotspot-info\" id=\"hotspot-hotspot-84983-10\">\n\t\t\t\t\n\t\t\t\t<h2 class=\"hotspot-title\">Portfolioaufgabe R\u00fcckblick<\/h2>\t\t\t\t\t\t\t\t<div class=\"hotspot-content\">\n\t\t\t\t\t<div class=\"wpb_text_column wpb_content_element\">\n<div class=\"wpb_wrapper\">\n<p data-start=\"2941\" data-end=\"3152\">Zum Abschluss befassen Sie sich in einer dritten Portfolioaufgabe mit einem R\u00fcckblick auf Ihr Praktikum, Ihre Eindr\u00fccke und Erfahrungen sowie den Austausch mit Ihrem Lernteam. Ausgehend davon ziehen Sie Konsequenzen\u00a0 \u2013 vor dem Hintergrund Ihrer eigenen Diversit\u00e4tsmerkmale \u2013 f\u00fcr Ihr weiteres Studium und\/oder die n\u00e4chste Praxisphase und ordnen ein, inwiefern das Thema f\u00fcr Sie als angehende Lehrkraft relevant ist.<\/p>\n<\/div>\n<\/div>\n\t\t\t\t<\/div>\n\t\t\t<\/div>\n\t\t\t\t\t\n\t\t\t\t\t\t<div class=\"hotspot-info\" id=\"hotspot-hotspot-84983-11\">\n\t\t\t\t\n\t\t\t\t<h2 class=\"hotspot-title\">W\u00e4hrend des Praktikums<\/h2>\t\t\t\t\t\t\t\t<div class=\"hotspot-content\">\n\t\t\t\t\t<p><strong>W\u00e4hrend des Praktikums<\/strong>\u00a0nehmen Sie Schule aus einer diversit\u00e4tssensiblen Perspektive wahr und entwickeln ein Bewusstsein f\u00fcr Diskriminierung und Vielfalt in der Schule. Sie k\u00f6nnen Ihre Beobachtungsfrage hierzu entwickeln und mit den Lehrpersonen ins Gespr\u00e4ch kommen.<\/p>\n\t\t\t\t<\/div>\n\t\t\t<\/div>\n\t\t\t\t\t\n\t\t\t\t\t\t<div class=\"hotspot-info\" id=\"hotspot-hotspot-84983-12\">\n\t\t\t\t\n\t\t\t\t<h2 class=\"hotspot-title\">Nach dem Praktikum<\/h2>\t\t\t\t\t\t\t\t<div class=\"hotspot-content\">\n\t\t\t\t\t<p><strong>Nach Ihrem Praktikum<\/strong> reflektieren Sie offene Fragen und\/oder Irritationen bez\u00fcglich Ihrer professionellen Entwicklung. Sie \u00fcberlegen, welche Gestaltungsm\u00f6glichkeiten Sie kennengelernt haben, um vielf\u00e4ltige Bildungsbiografien zu erm\u00f6glichen und Diskriminierung entgegenzuwirken. Sie reflektieren, welche Rolle das Thema f\u00fcr Ihr weiteres Studium und Berufsleben spielt.<\/p>\n\t\t\t\t<\/div>\n\t\t\t<\/div>\n\t\t\t\t\t\n\t\t\t\t\t\t<div class=\"hotspot-info\" id=\"hotspot-hotspot-84983-13\">\n\t\t\t\t\n\t\t\t\t<h2 class=\"hotspot-title\">Sprache formt Wirklichkeit<\/h2>\t\t\t\t\t\t\t\t<div class=\"hotspot-content\">\n\t\t\t\t\t<p>In diesem Materialpool besch\u00e4ftigen Sie sich mit der Rolle von Sprache im Zusammenhang mit Diversit\u00e4t. Sie lernen zus\u00e4tzlich ein Beispiel f\u00fcr Selbst- und Fremdbezeichnung kennen.<\/p>\n\t\t\t\t<\/div>\n\t\t\t<\/div>\n\t\t\t<\/div>\n\n\n\n\t\t<\/div>\n\t<\/div>\n<\/div><\/div><\/div><\/div><div class=\"vc_row wpb_row vc_row-fluid\"><div class=\"wpb_column vc_column_container vc_col-sm-12\"><div class=\"vc_column-inner\"><div class=\"wpb_wrapper\"><div  class=\"vc_do_toggle vc_toggle vc_toggle_default vc_toggle_color_peacoc  vc_toggle_size_md vc_custom_1776071780451\"><div class=\"vc_toggle_title\"><h4>Interne Navigation<\/h4><i class=\"vc_toggle_icon\"><\/i><\/div><div class=\"vc_toggle_content\"><h3><strong>Vor dem Praktikum<\/strong><\/h3>\n<p style=\"padding-left: 40px;\">Diversit\u00e4t in der Schule<br \/><strong><a href=\"#material_diversit\u00e4t_schule\">Materialpool<\/a><\/strong><\/p>\n<div class=\"wpb_text_column wpb_content_element\">\n<div class=\"wpb_wrapper\">\n<p style=\"padding-left: 40px;\">Diversit\u00e4tsdimensionen und soziale Wahrnehmung: Vorurteile, Stereotype und Verzerrungseffekte<br \/><strong><a href=\"#material_diversit\u00e4tsdimensionen\">Materialpool<\/a><br \/><\/strong><strong><a href=\"#lernteam_diversit\u00e4tsdimensionen\">Lernteamaufgabe Diversit\u00e4tsdimensionen<\/a><br \/><a href=\"#lernteam_bias\">Lernteamaufgabe Vorurteile, Stereotype und Verzerrungseffekte<\/a><\/strong><\/p>\n<p style=\"padding-left: 40px;\">Formen der Diskriminierung<br \/><a href=\"#formen_diskriminierung\"><strong>Materialpool<\/strong><\/a><br \/><strong><a href=\"#lernteam_diskriminierungsformen\">Lernteamaufgabe Formen der Diskriminierung<\/a><br \/><\/strong><strong><a href=\"#portfolio_diskriminierung_institutionell\">Portfolioaufgabe Institutionelle Diskriminierung<\/a><br \/><\/strong><strong><a href=\"#beobachtung_diversit\u00e4t\">Beobachtungsaufgabe<\/a><\/strong><\/p>\n<h3><strong>W\u00e4hrend des Praktikums<\/strong><\/h3>\n<p style=\"padding-left: 40px;\">Sprache formt Wirklichkeit<strong><br \/><a href=\"#material_sprache_wirklichkeit\">Materialpool<\/a><br \/><\/strong><a href=\"#portfolio_sprache_wirklichkeit\"><strong>Portfolioaufgabe Sprache formt Wirklichkeit<\/strong><\/a><\/p>\n<h3><strong>Nach dem Praktikum<\/strong><\/h3>\n<p style=\"padding-left: 40px;\"><a href=\"#portfolio_r\u00fcckblick\"><strong>Portfolioaufgabe R\u00fcckblick<\/strong><\/a><\/p>\n<\/div>\n<\/div>\n<\/div><\/div><div  class=\"vc_do_toggle vc_toggle vc_toggle_default vc_toggle_color_default  vc_toggle_size_md vc_custom_1776071415634\"><div class=\"vc_toggle_title\"><h4>Iconerkl\u00e4rungen<\/h4><i class=\"vc_toggle_icon\"><\/i><\/div><div class=\"vc_toggle_content\"><div class=\"wpb-content-wrapper\">\n<div class=\"wpb_text_column wpb_content_element\">\n<div class=\"wpb_wrapper\">\n<div class=\"wpb_text_column wpb_content_element\">\n<div class=\"wpb_text_column wpb_content_element\">\n<div class=\"wpb_wrapper\">\n<p><strong>Materialpool<\/strong><\/p>\n<\/div>\n<\/div>\n<div class=\"vc_row wpb_row vc_inner vc_row-fluid\">\n<div class=\"wpb_column vc_column_container vc_col-sm-2\">\n<div class=\"vc_column-inner\">\n<div class=\"wpb_wrapper\">\n<div class=\"vc_empty_space\">\u00a0<\/div>\n<div class=\"wpb_single_image wpb_content_element vc_align_center wpb_content_element\">\n<figure class=\"wpb_wrapper vc_figure\">\n<div class=\"vc_single_image-wrapper vc_box_border_grey\"><img loading=\"lazy\" decoding=\"async\" class=\"vc_single_image-img\" title=\"Ico_Materialpool\" src=\"https:\/\/zfl-lernen.de\/wp-content\/uploads\/Ico_Materialpool-1-150x150.png\" alt=\"Icon Materialpool f\u00fcr Wahlthemen der Begleitkurse\" width=\"150\" height=\"150\" \/><\/div>\n<\/figure>\n<\/div>\n<\/div>\n<\/div>\n<\/div>\n<div class=\"wpb_column vc_column_container vc_col-sm-10\">\n<div class=\"vc_column-inner\">\n<div class=\"wpb_wrapper\">\n<div class=\"vc_empty_space\">\u00a0<\/div>\n<div class=\"wpb_text_column wpb_content_element\">\n<div class=\"wpb_wrapper\">\n<p style=\"text-align: justify;\">Dieses Icon bedeutet, dass Sie hier Hintergrundmaterial f\u00fcr die Erschlie\u00dfung von Inhalten finden. Dieses ben\u00f6tigen Sie f\u00fcr die Bearbeitung der Portfolio-, Lernteam- und Beobachtungsaufgaben.<\/p>\n<\/div>\n<\/div>\n<\/div>\n<\/div>\n<\/div>\n<\/div>\n<\/div>\n<div class=\"vc_row wpb_row vc_inner vc_row-fluid\">\n<div class=\"wpb_column vc_column_container vc_col-sm-10\">\n<div class=\"vc_column-inner\">\n<div class=\"wpb_wrapper\">\n<div class=\"wpb_text_column wpb_content_element\">\n<div class=\"wpb_wrapper\"><strong>ePortfolio<\/strong><\/div>\n<\/div>\n<\/div>\n<\/div>\n<\/div>\n<\/div>\n<div class=\"vc_row wpb_row vc_inner vc_row-fluid\">\n<div class=\"wpb_column vc_column_container vc_col-sm-2\">\n<div class=\"vc_column-inner\">\n<div class=\"wpb_wrapper\">\n<div class=\"vc_empty_space\">\u00a0<\/div>\n<div class=\"wpb_single_image wpb_content_element vc_align_center wpb_content_element\">\n<figure class=\"wpb_wrapper vc_figure\">\n<div class=\"vc_single_image-wrapper vc_box_border_grey\"><img loading=\"lazy\" decoding=\"async\" class=\"vc_single_image-img\" title=\"Grafik_Portfolio\" src=\"https:\/\/zfl-lernen.de\/wp-content\/uploads\/Grafik_Portfolio-150x150.png\" alt=\"Grafik_Portfolio\" width=\"150\" height=\"150\" \/><\/div>\n<\/figure>\n<\/div>\n<\/div>\n<\/div>\n<\/div>\n<div class=\"wpb_column vc_column_container vc_col-sm-10\">\n<div class=\"vc_column-inner\">\n<div class=\"wpb_wrapper\">\n<div class=\"vc_empty_space\">\u00a0<\/div>\n<div class=\"wpb_text_column wpb_content_element\">\n<div class=\"wpb_wrapper\">Aufgaben mit diesem Icon bedeuten, dass Sie die Ergebnisse in Ihrem ePortfolio festhalten. Sie finden jeweils eine Aufgabe f\u00fcr Ihr ePortfolio in der Vorbereitung, w\u00e4hrend des Praktikums und nach dem Praktikum.<\/div>\n<\/div>\n<\/div>\n<\/div>\n<\/div>\n<\/div>\n<div class=\"wpb_text_column wpb_content_element\">\n<div class=\"wpb_wrapper\"><strong>Lernteam<\/strong><\/div>\n<\/div>\n<div class=\"vc_row wpb_row vc_inner vc_row-fluid\">\n<div class=\"wpb_column vc_column_container vc_col-sm-2\">\n<div class=\"vc_column-inner\">\n<div class=\"wpb_wrapper\">\n<div class=\"vc_empty_space\">\u00a0<\/div>\n<div class=\"wpb_single_image wpb_content_element vc_align_center wpb_content_element\">\n<figure class=\"wpb_wrapper vc_figure\">\n<div class=\"vc_single_image-wrapper vc_box_border_grey\"><img loading=\"lazy\" decoding=\"async\" class=\"vc_single_image-img\" title=\"Grafik_Seminar (2)\" src=\"https:\/\/zfl-lernen.de\/wp-content\/uploads\/Grafik_Seminar-2-120x120.png\" alt=\"Icon Lernteamsitzungen in den Praxisphasen\" width=\"120\" height=\"120\" \/><\/div>\n<\/figure>\n<\/div>\n<\/div>\n<\/div>\n<\/div>\n<div class=\"wpb_column vc_column_container vc_col-sm-10\">\n<div class=\"vc_column-inner\">\n<div class=\"wpb_wrapper\">\n<div class=\"vc_empty_space\">\u00a0<\/div>\n<div class=\"wpb_text_column wpb_content_element\">\n<div class=\"wpb_wrapper\">Sie tauschen sich im Lernteam aus. Die Ergebnisse halten Sie fest, z.B. als Notizen, Mindmap oder digitales Board (Edumaps, Padlet, o.\u00e4.) und bereiten einen Input f\u00fcr die Seminarsitzung daraus vor.<\/div>\n<\/div>\n<\/div>\n<\/div>\n<\/div>\n<\/div>\n<div class=\"wpb_text_column wpb_content_element\">\n<div class=\"wpb_wrapper\"><strong>Beobachtungsaufgabe<\/strong><\/div>\n<\/div>\n<div class=\"vc_row wpb_row vc_inner vc_row-fluid\">\n<div class=\"wpb_column vc_column_container vc_col-sm-2\">\n<div class=\"vc_column-inner\">\n<div class=\"wpb_wrapper\">\n<div class=\"vc_empty_space\">\u00a0<\/div>\n<div class=\"wpb_single_image wpb_content_element vc_align_center wpb_content_element\">\n<figure class=\"wpb_wrapper vc_figure\">\n<div class=\"vc_single_image-wrapper vc_box_border_grey\"><img loading=\"lazy\" decoding=\"async\" class=\"vc_single_image-img\" title=\"Grafik_Forschendes_Lernen\" src=\"https:\/\/zfl-lernen.de\/wp-content\/uploads\/Grafik_Forschendes_Lernen-120x120.png\" alt=\"Icon Forschendes Lernen\" width=\"120\" height=\"120\" \/><\/div>\n<\/figure>\n<\/div>\n<\/div>\n<\/div>\n<\/div>\n<div class=\"wpb_column vc_column_container vc_col-sm-10\">\n<div class=\"vc_column-inner\">\n<div class=\"wpb_wrapper\">\n<div class=\"vc_empty_space\">\u00a0<\/div>\n<div class=\"wpb_text_column wpb_content_element\">\n<div class=\"wpb_wrapper\">Im Rahmen Ihres Seminars als Vorbereitung auf das Praktikum entwickeln Sie eine Beobachtungsaufgabe. Optional k\u00f6nnen Sie diese mit Bezug auf Ihr Wahlthema formulieren.<\/div>\n<\/div>\n<\/div>\n<\/div>\n<\/div>\n<\/div>\n<div class=\"wpb_text_column wpb_content_element\">\n<div class=\"wpb_wrapper\"><strong>Vertiefendes<\/strong><\/div>\n<\/div>\n<div class=\"vc_empty_space\">\u00a0<\/div>\n<div class=\"wpb_text_column wpb_content_element\">\n<div class=\"wpb_wrapper\">\n<details class=\"dropdown-content-details\">\n<summary class=\"dropdown-content-div\">\n<div class=\"dropdown-content-div\"><img loading=\"lazy\" decoding=\"async\" class=\"dropdown-content-img-course alignnone\" src=\"https:\/\/zfl-lernen.de\/wp-content\/uploads\/ico_nerd.png\" alt=\"\" width=\"250\" height=\"250\" \/>Klicken Sie hier zur Vertiefung.<\/div>\n<\/summary>\n<div>\u00a0<\/div>\n<div>Dropdown-Bereiche mit einem Smiley-Icon enthalten weiterf\u00fchrende Informationen, Literaturhinweise, Materialien und\/oder optionale Aufgaben. Durch Klicken auf das Icon \u00f6ffnet sich der Bereich mit vertiefenden Inhalten f\u00fcr alle, die sich intensiver mit dem Thema auseinandersetzen m\u00f6chten.<\/div>\n<\/details>\n<\/div>\n<\/div>\n<\/div>\n<\/div>\n<\/div>\n<\/div><\/div><div  class=\"vc_do_toggle vc_toggle vc_toggle_default vc_toggle_color_default  vc_toggle_size_md vc_custom_1760339622700\"><div class=\"vc_toggle_title\"><h4>Technischer HInweis<\/h4><i class=\"vc_toggle_icon\"><\/i><\/div><div class=\"vc_toggle_content\"><p>Einige Impulsfragen und ePortfolio-Aufgaben k\u00f6nnen Sie direkt auf dieser Seite im Dokumentationswerkzeug bearbeiten. Ihre Bearbeitungen werden aber nicht \u00fcbermittelt und nicht automatisch gespeichert. Vergessen Sie daher nicht, Ihre Antworten auf Ihrem Computer zu speichern. Gehen Sie dazu auf \u201eExportieren der Antworten\u201d. Sie k\u00f6nnen diese dann in Ihr ePortfolio in ILIAS kopieren.<\/p>\n<\/div><\/div><div class=\"vc_separator wpb_content_element vc_separator_align_center vc_sep_width_100 vc_sep_dotted vc_sep_pos_align_center vc_separator_no_text vc_sep_color_black wpb_content_element  wpb_content_element\" ><span class=\"vc_sep_holder vc_sep_holder_l\"><span class=\"vc_sep_line\"><\/span><\/span><span class=\"vc_sep_holder vc_sep_holder_r\"><span class=\"vc_sep_line\"><\/span><\/span>\n<\/div><div class=\"vc_empty_space\"   style=\"height: 20px\"><span class=\"vc_empty_space_inner\"><\/span><\/div><div class=\"vc_row wpb_row vc_inner vc_row-fluid\"><div class=\"wpb_column vc_column_container vc_col-sm-3\"><div class=\"vc_column-inner\"><div class=\"wpb_wrapper\">\n\t<div  class=\"wpb_single_image wpb_content_element vc_align_left wpb_content_element\">\n\t\t\n\t\t<figure class=\"wpb_wrapper vc_figure\">\n\t\t\t<div class=\"vc_single_image-wrapper   vc_box_border_grey\"><img loading=\"lazy\" decoding=\"async\" width=\"150\" height=\"150\" src=\"https:\/\/zfl-lernen.de\/wp-content\/uploads\/BRANCHING_SZENARIO_1-150x150.png\" class=\"vc_single_image-img attachment-thumbnail\" alt=\"Icon Vor dem Praktikum\" title=\"BRANCHING_SZENARIO_1\" srcset=\"https:\/\/zfl-lernen.de\/wp-content\/uploads\/BRANCHING_SZENARIO_1-150x150.png 150w, https:\/\/zfl-lernen.de\/wp-content\/uploads\/BRANCHING_SZENARIO_1.png 178w\" sizes=\"auto, (max-width: 150px) 100vw, 150px\" \/><\/div>\n\t\t<\/figure>\n\t<\/div>\n<\/div><\/div><\/div><div class=\"wpb_column vc_column_container vc_col-sm-9\"><div class=\"vc_column-inner\"><div class=\"wpb_wrapper\">\n\t<div class=\"wpb_text_column wpb_content_element\" >\n\t\t<div class=\"wpb_wrapper\">\n\t\t\t<h3>1. Vor dem Praktikum<\/h3>\n\n\t\t<\/div>\n\t<\/div>\n<div class=\"vc_empty_space\"   style=\"height: 20px\"><span class=\"vc_empty_space_inner\"><\/span><\/div><\/div><\/div><\/div><\/div>\n\t<div class=\"wpb_text_column wpb_content_element\" >\n\t\t<div class=\"wpb_wrapper\">\n\t\t\t<details class=\"dropdown-content-details\">\n<summary class=\"dropdown-content-div\">\n<div class=\"dropdown-content-div\"><img loading=\"lazy\" decoding=\"async\" class=\"dropdown-content-img-course\" src=\"https:\/\/zfl-lernen.de\/wp-content\/uploads\/ico_nerd.png\" alt=\"\" width=\"250\" height=\"250\" \/><strong>Impuls<\/strong><\/div>\n<\/summary>\n<p style=\"text-align: justify;\"><em>Machen Sie ein Brainstorming zum Themenfeld Diversit\u00e4t. Es geht um Ihre spontanen Gedanken. Sammeln Sie einfach, was Ihnen hierzu einf\u00e4llt. Folgende Fragen k\u00f6nnen dabei hilfreich sein:<\/em><\/p>\n<ul>\n<li><em>Was bedeutet f\u00fcr Sie Diversit\u00e4t?<\/em><\/li>\n<li><em>Was bedeutet f\u00fcr Sie Umgang mit Diversit\u00e4t in der Schule?<\/em><\/li>\n<li><em>Warum haben Sie sich f\u00fcr das Wahlthema entschieden?<\/em><\/li>\n<li><em>Was erhoffen Sie sich von der Auseinandersetzung mit Ihrem Wahlthema?\u00a0<\/em><\/li>\n<\/ul>\n<\/details>\n\n\t\t<\/div>\n\t<\/div>\n<div class=\"vc_empty_space\"   style=\"height: 40px\"><span class=\"vc_empty_space_inner\"><\/span><\/div>\n\t<div class=\"wpb_text_column wpb_content_element\" id=\"material_diversit\u00e4t_schule\">\n\t\t<div class=\"wpb_wrapper\">\n\t\t\t<h3>1. Diversit\u00e4t in der Schule<\/h3>\n\n\t\t<\/div>\n\t<\/div>\n<div class=\"vc_empty_space\"   style=\"height: 20px\"><span class=\"vc_empty_space_inner\"><\/span><\/div>\n\t<div class=\"wpb_text_column wpb_content_element\" >\n\t\t<div class=\"wpb_wrapper\">\n\t\t\t<p>Im folgenden mit <strong><a href=\"https:\/\/h5p.org\/\" target=\"_blank\" rel=\"noopener\">H5P<\/a><\/strong>-erstellten interaktiven Element haben wir Grundlagen zum Thema Diversit\u00e4t in der Schule geb\u00fcndelt. Diese umfassen unter anderem den Diversit\u00e4tsbegriff, verschiedene weitere Begriffe sowie die unterschiedlichen Ebenen von Schule, in denen Diskriminierung entstehen bzw. in Zusammenhang damit stehen.<\/p>\n\n\t\t<\/div>\n\t<\/div>\n<div class=\"vc_empty_space\"   style=\"height: 20px\"><span class=\"vc_empty_space_inner\"><\/span><\/div>\n\t<div class=\"wpb_text_column wpb_content_element\" id=\"material_diversit\u00e4t_schule\">\n\t\t<div class=\"wpb_wrapper\">\n\t\t\t<div class=\"h5p-iframe-wrapper\"><iframe id=\"h5p-iframe-1574\" class=\"h5p-iframe\" data-content-id=\"1574\" style=\"height:1px\" src=\"about:blank\" frameborder=\"0\" scrolling=\"no\" title=\"Diversit\u00e4t in der Schule\"><\/iframe><\/div>\n\n\t\t<\/div>\n\t<\/div>\n<div class=\"vc_empty_space\"   style=\"height: 20px\"><span class=\"vc_empty_space_inner\"><\/span><\/div><div class=\"vc_separator wpb_content_element vc_separator_align_center vc_sep_width_100 vc_sep_dotted vc_sep_pos_align_center vc_separator_no_text vc_sep_color_black wpb_content_element  wpb_content_element\" ><span class=\"vc_sep_holder vc_sep_holder_l\"><span class=\"vc_sep_line\"><\/span><\/span><span class=\"vc_sep_holder vc_sep_holder_r\"><span class=\"vc_sep_line\"><\/span><\/span>\n<\/div><div class=\"vc_empty_space\"   style=\"height: 32px\"><span class=\"vc_empty_space_inner\"><\/span><\/div>\n\t<div class=\"wpb_text_column wpb_content_element\" id=\"material_diversit\u00e4tsdimensionen\">\n\t\t<div class=\"wpb_wrapper\">\n\t\t\t<h3>2. Diversit\u00e4tsdimensionen und soziale Wahrnehmung: Vorurteile, Stereotype und Verzerrungseffekte<\/h3>\n\n\t\t<\/div>\n\t<\/div>\n<div class=\"vc_empty_space\"   style=\"height: 20px\"><span class=\"vc_empty_space_inner\"><\/span><\/div>\n\t<div class=\"wpb_text_column wpb_content_element\" >\n\t\t<div class=\"wpb_wrapper\">\n\t\t\t<p>Im folgenden mit <strong><a href=\"https:\/\/h5p.org\/\" target=\"_blank\" rel=\"noopener\">H5P<\/a><\/strong>-erstellten interaktiven Element haben wir Grundlagen zum Thema Diversit\u00e4tsdimensionen und soziale Wahrnehmung geb\u00fcndelt. Hier erhalten Sie einen \u00dcberblick \u00fcber die Diversit\u00e4tsdimensionen und erfahren was Vorurteile, Stereotype und Verzerrungseffekte sind.<\/p>\n\n\t\t<\/div>\n\t<\/div>\n<div class=\"vc_empty_space\"   style=\"height: 20px\"><span class=\"vc_empty_space_inner\"><\/span><\/div>\n\t<div class=\"wpb_text_column wpb_content_element\" >\n\t\t<div class=\"wpb_wrapper\">\n\t\t\t<div class=\"h5p-iframe-wrapper\"><iframe id=\"h5p-iframe-1575\" class=\"h5p-iframe\" data-content-id=\"1575\" style=\"height:1px\" src=\"about:blank\" frameborder=\"0\" scrolling=\"no\" title=\"Diversit\u00e4tsdimensionen &amp; soziale Wahrnehmung\"><\/iframe><\/div>\n\n\t\t<\/div>\n\t<\/div>\n<div class=\"vc_empty_space\"   style=\"height: 20px\"><span class=\"vc_empty_space_inner\"><\/span><\/div>\n\t<div class=\"wpb_text_column wpb_content_element\" id=\"lernteam_diversit\u00e4tsdimensionen\">\n\t\t<div class=\"wpb_wrapper\">\n\t\t\t<h3>2.1 Lernteamaufgabe Diversit\u00e4tsdimensionen<\/h3>\n\n\t\t<\/div>\n\t<\/div>\n<div class=\"vc_empty_space\"   style=\"height: 20px\"><span class=\"vc_empty_space_inner\"><\/span><\/div><div class=\"vc_row wpb_row vc_inner vc_row-fluid\"><div class=\"wpb_column vc_column_container vc_col-sm-2\"><div class=\"vc_column-inner\"><div class=\"wpb_wrapper\">\n\t<div  class=\"wpb_single_image wpb_content_element vc_align_left wpb_content_element\">\n\t\t\n\t\t<figure class=\"wpb_wrapper vc_figure\">\n\t\t\t<div class=\"vc_single_image-wrapper   vc_box_border_grey\"><img loading=\"lazy\" decoding=\"async\" width=\"250\" height=\"248\" src=\"https:\/\/zfl-lernen.de\/wp-content\/uploads\/Grafik_Seminar-2.png\" class=\"vc_single_image-img attachment-medium\" alt=\"Icon Lernteamsitzungen in den Praxisphasen\" title=\"Grafik_Seminar (2)\" srcset=\"https:\/\/zfl-lernen.de\/wp-content\/uploads\/Grafik_Seminar-2.png 250w, https:\/\/zfl-lernen.de\/wp-content\/uploads\/Grafik_Seminar-2-150x150.png 150w, https:\/\/zfl-lernen.de\/wp-content\/uploads\/Grafik_Seminar-2-12x12.png 12w\" sizes=\"auto, (max-width: 250px) 100vw, 250px\" \/><\/div>\n\t\t<\/figure>\n\t<\/div>\n<\/div><\/div><\/div><div class=\"wpb_column vc_column_container vc_col-sm-10\"><div class=\"vc_column-inner\"><div class=\"wpb_wrapper\"><div class=\"vc_empty_space\"   style=\"height: 15px\"><span class=\"vc_empty_space_inner\"><\/span><\/div>\n\t<div class=\"wpb_text_column wpb_content_element\" >\n\t\t<div class=\"wpb_wrapper\">\n\t\t\t<p style=\"text-align: justify;\">Setzen Sie sich damit auseinander, welche Bedeutung Ihre pers\u00f6nlichen\/ individuellen Diversit\u00e4tsmerkmale auf Ihre zuku\u0308nftige Lehrer*innenrolle (in Bezug auf Ihren Unterricht, Ihre Schu\u0308ler*innen und Kolleg*innen) haben k\u00f6nnen.<\/p>\n\n\t\t<\/div>\n\t<\/div>\n<\/div><\/div><\/div><\/div><div class=\"vc_empty_space\"   style=\"height: 20px\"><span class=\"vc_empty_space_inner\"><\/span><\/div>\n\t<div class=\"wpb_text_column wpb_content_element\" id=\"lernteam_bias\">\n\t\t<div class=\"wpb_wrapper\">\n\t\t\t<h3>2.2 Lernteamaufgabe Vorurteile, Stereotype und Verzerrungseffekte<\/h3>\n\n\t\t<\/div>\n\t<\/div>\n<div class=\"vc_empty_space\"   style=\"height: 20px\"><span class=\"vc_empty_space_inner\"><\/span><\/div><div class=\"vc_row wpb_row vc_inner vc_row-fluid\"><div class=\"wpb_column vc_column_container vc_col-sm-2\"><div class=\"vc_column-inner\"><div class=\"wpb_wrapper\">\n\t<div  class=\"wpb_single_image wpb_content_element vc_align_left wpb_content_element\">\n\t\t\n\t\t<figure class=\"wpb_wrapper vc_figure\">\n\t\t\t<div class=\"vc_single_image-wrapper   vc_box_border_grey\"><img loading=\"lazy\" decoding=\"async\" width=\"150\" height=\"150\" src=\"https:\/\/zfl-lernen.de\/wp-content\/uploads\/Grafik_Seminar-2-150x150.png\" class=\"vc_single_image-img attachment-thumbnail\" alt=\"Icon Lernteamsitzungen in den Praxisphasen\" title=\"Grafik_Seminar (2)\" srcset=\"https:\/\/zfl-lernen.de\/wp-content\/uploads\/Grafik_Seminar-2-150x150.png 150w, https:\/\/zfl-lernen.de\/wp-content\/uploads\/Grafik_Seminar-2-12x12.png 12w, https:\/\/zfl-lernen.de\/wp-content\/uploads\/Grafik_Seminar-2.png 250w\" sizes=\"auto, (max-width: 150px) 100vw, 150px\" \/><\/div>\n\t\t<\/figure>\n\t<\/div>\n<\/div><\/div><\/div><div class=\"wpb_column vc_column_container vc_col-sm-10\"><div class=\"vc_column-inner\"><div class=\"wpb_wrapper\">\n\t<div class=\"wpb_text_column wpb_content_element\" >\n\t\t<div class=\"wpb_wrapper\">\n\t\t\t<p style=\"text-align: justify;\">Schauen Sie sich anschlie\u00dfend die sechs Videos der New York Times an (<a href=\"https:\/\/www.nytimes.com\/video\/us\/100000004818663\/peanut-butter-jelly-and-racism.html\" target=\"_blank\" rel=\"noopener\">\u201eWho, Me? Biased?\u201c<\/a>). Tauschen Sie sich dazu vor dem Hintergrund Ihrer Testergebnisse aus dem vorherigen Impuls aus. Bleiben Sie hier gerne auf der Metaebene, wenn Sie sich zu Ihrem Testergebnis nicht konkret \u00e4u\u00dfern wollen.<\/p>\n<ul>\n<li style=\"text-align: justify;\">Hat Ihr Testergebnis Sie \u00fcberrascht? Wenn ja\/nein, inwiefern?<\/li>\n<li style=\"text-align: justify;\">Was haben die Videos in Ihnen ausgel\u00f6st? Was sehen Sie jetzt anders als zuvor?<\/li>\n<li style=\"text-align: justify;\">Inwiefern k\u00f6nnten Ihre Erkenntnisse Ihr Erleben der Praktikumsphase beeinflussen?<\/li>\n<li style=\"text-align: justify;\">Inwieweit k\u00f6nnen Sie sich vorstellen, eben diese Erkenntnisse in Ihrer zuk\u00fcnftigen Rolle als Lehrperson zu beachten? Was k\u00f6nnten Hindernisse sein? Haben Sie Ideen, wie Sie damit umgehen k\u00f6nnten?<\/li>\n<\/ul>\n\n\t\t<\/div>\n\t<\/div>\n<\/div><\/div><\/div><\/div><div class=\"vc_empty_space\"   style=\"height: 40px\"><span class=\"vc_empty_space_inner\"><\/span><\/div><div class=\"vc_separator wpb_content_element vc_separator_align_center vc_sep_width_100 vc_sep_dotted vc_sep_pos_align_center vc_separator_no_text vc_sep_color_black wpb_content_element  wpb_content_element\" ><span class=\"vc_sep_holder vc_sep_holder_l\"><span class=\"vc_sep_line\"><\/span><\/span><span class=\"vc_sep_holder vc_sep_holder_r\"><span class=\"vc_sep_line\"><\/span><\/span>\n<\/div><div class=\"vc_empty_space\"   style=\"height: 40px\"><span class=\"vc_empty_space_inner\"><\/span><\/div>\n\t<div class=\"wpb_text_column wpb_content_element\" id=\"formen_diskriminierung\">\n\t\t<div class=\"wpb_wrapper\">\n\t\t\t<h3>3. Formen der Diskriminierung<\/h3>\n\n\t\t<\/div>\n\t<\/div>\n<div class=\"vc_empty_space\"   style=\"height: 20px\"><span class=\"vc_empty_space_inner\"><\/span><\/div>\n\t<div class=\"wpb_text_column wpb_content_element\" >\n\t\t<div class=\"wpb_wrapper\">\n\t\t\t<p>Im folgenden mit <strong><a href=\"https:\/\/h5p.org\/\" target=\"_blank\" rel=\"noopener\">H5P<\/a><\/strong>-erstellten interaktiven Element haben wir Grundlagen zum Thema Diskriminierungsformen geb\u00fcndelt. Dabei erhalten Sie insbesondere einen \u00dcberblick \u00fcber Institutionelle Diskriminierung.<\/p>\n\n\t\t<\/div>\n\t<\/div>\n<div class=\"vc_empty_space\"   style=\"height: 20px\"><span class=\"vc_empty_space_inner\"><\/span><\/div>\n\t<div class=\"wpb_text_column wpb_content_element\" id=\"material_diskriminierungsformen\">\n\t\t<div class=\"wpb_wrapper\">\n\t\t\t<div class=\"h5p-iframe-wrapper\"><iframe id=\"h5p-iframe-1576\" class=\"h5p-iframe\" data-content-id=\"1576\" style=\"height:1px\" src=\"about:blank\" frameborder=\"0\" scrolling=\"no\" title=\"Formen der Diskriminierung\"><\/iframe><\/div>\n\n\t\t<\/div>\n\t<\/div>\n<div class=\"vc_empty_space\"   style=\"height: 20px\"><span class=\"vc_empty_space_inner\"><\/span><\/div>\n\t<div class=\"wpb_text_column wpb_content_element\" id=\"lernteam_diskriminierungsformen\">\n\t\t<div class=\"wpb_wrapper\">\n\t\t\t<h3>3.1 Lernteamaufgabe Formen der Diskriminierung<\/h3>\n\n\t\t<\/div>\n\t<\/div>\n<div class=\"vc_empty_space\"   style=\"height: 20px\"><span class=\"vc_empty_space_inner\"><\/span><\/div><div class=\"vc_row wpb_row vc_inner vc_row-fluid\"><div class=\"wpb_column vc_column_container vc_col-sm-2\"><div class=\"vc_column-inner\"><div class=\"wpb_wrapper\">\n\t<div  class=\"wpb_single_image wpb_content_element vc_align_left wpb_content_element\">\n\t\t\n\t\t<figure class=\"wpb_wrapper vc_figure\">\n\t\t\t<div class=\"vc_single_image-wrapper   vc_box_border_grey\"><img loading=\"lazy\" decoding=\"async\" width=\"150\" height=\"150\" src=\"https:\/\/zfl-lernen.de\/wp-content\/uploads\/Grafik_Seminar-2-150x150.png\" class=\"vc_single_image-img attachment-thumbnail\" alt=\"Icon Lernteamsitzungen in den Praxisphasen\" title=\"Grafik_Seminar (2)\" srcset=\"https:\/\/zfl-lernen.de\/wp-content\/uploads\/Grafik_Seminar-2-150x150.png 150w, https:\/\/zfl-lernen.de\/wp-content\/uploads\/Grafik_Seminar-2-12x12.png 12w, https:\/\/zfl-lernen.de\/wp-content\/uploads\/Grafik_Seminar-2.png 250w\" sizes=\"auto, (max-width: 150px) 100vw, 150px\" \/><\/div>\n\t\t<\/figure>\n\t<\/div>\n<\/div><\/div><\/div><div class=\"wpb_column vc_column_container vc_col-sm-10\"><div class=\"vc_column-inner\"><div class=\"wpb_wrapper\">\n\t<div class=\"wpb_text_column wpb_content_element\" >\n\t\t<div class=\"wpb_wrapper\">\n\t\t\t<p style=\"text-align: justify;\">Bitte suchen Sie sich jede*r mindestens zwei Begriffe aus und recherchieren Sie anhand der angegebenen Quellenangaben bzw. Hinweise die Definitionen dieser Begriffe. Stellen Sie Ihre Begriffsdefinitionen\u00a0einander im Lernteam gegenseitig vor und kommen in den Austausch \u00fcber die Zusammenh\u00e4nge Ihrer Begriffe.<\/p>\n\n\t\t<\/div>\n\t<\/div>\n<\/div><\/div><\/div><\/div><div class=\"vc_empty_space\"   style=\"height: 20px\"><span class=\"vc_empty_space_inner\"><\/span><\/div>\n\t<div class=\"wpb_text_column wpb_content_element\" id=\"portfolio_diskriminierung_institutionell\">\n\t\t<div class=\"wpb_wrapper\">\n\t\t\t<h3>ePortfolio-Aufgabe Institutionelle Diskriminierung<\/h3>\n\n\t\t<\/div>\n\t<\/div>\n<div class=\"vc_empty_space\"   style=\"height: 20px\"><span class=\"vc_empty_space_inner\"><\/span><\/div><div class=\"vc_row wpb_row vc_inner vc_row-fluid\"><div class=\"wpb_column vc_column_container vc_col-sm-2\"><div class=\"vc_column-inner\"><div class=\"wpb_wrapper\">\n\t<div  class=\"wpb_single_image wpb_content_element vc_align_left wpb_content_element\">\n\t\t\n\t\t<figure class=\"wpb_wrapper vc_figure\">\n\t\t\t<div class=\"vc_single_image-wrapper   vc_box_border_grey\"><img loading=\"lazy\" decoding=\"async\" width=\"150\" height=\"150\" src=\"https:\/\/zfl-lernen.de\/wp-content\/uploads\/Grafik_Portfolio-3-150x150.png\" class=\"vc_single_image-img attachment-thumbnail\" alt=\"Icon Portfolio Aufgabe Praxisphasen\" title=\"Grafik_Portfolio (3)\" srcset=\"https:\/\/zfl-lernen.de\/wp-content\/uploads\/Grafik_Portfolio-3-150x150.png 150w, https:\/\/zfl-lernen.de\/wp-content\/uploads\/Grafik_Portfolio-3-12x12.png 12w, https:\/\/zfl-lernen.de\/wp-content\/uploads\/Grafik_Portfolio-3.png 250w\" sizes=\"auto, (max-width: 150px) 100vw, 150px\" \/><\/div>\n\t\t<\/figure>\n\t<\/div>\n<\/div><\/div><\/div><div class=\"wpb_column vc_column_container vc_col-sm-10\"><div class=\"vc_column-inner\"><div class=\"wpb_wrapper\"><div class=\"vc_empty_space\"   style=\"height: 20px\"><span class=\"vc_empty_space_inner\"><\/span><\/div>\n\t<div class=\"wpb_text_column wpb_content_element\" >\n\t\t<div class=\"wpb_wrapper\">\n\t\t\t<p><strong>ePortfolio: Bearbeiten Sie f\u00fcr Ihr ePortfolio folgende Fragen direkt in dem untenstehenden Tool.<\/strong><\/p>\n<blockquote>\n<p><em>Die Eingaben im Tool sind nur f\u00fcr Sie pers\u00f6nlich und werden nicht \u00fcbermittelt. Bitte achten Sie trotzdem darauf, keine Klarnamen und sensiblen Daten aufzunehmen! \u00dcber den Pfeil oder \u00fcber die linke Navigation gelangen Sie zu den Fragen. Wenn Sie die Fragen bearbeitet haben, k\u00f6nnen Sie die Texte exportieren und Teile daraus f\u00fcr Ihr Portfolio oder andere Zwecke verwenden.<\/em><\/p>\n<\/blockquote>\n<div class=\"h5p-iframe-wrapper\"><iframe id=\"h5p-iframe-919\" class=\"h5p-iframe\" data-content-id=\"919\" style=\"height:1px\" src=\"about:blank\" frameborder=\"0\" scrolling=\"no\" title=\"ZfL_EOP_Wahlthema_Diversit\u00e4t_Institutionelle Diskriminierung\"><\/iframe><\/div>\n\n\t\t<\/div>\n\t<\/div>\n<\/div><\/div><\/div><\/div><div class=\"vc_empty_space\"   style=\"height: 20px\"><span class=\"vc_empty_space_inner\"><\/span><\/div><div class=\"vc_separator wpb_content_element vc_separator_align_center vc_sep_width_100 vc_sep_dotted vc_sep_pos_align_center vc_separator_no_text vc_sep_color_black wpb_content_element  wpb_content_element\" ><span class=\"vc_sep_holder vc_sep_holder_l\"><span class=\"vc_sep_line\"><\/span><\/span><span class=\"vc_sep_holder vc_sep_holder_r\"><span class=\"vc_sep_line\"><\/span><\/span>\n<\/div><div class=\"vc_empty_space\"   style=\"height: 20px\"><span class=\"vc_empty_space_inner\"><\/span><\/div>\n\t<div class=\"wpb_text_column wpb_content_element\" id=\"beobachtung_diversit\u00e4t\">\n\t\t<div class=\"wpb_wrapper\">\n\t\t\t<h3>4. Beobachtungsaufgabe<\/h3>\n\n\t\t<\/div>\n\t<\/div>\n<div class=\"vc_empty_space\"   style=\"height: 20px\"><span class=\"vc_empty_space_inner\"><\/span><\/div><div class=\"vc_row wpb_row vc_inner vc_row-fluid\"><div class=\"wpb_column vc_column_container vc_col-sm-2\"><div class=\"vc_column-inner\"><div class=\"wpb_wrapper\">\n\t<div  class=\"wpb_single_image wpb_content_element vc_align_left wpb_content_element\">\n\t\t\n\t\t<figure class=\"wpb_wrapper vc_figure\">\n\t\t\t<div class=\"vc_single_image-wrapper   vc_box_border_grey\"><img loading=\"lazy\" decoding=\"async\" width=\"150\" height=\"150\" src=\"https:\/\/zfl-lernen.de\/wp-content\/uploads\/Grafik_Forschendes_Lernen-150x150.png\" class=\"vc_single_image-img attachment-thumbnail\" alt=\"Icon Forschendes Lernen\" title=\"Grafik_Forschendes_Lernen\" srcset=\"https:\/\/zfl-lernen.de\/wp-content\/uploads\/Grafik_Forschendes_Lernen-150x150.png 150w, https:\/\/zfl-lernen.de\/wp-content\/uploads\/Grafik_Forschendes_Lernen-12x12.png 12w, https:\/\/zfl-lernen.de\/wp-content\/uploads\/Grafik_Forschendes_Lernen.png 250w\" sizes=\"auto, (max-width: 150px) 100vw, 150px\" \/><\/div>\n\t\t<\/figure>\n\t<\/div>\n<\/div><\/div><\/div><div class=\"wpb_column vc_column_container vc_col-sm-10\"><div class=\"vc_column-inner\"><div class=\"wpb_wrapper\"><div class=\"vc_empty_space\"   style=\"height: 20px\"><span class=\"vc_empty_space_inner\"><\/span><\/div>\n\t<div class=\"wpb_text_column wpb_content_element\" >\n\t\t<div class=\"wpb_wrapper\">\n\t\t\t<p style=\"text-align: justify;\">Nun ist es an der Zeit, sich Gedanken zu machen, mit welcher Zielsetzung Sie ins Praktikum gehen. Planen Sie Ihre Beobachtungsaufgabe. Womit m\u00f6chten Sie sich in Ihrem Praktikum schwerpunktm\u00e4\u00dfig besch\u00e4ftigen?<\/p>\n<p style=\"text-align: justify;\">Auf der Seite \u201e<strong><a href=\"https:\/\/zfl-lernen.de\/en\/online-kurs\/praxisphasentransparenz\/eop-digitaler-begleitkurs\/forschendes-lernen-eop\/beobachtung\/\" target=\"_blank\" rel=\"noopener\">Beobachtung<\/a><\/strong>\u201c erhalten Sie weitere Informationen zur Durchf\u00fchrung der Beobachtung. Sie k\u00f6nnen diese mit einer Fragestellung Ihrer Wahl durchf\u00fchren. Wenn Sie die Beobachtung in Bezug zum Wahlthema Diversit\u00e4t durchf\u00fchren m\u00f6chten, erhalten Sie im Folgenden Ideen f\u00fcr m\u00f6gliche Beobachtungen und k\u00f6nnen Ihre Beobachtungsfrage formulieren.<\/p>\n\n\t\t<\/div>\n\t<\/div>\n<\/div><\/div><\/div><\/div><div class=\"vc_empty_space\"   style=\"height: 40px\"><span class=\"vc_empty_space_inner\"><\/span><\/div><div class=\"vc_separator wpb_content_element vc_separator_align_center vc_sep_width_100 vc_sep_dotted vc_sep_pos_align_center vc_separator_no_text vc_sep_color_black wpb_content_element  wpb_content_element\" ><span class=\"vc_sep_holder vc_sep_holder_l\"><span class=\"vc_sep_line\"><\/span><\/span><span class=\"vc_sep_holder vc_sep_holder_r\"><span class=\"vc_sep_line\"><\/span><\/span>\n<\/div><div class=\"vc_empty_space\"   style=\"height: 20px\"><span class=\"vc_empty_space_inner\"><\/span><\/div><\/div><\/div><\/div><\/div><div class=\"vc_row wpb_row vc_row-fluid\"><div class=\"wpb_column vc_column_container vc_col-sm-12\"><div class=\"vc_column-inner\"><div class=\"wpb_wrapper\"><div class=\"vc_row wpb_row vc_inner vc_row-fluid\"><div class=\"wpb_column vc_column_container vc_col-sm-2\"><div class=\"vc_column-inner\"><div class=\"wpb_wrapper\">\n\t<div  class=\"wpb_single_image wpb_content_element vc_align_left wpb_content_element\">\n\t\t\n\t\t<figure class=\"wpb_wrapper vc_figure\">\n\t\t\t<div class=\"vc_single_image-wrapper   vc_box_border_grey\"><img loading=\"lazy\" decoding=\"async\" width=\"150\" height=\"150\" src=\"https:\/\/zfl-lernen.de\/wp-content\/uploads\/BRANCHING_SZENARIO_2-150x150.png\" class=\"vc_single_image-img attachment-thumbnail\" alt=\"Icon W\u00e4hrend des Praktikums\" title=\"BRANCHING_SZENARIO_2\" srcset=\"https:\/\/zfl-lernen.de\/wp-content\/uploads\/BRANCHING_SZENARIO_2-150x150.png 150w, https:\/\/zfl-lernen.de\/wp-content\/uploads\/BRANCHING_SZENARIO_2.png 177w\" sizes=\"auto, (max-width: 150px) 100vw, 150px\" \/><\/div>\n\t\t<\/figure>\n\t<\/div>\n<\/div><\/div><\/div><div class=\"wpb_column vc_column_container vc_col-sm-10\" id=\"w\u00e4hrend\"><div class=\"vc_column-inner\"><div class=\"wpb_wrapper\">\n\t<div class=\"wpb_text_column wpb_content_element\" id=\"w\u00e4hrend\">\n\t\t<div class=\"wpb_wrapper\">\n\t\t\t<h3>2. W\u00e4hrend des Praktikums<\/h3>\n\n\t\t<\/div>\n\t<\/div>\n<div class=\"vc_empty_space\"   style=\"height: 20px\"><span class=\"vc_empty_space_inner\"><\/span><\/div><\/div><\/div><\/div><\/div><div class=\"vc_row wpb_row vc_inner vc_row-fluid\"><div class=\"wpb_column vc_column_container vc_col-sm-12\"><div class=\"vc_column-inner\"><div class=\"wpb_wrapper\">\n\t<div class=\"wpb_text_column wpb_content_element\" id=\"material_sprache_wirklichkeit\">\n\t\t<div class=\"wpb_wrapper\">\n\t\t\t<h3>Sprache formt Wirklichkeit<\/h3>\n\n\t\t<\/div>\n\t<\/div>\n<div class=\"vc_empty_space\"   style=\"height: 20px\"><span class=\"vc_empty_space_inner\"><\/span><\/div>\n\t<div class=\"wpb_text_column wpb_content_element\" >\n\t\t<div class=\"wpb_wrapper\">\n\t\t\t<p>Im folgenden mit <strong><a href=\"https:\/\/h5p.org\/\" target=\"_blank\" rel=\"noopener\">H5P<\/a><\/strong>-erstellten interaktiven Element haben wir Grundlagen zum Verh\u00e4ltnis von Sprache und Wirklichkeit geb\u00fcndelt. Dabei erhalten Sie insbesondere ein aktuelles Beispiel zum Thema Fremd- und Selbstbezeichnung.<\/p>\n\n\t\t<\/div>\n\t<\/div>\n<div class=\"vc_empty_space\"   style=\"height: 20px\"><span class=\"vc_empty_space_inner\"><\/span><\/div>\n\t<div class=\"wpb_text_column wpb_content_element\" id=\"material_sprache_wirklichkeit\">\n\t\t<div class=\"wpb_wrapper\">\n\t\t\t<div class=\"h5p-iframe-wrapper\"><iframe id=\"h5p-iframe-1577\" class=\"h5p-iframe\" data-content-id=\"1577\" style=\"height:1px\" src=\"about:blank\" frameborder=\"0\" scrolling=\"no\" title=\"Sprache &amp; Wirklichkeit\"><\/iframe><\/div>\n\n\t\t<\/div>\n\t<\/div>\n<div class=\"vc_empty_space\"   style=\"height: 20px\"><span class=\"vc_empty_space_inner\"><\/span><\/div>\n\t<div class=\"wpb_text_column wpb_content_element\" id=\"portfolio_sprache_wirklichkeit\">\n\t\t<div class=\"wpb_wrapper\">\n\t\t\t<h3>ePortfolio-Aufgabe Sprache formt Wirklichkeit<\/h3>\n\n\t\t<\/div>\n\t<\/div>\n<\/div><\/div><\/div><\/div><div class=\"vc_row wpb_row vc_inner vc_row-fluid\"><div class=\"wpb_column vc_column_container vc_col-sm-2\"><div class=\"vc_column-inner\"><div class=\"wpb_wrapper\">\n\t<div  class=\"wpb_single_image wpb_content_element vc_align_left wpb_content_element\">\n\t\t\n\t\t<figure class=\"wpb_wrapper vc_figure\">\n\t\t\t<div class=\"vc_single_image-wrapper   vc_box_border_grey\"><img loading=\"lazy\" decoding=\"async\" width=\"150\" height=\"150\" src=\"https:\/\/zfl-lernen.de\/wp-content\/uploads\/Grafik_Portfolio-3-150x150.png\" class=\"vc_single_image-img attachment-thumbnail\" alt=\"Icon Portfolio Aufgabe Praxisphasen\" title=\"Grafik_Portfolio (3)\" srcset=\"https:\/\/zfl-lernen.de\/wp-content\/uploads\/Grafik_Portfolio-3-150x150.png 150w, https:\/\/zfl-lernen.de\/wp-content\/uploads\/Grafik_Portfolio-3-12x12.png 12w, https:\/\/zfl-lernen.de\/wp-content\/uploads\/Grafik_Portfolio-3.png 250w\" sizes=\"auto, (max-width: 150px) 100vw, 150px\" \/><\/div>\n\t\t<\/figure>\n\t<\/div>\n<\/div><\/div><\/div><div class=\"wpb_column vc_column_container vc_col-sm-10\"><div class=\"vc_column-inner\"><div class=\"wpb_wrapper\"><div class=\"vc_empty_space\"   style=\"height: 20px\"><span class=\"vc_empty_space_inner\"><\/span><\/div>\n\t<div class=\"wpb_text_column wpb_content_element\" >\n\t\t<div class=\"wpb_wrapper\">\n\t\t\t<p><strong>ePortfolio: Bearbeiten Sie f\u00fcr Ihr ePortfolio folgende Fragen direkt in dem untenstehenden Tool.<\/strong><\/p>\n<blockquote>\n<p><em>Die Eingaben im Tool sind nur f\u00fcr Sie pers\u00f6nlich und werden nicht \u00fcbermittelt. Bitte achten Sie trotzdem darauf, keine Klarnamen und sensiblen Daten aufzunehmen! \u00dcber den Pfeil oder \u00fcber die linke Navigation gelangen Sie zu den Fragen. Wenn Sie die Fragen bearbeitet haben, k\u00f6nnen Sie die Texte exportieren und Teile daraus f\u00fcr Ihr Portfolio oder andere Zwecke verwenden.<\/em><\/p>\n<\/blockquote>\n<div class=\"h5p-iframe-wrapper\"><iframe id=\"h5p-iframe-920\" class=\"h5p-iframe\" data-content-id=\"920\" style=\"height:1px\" src=\"about:blank\" frameborder=\"0\" scrolling=\"no\" title=\"ZfL_EOP_Wahlthema_Diversit\u00e4t_Sprache formt Wirklichkeit_W\u00e4hrend\"><\/iframe><\/div>\n\n\t\t<\/div>\n\t<\/div>\n<\/div><\/div><\/div><\/div><div class=\"vc_empty_space\"   style=\"height: 20px\"><span class=\"vc_empty_space_inner\"><\/span><\/div><div class=\"vc_separator wpb_content_element vc_separator_align_center vc_sep_width_100 vc_sep_dotted vc_sep_pos_align_center vc_separator_no_text vc_sep_color_black wpb_content_element  wpb_content_element\" ><span class=\"vc_sep_holder vc_sep_holder_l\"><span class=\"vc_sep_line\"><\/span><\/span><span class=\"vc_sep_holder vc_sep_holder_r\"><span class=\"vc_sep_line\"><\/span><\/span>\n<\/div><div class=\"vc_empty_space\"   style=\"height: 20px\"><span class=\"vc_empty_space_inner\"><\/span><\/div><\/div><\/div><\/div><\/div><div class=\"vc_row wpb_row vc_row-fluid\"><div class=\"wpb_column vc_column_container vc_col-sm-12\"><div class=\"vc_column-inner\"><div class=\"wpb_wrapper\"><div class=\"vc_row wpb_row vc_inner vc_row-fluid\"><div class=\"wpb_column vc_column_container vc_col-sm-3\"><div class=\"vc_column-inner\"><div class=\"wpb_wrapper\">\n\t<div  class=\"wpb_single_image wpb_content_element vc_align_left wpb_content_element\">\n\t\t\n\t\t<figure class=\"wpb_wrapper vc_figure\">\n\t\t\t<div class=\"vc_single_image-wrapper   vc_box_border_grey\"><img loading=\"lazy\" decoding=\"async\" width=\"150\" height=\"150\" src=\"https:\/\/zfl-lernen.de\/wp-content\/uploads\/BRANCHING_SZENARIO_3-150x150.png\" class=\"vc_single_image-img attachment-thumbnail\" alt=\"Icon nach dem Praktikum\" title=\"BRANCHING_SZENARIO_3\" srcset=\"https:\/\/zfl-lernen.de\/wp-content\/uploads\/BRANCHING_SZENARIO_3-150x150.png 150w, https:\/\/zfl-lernen.de\/wp-content\/uploads\/BRANCHING_SZENARIO_3.png 178w\" sizes=\"auto, (max-width: 150px) 100vw, 150px\" \/><\/div>\n\t\t<\/figure>\n\t<\/div>\n<\/div><\/div><\/div><div class=\"wpb_column vc_column_container vc_col-sm-9\"><div class=\"vc_column-inner\"><div class=\"wpb_wrapper\">\n\t<div class=\"wpb_text_column wpb_content_element\" id=\"nachdiversity\">\n\t\t<div class=\"wpb_wrapper\">\n\t\t\t<h3>3. Nach dem Praktikum<\/h3>\n\n\t\t<\/div>\n\t<\/div>\n<div class=\"vc_empty_space\"   style=\"height: 20px\"><span class=\"vc_empty_space_inner\"><\/span><\/div><\/div><\/div><\/div><\/div><\/div><\/div><\/div><\/div><div class=\"vc_row wpb_row vc_row-fluid\"><div class=\"wpb_column vc_column_container vc_col-sm-12\"><div class=\"vc_column-inner\"><div class=\"wpb_wrapper\">\n\t<div class=\"wpb_text_column wpb_content_element\" id=\"portfolio_r\u00fcckblick\">\n\t\t<div class=\"wpb_wrapper\">\n\t\t\t<h3 id=\"r\u00fcckblick\">ePortfolio-Aufgabe R\u00fcckblick<\/h3>\n\n\t\t<\/div>\n\t<\/div>\n<div class=\"vc_empty_space\"   style=\"height: 20px\"><span class=\"vc_empty_space_inner\"><\/span><\/div><div class=\"vc_row wpb_row vc_inner vc_row-fluid\"><div class=\"wpb_column vc_column_container vc_col-sm-2\"><div class=\"vc_column-inner\"><div class=\"wpb_wrapper\">\n\t<div  class=\"wpb_single_image wpb_content_element vc_align_left wpb_content_element\">\n\t\t\n\t\t<figure class=\"wpb_wrapper vc_figure\">\n\t\t\t<div class=\"vc_single_image-wrapper   vc_box_border_grey\"><img loading=\"lazy\" decoding=\"async\" width=\"150\" height=\"150\" src=\"https:\/\/zfl-lernen.de\/wp-content\/uploads\/Grafik_Portfolio-3-150x150.png\" class=\"vc_single_image-img attachment-thumbnail\" alt=\"Icon Portfolio Aufgabe Praxisphasen\" title=\"Grafik_Portfolio (3)\" srcset=\"https:\/\/zfl-lernen.de\/wp-content\/uploads\/Grafik_Portfolio-3-150x150.png 150w, https:\/\/zfl-lernen.de\/wp-content\/uploads\/Grafik_Portfolio-3-12x12.png 12w, https:\/\/zfl-lernen.de\/wp-content\/uploads\/Grafik_Portfolio-3.png 250w\" sizes=\"auto, (max-width: 150px) 100vw, 150px\" \/><\/div>\n\t\t<\/figure>\n\t<\/div>\n<\/div><\/div><\/div><div class=\"wpb_column vc_column_container vc_col-sm-10\"><div class=\"vc_column-inner\"><div class=\"wpb_wrapper\"><div class=\"vc_empty_space\"   style=\"height: 20px\"><span class=\"vc_empty_space_inner\"><\/span><\/div>\n\t<div class=\"wpb_text_column wpb_content_element\" >\n\t\t<div class=\"wpb_wrapper\">\n\t\t\t<p><strong>ePortfolio: Bearbeiten Sie f\u00fcr Ihr ePortfolio folgende Fragen direkt in dem untenstehenden Tool.<\/strong><\/p>\n<blockquote>\n<p><em>Die Eingaben im Tool sind nur f\u00fcr Sie pers\u00f6nlich und werden nicht \u00fcbermittelt. Bitte achten Sie trotzdem darauf, keine Klarnamen und sensiblen Daten aufzunehmen! \u00dcber den Pfeil oder \u00fcber die linke Navigation gelangen Sie zu den Fragen. Wenn Sie die Fragen bearbeitet haben, k\u00f6nnen Sie die Texte exportieren und Teile daraus f\u00fcr Ihr Portfolio oder andere Zwecke verwenden.<\/em><\/p>\n<\/blockquote>\n<div class=\"h5p-iframe-wrapper\"><iframe id=\"h5p-iframe-921\" class=\"h5p-iframe\" data-content-id=\"921\" style=\"height:1px\" src=\"about:blank\" frameborder=\"0\" scrolling=\"no\" title=\"ZfL_EOP_Wahlthema_Diversit\u00e4t_R\u00fcckblick_Nach\"><\/iframe><\/div>\n\n\t\t<\/div>\n\t<\/div>\n<\/div><\/div><\/div><\/div><div class=\"vc_empty_space\"   style=\"height: 20px\"><span class=\"vc_empty_space_inner\"><\/span><\/div>\n\t<div class=\"wpb_text_column wpb_content_element\" >\n\t\t<div class=\"wpb_wrapper\">\n\t\t\t<p style=\"text-align: justify;\">Sie haben sich nun w\u00e4hrend Ihrer gesamten Praxisphase mit dem Thema &#8222;Diversit\u00e4t in der Schule&#8220; auseinandergesetzt. Wie bereits eingangs beschrieben, erhebt dieses Thema an dieser Stelle keinen Anspruch auf Vollst\u00e4ndigkeit und kann es auch gar nicht. Sie werden sicherlich gemerkt haben, wie komplex und vielschichtig das Thema ist. Hier finden Sie weitere Hinweise, wenn Sie sich noch einmal vertiefen m\u00f6chten.<\/p>\n\n\t\t<\/div>\n\t<\/div>\n<div class=\"vc_empty_space\"   style=\"height: 40px\"><span class=\"vc_empty_space_inner\"><\/span><\/div><div class=\"vc_separator wpb_content_element vc_separator_align_center vc_sep_width_100 vc_sep_dotted vc_sep_pos_align_center vc_separator_no_text vc_sep_color_black wpb_content_element  wpb_content_element\" ><span class=\"vc_sep_holder vc_sep_holder_l\"><span class=\"vc_sep_line\"><\/span><\/span><span class=\"vc_sep_holder vc_sep_holder_r\"><span class=\"vc_sep_line\"><\/span><\/span>\n<\/div><div class=\"vc_empty_space\"   style=\"height: 20px\"><span class=\"vc_empty_space_inner\"><\/span><\/div><\/div><\/div><\/div><\/div><div class=\"vc_row wpb_row vc_row-fluid\"><div class=\"wpb_column vc_column_container vc_col-sm-12\"><div class=\"vc_column-inner\"><div class=\"wpb_wrapper\">\n\t<div class=\"wpb_text_column wpb_content_element\" id=\"ausblickdiversity\">\n\t\t<div class=\"wpb_wrapper\">\n\t\t\t<h3 id=\"ausblick\">Ausblick<\/h3>\n\n\t\t<\/div>\n\t<\/div>\n<div class=\"vc_empty_space\"   style=\"height: 20px\"><span class=\"vc_empty_space_inner\"><\/span><\/div>\n\t<div class=\"wpb_text_column wpb_content_element\" >\n\t\t<div class=\"wpb_wrapper\">\n\t\t\t<p><strong>Wie kann es f\u00fcr mich weitergehen?<\/strong><\/p>\n<p style=\"text-align: justify;\">Falls Sie in Ihrem EOP feststellen, dass Sie sich n\u00e4her mit dem Thema im p\u00e4dagogischen Rahmen besch\u00e4ftigen m\u00f6chten, gibt es noch weitere Projekte, welche Sie im BFP (Berufsfeldpraktikum) belegen k\u00f6nnen. Au\u00dferdem finden Sie hier Hinweise zu studentischen Initiativen, die Sie bei Interesse kontaktieren k\u00f6nnen.<\/p>\n\n\t\t<\/div>\n\t<\/div>\n<div class=\"vc_empty_space\"   style=\"height: 20px\"><span class=\"vc_empty_space_inner\"><\/span><\/div><div class=\"vc_row wpb_row vc_inner vc_row-fluid\"><div class=\"wpb_column vc_column_container vc_col-sm-4\"><div class=\"vc_column-inner\"><div class=\"wpb_wrapper\">\n\t<div  class=\"wpb_single_image wpb_content_element vc_align_left wpb_content_element\">\n\t\t\n\t\t<figure class=\"wpb_wrapper vc_figure\">\n\t\t\t<div class=\"vc_single_image-wrapper   vc_box_border_grey\"><img loading=\"lazy\" decoding=\"async\" width=\"300\" height=\"129\" src=\"https:\/\/zfl-lernen.de\/wp-content\/uploads\/PROMPT_Logo_2023_RGB_bunt-300x129.png\" class=\"vc_single_image-img attachment-medium\" alt=\"Logo Prompt! Bildungsteilhabe st\u00e4rken\" title=\"PROMPT_Logo_2023_RGB_bunt\" srcset=\"https:\/\/zfl-lernen.de\/wp-content\/uploads\/PROMPT_Logo_2023_RGB_bunt-300x129.png 300w, https:\/\/zfl-lernen.de\/wp-content\/uploads\/PROMPT_Logo_2023_RGB_bunt-768x331.png 768w, https:\/\/zfl-lernen.de\/wp-content\/uploads\/PROMPT_Logo_2023_RGB_bunt.png 842w\" sizes=\"auto, (max-width: 300px) 100vw, 300px\" \/><\/div>\n\t\t<\/figure>\n\t<\/div>\n\n\t<div class=\"wpb_text_column wpb_content_element\" >\n\t\t<div class=\"wpb_wrapper\">\n\t\t\t<p><em><sup class=\"sup\">Grafische Darstellung &#8222;Logo Prompt!&#8220; vom ZfL der Universit\u00e4t zu K\u00f6ln<\/sup><\/em><\/p>\n\n\t\t<\/div>\n\t<\/div>\n<\/div><\/div><\/div><div class=\"wpb_column vc_column_container vc_col-sm-8\"><div class=\"vc_column-inner\"><div class=\"wpb_wrapper\">\n\t<div class=\"wpb_text_column wpb_content_element\" >\n\t\t<div class=\"wpb_wrapper\">\n\t\t\t<p style=\"text-align: justify;\">Das Projekt \u201e<strong><a href=\"https:\/\/zfl.uni-koeln.de\/praxisphasen\/projekte\/prompt-bildungsteilhabe-staerken\" target=\"_blank\" rel=\"noreferrer noopener\">PROMPT!<\/a><\/strong>\u201c besch\u00e4ftigt sich besonders mit der Situation gefl\u00fcchteter Kinder und Jugendlicher. Lehramtsstudierenden der Universit\u00e4t zu K\u00f6ln im Bachelor bietet PROMPT! Gelegenheit, ihr Einstiegs- und Orientierungspraktikum (EOP) und ihr Berufsfeldpraktikum (BFP) entweder in einer K\u00f6lner Notunterkunft, in einem Sprachtandem mit jungen Erwachsenen oder in internationalen F\u00f6rderklassen bzw. Vorbereitungsklassen an einer K\u00f6lner Schule zu absolvieren, sie k\u00f6nnen zur Bewerbung direkt eine E-Mail schreiben (nicht \u00fcber Klips); Kontakt: <strong><a href=\"mailto:zfl-prompt@uni-koeln.de\" target=\"_blank\" rel=\"noopener\">zfl-prompt@uni-koeln.de<\/a><\/strong><\/p>\n\n\t\t<\/div>\n\t<\/div>\n<\/div><\/div><\/div><\/div><div class=\"vc_row wpb_row vc_inner vc_row-fluid\"><div class=\"wpb_column vc_column_container vc_col-sm-4\"><div class=\"vc_column-inner\"><div class=\"wpb_wrapper\">\n\t<div  class=\"wpb_single_image wpb_content_element vc_align_left wpb_content_element\">\n\t\t\n\t\t<figure class=\"wpb_wrapper vc_figure\">\n\t\t\t<div class=\"vc_single_image-wrapper   vc_box_border_grey\"><img loading=\"lazy\" decoding=\"async\" width=\"300\" height=\"147\" src=\"https:\/\/zfl-lernen.de\/wp-content\/uploads\/Weichenstellung_Logo-mit-Unterzeile-1-300x147.png\" class=\"vc_single_image-img attachment-medium\" alt=\"\" title=\"Weichenstellung_Logo-mit-Unterzeile\" srcset=\"https:\/\/zfl-lernen.de\/wp-content\/uploads\/Weichenstellung_Logo-mit-Unterzeile-1-300x147.png 300w, https:\/\/zfl-lernen.de\/wp-content\/uploads\/Weichenstellung_Logo-mit-Unterzeile-1-1024x502.png 1024w, https:\/\/zfl-lernen.de\/wp-content\/uploads\/Weichenstellung_Logo-mit-Unterzeile-1-768x376.png 768w, https:\/\/zfl-lernen.de\/wp-content\/uploads\/Weichenstellung_Logo-mit-Unterzeile-1-1536x752.png 1536w, https:\/\/zfl-lernen.de\/wp-content\/uploads\/Weichenstellung_Logo-mit-Unterzeile-1-2048x1003.png 2048w, https:\/\/zfl-lernen.de\/wp-content\/uploads\/Weichenstellung_Logo-mit-Unterzeile-1-18x9.png 18w\" sizes=\"auto, (max-width: 300px) 100vw, 300px\" \/><\/div>\n\t\t<\/figure>\n\t<\/div>\n<div class=\"vc_empty_space\"   style=\"height: 12px\"><span class=\"vc_empty_space_inner\"><\/span><\/div>\n\t<div class=\"wpb_text_column wpb_content_element\" >\n\t\t<div class=\"wpb_wrapper\">\n\t\t\t<p><em><sup class=\"sup\">Grafische Darstellung &#8222;Weichenstellung f\u00fcr Viertkl\u00e4ssler&#8220; des ZfL der Universit\u00e4t zu K\u00f6ln<\/sup><\/em><\/p>\n\n\t\t<\/div>\n\t<\/div>\n<\/div><\/div><\/div><div class=\"wpb_column vc_column_container vc_col-sm-8\"><div class=\"vc_column-inner\"><div class=\"wpb_wrapper\">\n\t<div class=\"wpb_text_column wpb_content_element\" >\n\t\t<div class=\"wpb_wrapper\">\n\t\t\t<p>Das Projekt &#8222;<strong><a href=\"https:\/\/zfl.uni-koeln.de\/praxisphasen\/projekte\/weichenstellung\" target=\"_blank\" rel=\"noreferrer noopener\">WEICHENSTELLUNG<\/a><\/strong>&#8220; begleitet Kinder beim \u00dcbergang in die weiterf\u00fchrende Schule.<\/p>\n<p style=\"text-align: justify;\"><strong><a href=\"https:\/\/zfl.uni-koeln.de\/praxisphasen\/projekte\/weichenstellung\" target=\"_blank\" rel=\"noopener\">WEICHENSTELLUNG Viertkl\u00e4ssler<\/a><\/strong> setzt sich f\u00fcr Chancengerechtigkeit in schulischen \u00dcbergangsphasen ein. Kindern und Jugendlichen soll der Zugang zu h\u00f6herer Bildung erm\u00f6glicht werden, indem studentische MentorInnen gezielt drei Sch\u00fcler*innen unterst\u00fctzen und auf ihrem Bildungsweg begleiten. WEICHENSTELLUNG ist eine Initiative der ZEIT-Stiftung Eberlin und Bucerius und wird an mehreren Standorten deutschlandweit mit unterschiedlichen Schwerpunkten durchgef\u00fchrt.<\/p>\n\n\t\t<\/div>\n\t<\/div>\n<\/div><\/div><\/div><\/div><div class=\"vc_row wpb_row vc_inner vc_row-fluid\"><div class=\"wpb_column vc_column_container vc_col-sm-4\"><div class=\"vc_column-inner\"><div class=\"wpb_wrapper\">\n\t<div  class=\"wpb_single_image wpb_content_element vc_align_left wpb_content_element\">\n\t\t\n\t\t<figure class=\"wpb_wrapper vc_figure\">\n\t\t\t<div class=\"vc_single_image-wrapper   vc_box_border_grey\"><img loading=\"lazy\" decoding=\"async\" width=\"300\" height=\"200\" src=\"https:\/\/zfl-lernen.de\/wp-content\/uploads\/bfp_3-2-300x200.jpg\" class=\"vc_single_image-img attachment-medium\" alt=\"Eine Hand malt mit Kreide einen wei\u00dfen Pfeil auf die Stra\u00dfe\" title=\"SONY DSC\" srcset=\"https:\/\/zfl-lernen.de\/wp-content\/uploads\/bfp_3-2-300x200.jpg 300w, https:\/\/zfl-lernen.de\/wp-content\/uploads\/bfp_3-2-1024x683.jpg 1024w, https:\/\/zfl-lernen.de\/wp-content\/uploads\/bfp_3-2-768x512.jpg 768w, https:\/\/zfl-lernen.de\/wp-content\/uploads\/bfp_3-2.jpg 1440w\" sizes=\"auto, (max-width: 300px) 100vw, 300px\" \/><\/div>\n\t\t<\/figure>\n\t<\/div>\n<div class=\"vc_empty_space\"   style=\"height: 12px\"><span class=\"vc_empty_space_inner\"><\/span><\/div>\n\t<div class=\"wpb_text_column wpb_content_element\" >\n\t\t<div class=\"wpb_wrapper\">\n\t\t\t<p><em><sup class=\"sup\">Hinweis: Dieses Bild ist aus der CC-Lizenz ausgenommen.<\/sup><\/em><\/p>\n\n\t\t<\/div>\n\t<\/div>\n<\/div><\/div><\/div><div class=\"wpb_column vc_column_container vc_col-sm-8\"><div class=\"vc_column-inner\"><div class=\"wpb_wrapper\">\n\t<div class=\"wpb_text_column wpb_content_element\" >\n\t\t<div class=\"wpb_wrapper\">\n\t\t\t<p style=\"text-align: justify;\">Auch Praktika in Jugendzentren, bei Vereinen oder kulturellen Einrichtungen (z.B. Theater), die sich mit Diversit\u00e4t, Bildungsgerechtigkeit und Inklusion auseinandersetzen, sind m\u00f6glich. Alle Informationen zu den Projekten im Berufsfeldpraktikum finden Sie auf der Website des ZfL zum <strong><a href=\"https:\/\/zfl-lernen.de\/en\/bfp-begleitkurs-digital\/\" target=\"_blank\" rel=\"noreferrer noopener\">Berufsfeldpraktikum<\/a>.<\/strong><\/p>\n\n\t\t<\/div>\n\t<\/div>\n<\/div><\/div><\/div><\/div><div class=\"vc_empty_space\"   style=\"height: 40px\"><span class=\"vc_empty_space_inner\"><\/span><\/div><div class=\"vc_separator wpb_content_element vc_separator_align_center vc_sep_width_100 vc_sep_dotted vc_sep_pos_align_center vc_separator_no_text vc_sep_color_black wpb_content_element  wpb_content_element\" ><span class=\"vc_sep_holder vc_sep_holder_l\"><span class=\"vc_sep_line\"><\/span><\/span><span class=\"vc_sep_holder vc_sep_holder_r\"><span class=\"vc_sep_line\"><\/span><\/span>\n<\/div><div class=\"vc_empty_space\"   style=\"height: 20px\"><span class=\"vc_empty_space_inner\"><\/span><\/div><\/div><\/div><\/div><\/div><div class=\"vc_row wpb_row vc_row-fluid\"><div class=\"wpb_column vc_column_container vc_col-sm-12\"><div class=\"vc_column-inner\"><div class=\"wpb_wrapper\"><div class=\"vc_row wpb_row vc_inner vc_row-fluid\"><div class=\"wpb_column vc_column_container vc_col-sm-12\"><div class=\"vc_column-inner\"><div class=\"wpb_wrapper\">\n\t<div class=\"wpb_text_column wpb_content_element\" >\n\t\t<div class=\"wpb_wrapper\">\n\t\t\t<h3 id=\"Hinweise\">Abschlie\u00dfende Hinweise<\/h3>\n\n\t\t<\/div>\n\t<\/div>\n<div class=\"vc_empty_space\"   style=\"height: 20px\"><span class=\"vc_empty_space_inner\"><\/span><\/div>\n\t<div class=\"wpb_text_column wpb_content_element\" >\n\t\t<div class=\"wpb_wrapper\">\n\t\t\t<details class=\"dropdown-content-details\">\n<summary class=\"dropdown-content-div\">\n<div class=\"dropdown-content-div\"><img loading=\"lazy\" decoding=\"async\" class=\"dropdown-content-img-course\" src=\"https:\/\/zfl-lernen.de\/wp-content\/uploads\/ico_nerd.png\" alt=\"\" width=\"250\" height=\"250\" \/><strong> Vertiefungsm\u00f6glichkeiten <\/strong><\/div>\n<\/summary>\n<div>\n<p style=\"text-align: justify;\">Wenn Sie sich insgesamt weiter inhaltlich mit dem Thema auseinandersetzen m\u00f6chten, kann das <strong><a href=\"https:\/\/zfl-lernen.de\/en\/lernmodule\/unkategorisiert\/heterogenitaet-in-der-grundschule_heterogenitaet\/\" target=\"_blank\" rel=\"noopener\">Lernmodul Heterogenit\u00e4t<\/a><\/strong> interessant f\u00fcr Sie sein. Die Universit\u00e4t zu K\u00f6ln bietet verschiedene Angebote und M\u00f6glichkeiten, sich mit Diversit\u00e4t und Intersektionalit\u00e4t auseinanderzusetzen, unter anderem:<\/p>\n<ul>\n<li style=\"text-align: justify;\"><strong><a href=\"https:\/\/vielfalt.uni-koeln.de\/diversity-woche.html\" target=\"_blank\" rel=\"noopener\">Diversity-Woche der Universit\u00e4t zu K\u00f6ln<\/a><\/strong>: Du machst den Unterschied! Seit 5 Jahren veranstaltet das Referat Gender &amp; Diversity Management die j\u00e4hrliche Diversity-Woche &#8222;Du machst den Unterschied!&#8220;. Ziel der Woche ist es, durch Veranstaltungen und Aktionen f\u00fcr den Umgang mit Vielfalt und Chancengerechtigkeit zu sensibilisieren und auf die existierenden Angebote\/Institutionen an unserer Universit\u00e4t aufmerksam zu machen. Das Programm richtet sich sowohl an Besch\u00e4ftigte als auch an Studierende und Interessierte.<\/li>\n<li style=\"text-align: justify;\"><strong><a href=\"http:\/\/divers.uni-koeln.de\/Das_Self-Assessment-Tool.html\" target=\"_blank\" rel=\"noopener\">DiVers <\/a><\/strong> &#8211; Didaktik und Diversity in der Hochschullehre Diversity-Kompetenz in der Hochschullehre: Ein E-Learning-Tool f\u00fcr Hochschullehrende.<\/li>\n<li><strong><a href=\"https:\/\/bipoc.uni-koeln.de\/\" target=\"_blank\" rel=\"noopener\">Autonomes BIPoC Referat<\/a><\/strong> der Uni K\u00f6ln<\/li>\n<\/ul>\n<\/div>\n<\/details>\n\n\t\t<\/div>\n\t<\/div>\n<\/div><\/div><\/div><\/div><div class=\"vc_empty_space\"   style=\"height: 20px\"><span class=\"vc_empty_space_inner\"><\/span><\/div>\n\t<div class=\"wpb_text_column wpb_content_element\" >\n\t\t<div class=\"wpb_wrapper\">\n\t\t\t<details class=\"dropdown-content-details\">\n<summary class=\"dropdown-content-div\" data-lt-tmp-id=\"lt-756298\" data-gramm=\"false\">\n<div class=\"dropdown-content-div\"><img loading=\"lazy\" decoding=\"async\" class=\"nerd-icon-content-img-course alignnone\" src=\"https:\/\/zfl-lernen.de\/wp-content\/uploads\/ico_literatur.png\" alt=\"\" width=\"250\" height=\"250\" \/><strong> Literatur<\/strong><\/div>\n<\/summary>\n<div>\u00a0<\/div>\n<div><strong>Literaturverzeichnis<\/strong><\/div>\n<ul>\n<li style=\"text-align: justify;\">Bayerischer Jugendring. \u201eWording \u2013 Begrifflichkeiten im Kontext.\u201c <em><strong><a href=\"https:\/\/www.bjr.de\/handlungsfelder\/integration\/wording-begriffe-im-kontext\" target=\"_blank\" rel=\"noopener\">Bayerischer Jugendring<\/a><\/strong>,\u00a0<\/em> Letzter Zugriff 22.12.2022.<\/li>\n<li style=\"text-align: justify;\">Becker, Rolf. \u201eEntstehung und Reproduktion dauerhafter Bildungsungleichheiten.\u201c <em>Lehrbuch der Bildungssoziologie<\/em>, hrsg. v. Rolf Becker, 3. Aufl., Springer, 2017, S. 89-150.<\/li>\n<li style=\"text-align: justify;\">Bundesministerium der Justiz. \u201eGrundgesetz f\u00fcr die Bundesrepublik Deutschland.\u201c <em>Gesetze im Internet<\/em>, www.gesetze-im-internet.de\/ggart115dgo\/GGArt115dGO.pdf. Letzter Zugriff 22.12.2022.<\/li>\n<li style=\"text-align: justify;\">Foitzik, Anadreas, Marc Holland-Cunz und Clara Riecke. <em>Praxisbuch Diskriminierungskritische Schule.<\/em> Beltz Verlag, 2019.<\/li>\n<li style=\"text-align: justify;\">Fr\u00f6hlich, Rehbein. <em>Bourdieu Handbuch Leben Werk Wirkung.<\/em> Stuttgart, Metzlerverlag, 2014, S. 130-142.<\/li>\n<li style=\"text-align: justify;\">Gardenswartz, Leo, und Anita Rowe. <em>Diverse Teams at Work: Capitalizing on the Power of Diversity<\/em>. Virginia, Society for Human Resource Management Alexandria, 2003.<\/li>\n<li style=\"text-align: justify;\">Geschke, Daniel. \u201eVorurteile, Differenzierung und Diskriminierung &#8211; sozialpsychologische Erkl\u00e4rungsans\u00e4tze.\u201c <em>bpb<\/em>, 16.04.2012, <a href=\"http:\/\/www.bpb.de\/shop\/zeitschriften\/apuz\/130413\/vorurteile-differenzierung-und-diskriminierung-sozialpsychologische-erklaerungsansaetze\/\" target=\"_blank\" rel=\"noopener\">www.bpb.de\/shop\/zeitschriften\/apuz\/130413\/vorurteile-differenzierung-und-diskriminierung-sozialpsychologische-erklaerungsansaetze\/<\/a>. Letzter Zugriff 13.01.2023.<\/li>\n<li style=\"text-align: justify;\">Haruna-Oelker, Hadija, und Christoph Sterz. \u201eKritik an WDR-Talkshow ,Letzte Instanz\u2018 \u2013,Ein Beispiel, das repr\u00e4sentativ f\u00fcr andere steht\u2018.\u201c <em>Deutschlandfunk<\/em>, 01.02.2021, <a href=\"http:\/\/www.deutschlandfunk.de\/kritik-an-wdr-talkshow-letzte-instanz-ein-beispiel-das-100.html\" target=\"_blank\" rel=\"noopener\">www.deutschlandfunk.de\/kritik-an-wdr-talkshow-letzte-instanz-ein-beispiel-das-100.html<\/a>. Letzter Zugriff 13.01.2023.<\/li>\n<li style=\"text-align: justify;\">Honrscheidt, Lann. \u201eGender sprachlich loslassen.\u201c <em>bpb<\/em>, 08.08.2018, <a href=\"http:\/\/www.bpb.de\/themen\/gender-diversitaet\/geschlechtliche-vielfalt-trans\/269893\/lann-hornscheidt-gender-sprachlich-loslassen\/\" target=\"_blank\" rel=\"noopener\">www.bpb.de\/themen\/gender-diversitaet\/geschlechtliche-vielfalt-trans\/269893\/lann-hornscheidt-gender-sprachlich-loslassen\/<\/a>. Letzter Zugriff 13.01.2023.<\/li>\n<li style=\"text-align: justify;\">Kabinettausschusses zur Bek\u00e4mpfung von Rechtsextremismus und Rassismus. \u201eMa\u00dfnahmenkatalog des Kabinettausschusses zur Bek\u00e4mpfung von Rechtsextremismus und Rassismus.\u201c www.bundesregierung.de\/resource\/blob\/974430\/1819984\/4f1f9683cf3faddf90e27f09c692abed\/2020-11-25-massnahmen-rechtsextremi-data.pdf?download=1. <em>Bundesministerium f\u00fcr Inneres und Heimat<\/em>, Letzter Zugriff 22.12.2022.<\/li>\n<li style=\"text-align: justify;\">Kalpaka, Annita. &#8222;Institutionelle Diskriminierung &#8211; Von der Notwendigkeit Ausblendungen und Verstrickungen in rassismuskritischer Bildungsarbeit zu thematisieren.\u201c <em>Rassismuskritik: rassismuskritische Bildungsarbeit<\/em>. hrs. v. Wiebke Scharathow und Rudolf\u00a0Leiprecht, Bd. 2, Wochenschau Verlag, 2009, S. 25-39.<\/li>\n<li style=\"text-align: justify;\">Kinkel, Benjamin, et al. <em>Wie Sie die Akzeptanz von sexueller und geschlechtlicher Vielfalt an Ihrer Schule unterst\u00fctzen k\u00f6nnen<\/em>. Schule der Vielfalt und SCHLAU NRW, 2016.<\/li>\n<li style=\"text-align: justify;\">Knaak, Lydia und Laura Dodot. <em>Im Namen der Gerechtigkeit, Diplomarbeit<\/em>, Universit\u00e4t der Bundeswehr M\u00fcnchen, 2011 (E-Book im Grin-Verlag).<\/li>\n<li style=\"text-align: justify;\">\u201eMaisha-Maureen Auma.\u201c <em>Kulturelle Bildung \u00bb ONLINE<\/em>, <a href=\"http:\/\/www.kubi-online.de\/autorinnen\/auma-maisha-maureen\" target=\"_blank\" rel=\"noopener\">www.kubi-online.de\/autorinnen\/auma-maisha-maureen<\/a>. Letzter Zugriff 13.01.2023.<\/li>\n<li style=\"text-align: justify;\">Projektteam Stifterverband und Projektteam McKinsey. \u201eVom Arbeiterkind zum Doktor.\u201c <em>Stifterverband<\/em>, Oktober 2021, <a href=\"https:\/\/www.stifterverband.org\/medien\/vom_arbeiterkind_zum_doktor\" target=\"_blank\" rel=\"noopener\">https:\/\/www.stifterverband.org\/medien\/vom_arbeiterkind_zum_doktor<\/a>. Letzter Zugriff 13.01.2023.<\/li>\n<li style=\"text-align: justify;\">Scherr, Albert. \u201eDiskriminierung\/Antidiskriminierung \u2013 Begriffe und Grundlagen.\u201c <em>bpb<\/em>, 26.02.2016, <a href=\"http:\/\/www.bpb.de\/shop\/zeitschriften\/apuz\/221573\/diskriminierung-antidiskriminierung-begriffe-und-grundlagen\/\" target=\"_blank\" rel=\"noopener\">www.bpb.de\/shop\/zeitschriften\/apuz\/221573\/diskriminierung-antidiskriminierung-begriffe-und-grundlagen\/<\/a>. Letzter Zugriff 13.01.2023.<\/li>\n<li style=\"text-align: justify;\">\u201eWDR plant Schwerpunkt zum Thema &#8222;Rassismus&#8220;.\u201c <em>WDR<\/em>, 11.02.2021, www1.wdr.de\/unternehmen\/der-wdr\/unternehmen\/wdr-plant-themenschwerpunkt-rassismus-100.html. Letzter Zugriff 13.01.2023<\/li>\n<li style=\"text-align: justify;\">Wen, Sebastian et al. &#8222;Bildungsaufstieg und Professionalit\u00e4tsorientierungen von Studierenden der Sozialen Arbeit: Eine vergleichende Analyse f\u00fcr den Zeitraum vor und seit Pandemie.&#8220; <em>Studienpionier:innen in der Sozialen Arbeit, <\/em>hrsg. v<em>. <\/em>Angelika Schmidt-Koddenberg und Verena Klomann, Springer, 2023.<\/li>\n<\/ul>\n<div>\u00a0<\/div>\n<div><strong>Weiterf\u00fchrende Literatur<\/strong><\/div>\n<div>\u00a0<\/div>\n<div style=\"text-align: justify;\">Bereits im Studium gibt es die M\u00f6glichkeit, sich vertiefend mit diskriminierungssensibler Bildung auseinanderzusetzen. Hierzu finden Sie an dieser Stelle Anregungen:<\/div>\n<div>\n<ul>\n<li style=\"text-align: justify;\">Massumi, Mona. \u201eDiversit\u00e4tssensibilit\u00e4t in der Lehrer*innenbildung.\u201c <em>Praxishandbuch Habitussensibilit\u00e4t und Diversit\u00e4t in der Hochschullehre. Prekarisierung und soziale Entkopplung \u2013 transdisziplin\u00e4re Studien<\/em>, hrsg. v. David Kergel und Birte Heidkamp, Springer Verlag, 2019, S. 153-170.<\/li>\n<\/ul>\n<ul>\n<li style=\"text-align: justify;\"><a href=\"https:\/\/www.ilias.uni-koeln.de\/ilias\/goto_uk_cat_3812726.html\" target=\"_blank\" rel=\"noopener noreferrer\">Massumi, Mona und Karim Fereidooni. \u201eDie rassismuskritische Professionalisierung von (angehenden) Lehrkr\u00e4ften \u2013 Die Notwendigkeit einer Kompetenzerweiterung.\u201c <em>Diversity in der LehrerInnenbildung,<\/em> hrsg. v. Sebastian Barsch, Nina Glutsch und Mona Massumi, Waxmann Verlag, 2017, S. 51-76.<\/a><\/li>\n<li style=\"text-align: justify;\">Niggemann, Jan.\u00a0 &#8222;Keine Klasse f\u00fcr sich. Eine sorgende Theoriearbeit.&#8220; <em>Solidarisch gegen Klassismus,<\/em> hrsg. v. Francis Seeck und Brigitte Thei\u00dfl, Unrast Verlag, 2021, S. 45-58.<\/li>\n<\/ul>\n<p>&nbsp;<\/p>\n<p style=\"text-align: justify;\"><em>Hinweis<\/em>: Melden Sie sich bei ILIAS mit Ihrem Zugang an, um die Dateien aufzurufen.<\/p>\n<p style=\"text-align: justify;\">Zum freien Download \u00fcber die USB der Uni K\u00f6ln (<a href=\"https:\/\/www.ub.uni-koeln.de\/\" target=\"_blank\" rel=\"noopener noreferrer\">https:\/\/www.ub.uni-koeln.de<\/a>):<\/p>\n<ul>\n<li style=\"text-align: justify;\">Booth, Tony und Mel Ainscow. <em>Index f\u00fcr Inklusion<\/em>. Beltz Verlaggruppe, 2019.<\/li>\n<li style=\"text-align: justify;\">Emmerich, Marcus und Ulrike Hormel. <em>Heterogenit\u00e4t &#8211; Diversity &#8211; Intersektionalit\u00e4t. Zur Logik sozialer Unterscheidungen in p\u00e4dagogischen Semantiken der Differenz<\/em>. Springer Verlag, 2013.<\/li>\n<li style=\"text-align: justify;\">Foitzik, Anadreas, Marc Holland-Cunz und Clara Riecke. <em>Praxisbuch Diskriminierungskritische Schule.<\/em> Beltz Verlag, 2019.<\/li>\n<\/ul>\n<\/div>\n<\/details>\n\n\t\t<\/div>\n\t<\/div>\n<\/div><\/div><\/div><\/div><\/div>","protected":false},"excerpt":{"rendered":"EOP-Wahlthema: Diversit\u00e4t in der Schule Foto: Andi Wiland | gesellschaftsbilder.de Wir freuen uns, dass Sie sich bei der Vorbereitung auf Ihr EOP f\u00fcr das Wahlthema \u201cDiversit\u00e4t in der Schule\u201d entschieden haben. Im Folgenden erhalten Sie einen kurzen \u00dcberblick \u00fcber Ziele, &hellip;","protected":false},"author":4,"featured_media":0,"parent":78527,"menu_order":0,"template":"","meta":{"_acf_changed":false},"categories":[],"tags":[],"kooperation":[],"licence":[596],"mitwirkende":[],"class_list":["post-51726","online-kurs","type-online-kurs","status-publish","hentry","licence-cc-by-sa"],"acf":[],"yoast_head":"<!-- This site is optimized with the Yoast SEO plugin v27.1.1 - https:\/\/yoast.com\/product\/yoast-seo-wordpress\/ -->\n<title>EOP-Wahlthema Diversit\u00e4t in der Schule Kopie - ZfL Lernen<\/title>\n<meta name=\"robots\" content=\"index, follow, max-snippet:-1, max-image-preview:large, max-video-preview:-1\" \/>\n<link rel=\"canonical\" href=\"https:\/\/zfl-lernen.de\/en\/online-kurs\/praxisphasentransparenz\/eop-digitaler-begleitkurs\/wahlthemen-eop\/diversitaet-in-der-schule-2\/\" \/>\n<meta property=\"og:locale\" content=\"en_US\" \/>\n<meta property=\"og:type\" content=\"article\" \/>\n<meta property=\"og:title\" content=\"EOP-Wahlthema Diversit\u00e4t in der Schule Kopie - ZfL Lernen\" \/>\n<meta property=\"og:url\" content=\"https:\/\/zfl-lernen.de\/en\/online-kurs\/praxisphasentransparenz\/eop-digitaler-begleitkurs\/wahlthemen-eop\/diversitaet-in-der-schule-2\/\" \/>\n<meta property=\"og:site_name\" content=\"ZfL Lernen\" \/>\n<meta property=\"article:publisher\" content=\"https:\/\/www.facebook.com\/zflkoeln\" \/>\n<meta property=\"article:modified_time\" content=\"2026-04-13T09:17:56+00:00\" \/>\n<meta property=\"og:image\" content=\"https:\/\/zfl-lernen.de\/wp-content\/uploads\/ico_lernstart.png\" \/>\n<meta name=\"twitter:card\" content=\"summary_large_image\" \/>\n<meta name=\"twitter:site\" content=\"@Lehrer_innen\" \/>\n<meta name=\"twitter:label1\" content=\"Est. reading time\" \/>\n\t<meta name=\"twitter:data1\" content=\"19 minutes\" \/>\n<script type=\"application\/ld+json\" class=\"yoast-schema-graph\">{\"@context\":\"https:\/\/schema.org\",\"@graph\":[{\"@type\":\"WebPage\",\"@id\":\"https:\/\/zfl-lernen.de\/online-kurs\/praxisphasentransparenz\/eop-digitaler-begleitkurs\/wahlthemen-eop\/diversitaet-in-der-schule-2\/\",\"url\":\"https:\/\/zfl-lernen.de\/online-kurs\/praxisphasentransparenz\/eop-digitaler-begleitkurs\/wahlthemen-eop\/diversitaet-in-der-schule-2\/\",\"name\":\"EOP-Wahlthema Diversit\u00e4t in der Schule Kopie - ZfL Lernen\",\"isPartOf\":{\"@id\":\"https:\/\/zfl-lernen.de\/#website\"},\"primaryImageOfPage\":{\"@id\":\"https:\/\/zfl-lernen.de\/online-kurs\/praxisphasentransparenz\/eop-digitaler-begleitkurs\/wahlthemen-eop\/diversitaet-in-der-schule-2\/#primaryimage\"},\"image\":{\"@id\":\"https:\/\/zfl-lernen.de\/online-kurs\/praxisphasentransparenz\/eop-digitaler-begleitkurs\/wahlthemen-eop\/diversitaet-in-der-schule-2\/#primaryimage\"},\"thumbnailUrl\":\"https:\/\/zfl-lernen.de\/wp-content\/uploads\/ico_lernstart.png\",\"datePublished\":\"2021-08-23T06:49:58+00:00\",\"dateModified\":\"2026-04-13T09:17:56+00:00\",\"breadcrumb\":{\"@id\":\"https:\/\/zfl-lernen.de\/online-kurs\/praxisphasentransparenz\/eop-digitaler-begleitkurs\/wahlthemen-eop\/diversitaet-in-der-schule-2\/#breadcrumb\"},\"inLanguage\":\"en-US\",\"potentialAction\":[{\"@type\":\"ReadAction\",\"target\":[\"https:\/\/zfl-lernen.de\/online-kurs\/praxisphasentransparenz\/eop-digitaler-begleitkurs\/wahlthemen-eop\/diversitaet-in-der-schule-2\/\"]}]},{\"@type\":\"ImageObject\",\"inLanguage\":\"en-US\",\"@id\":\"https:\/\/zfl-lernen.de\/online-kurs\/praxisphasentransparenz\/eop-digitaler-begleitkurs\/wahlthemen-eop\/diversitaet-in-der-schule-2\/#primaryimage\",\"url\":\"https:\/\/zfl-lernen.de\/wp-content\/uploads\/ico_lernstart.png\",\"contentUrl\":\"https:\/\/zfl-lernen.de\/wp-content\/uploads\/ico_lernstart.png\"},{\"@type\":\"BreadcrumbList\",\"@id\":\"https:\/\/zfl-lernen.de\/online-kurs\/praxisphasentransparenz\/eop-digitaler-begleitkurs\/wahlthemen-eop\/diversitaet-in-der-schule-2\/#breadcrumb\",\"itemListElement\":[{\"@type\":\"ListItem\",\"position\":1,\"name\":\"Startseite\",\"item\":\"https:\/\/zfl-lernen.de\/\"},{\"@type\":\"ListItem\",\"position\":2,\"name\":\"Online-Kurse\",\"item\":\"https:\/\/zfl-lernen.de\/online-kurs\/\"},{\"@type\":\"ListItem\",\"position\":3,\"name\":\"Praxisphasentransparenz\",\"item\":\"https:\/\/zfl-lernen.de\/online-kurs\/praxisphasentransparenz\/\"},{\"@type\":\"ListItem\",\"position\":4,\"name\":\"EOP digitaler Begleitkurs\",\"item\":\"https:\/\/zfl-lernen.de\/online-kurs\/praxisphasentransparenz\/eop-digitaler-begleitkurs\/\"},{\"@type\":\"ListItem\",\"position\":5,\"name\":\"Wahlthemen\",\"item\":\"https:\/\/zfl-lernen.de\/online-kurs\/praxisphasentransparenz\/eop-digitaler-begleitkurs\/wahlthemen-eop\/\"},{\"@type\":\"ListItem\",\"position\":6,\"name\":\"EOP-Wahlthema Diversit\u00e4t in der Schule Kopie\"}]},{\"@type\":\"WebSite\",\"@id\":\"https:\/\/zfl-lernen.de\/#website\",\"url\":\"https:\/\/zfl-lernen.de\/\",\"name\":\"ZfL Lernen\",\"description\":\"ZfL Offene Bildungsangebote\",\"potentialAction\":[{\"@type\":\"SearchAction\",\"target\":{\"@type\":\"EntryPoint\",\"urlTemplate\":\"https:\/\/zfl-lernen.de\/?s={search_term_string}\"},\"query-input\":{\"@type\":\"PropertyValueSpecification\",\"valueRequired\":true,\"valueName\":\"search_term_string\"}}],\"inLanguage\":\"en-US\"}]}<\/script>\n<!-- \/ Yoast SEO plugin. -->","yoast_head_json":{"title":"EOP-Wahlthema Diversit\u00e4t in der Schule Kopie - ZfL Lernen","robots":{"index":"index","follow":"follow","max-snippet":"max-snippet:-1","max-image-preview":"max-image-preview:large","max-video-preview":"max-video-preview:-1"},"canonical":"https:\/\/zfl-lernen.de\/en\/online-kurs\/praxisphasentransparenz\/eop-digitaler-begleitkurs\/wahlthemen-eop\/diversitaet-in-der-schule-2\/","og_locale":"en_US","og_type":"article","og_title":"EOP-Wahlthema Diversit\u00e4t in der Schule Kopie - ZfL Lernen","og_url":"https:\/\/zfl-lernen.de\/en\/online-kurs\/praxisphasentransparenz\/eop-digitaler-begleitkurs\/wahlthemen-eop\/diversitaet-in-der-schule-2\/","og_site_name":"ZfL Lernen","article_publisher":"https:\/\/www.facebook.com\/zflkoeln","article_modified_time":"2026-04-13T09:17:56+00:00","og_image":[{"url":"https:\/\/zfl-lernen.de\/wp-content\/uploads\/ico_lernstart.png","type":"","width":"","height":""}],"twitter_card":"summary_large_image","twitter_site":"@Lehrer_innen","twitter_misc":{"Est. reading time":"19 minutes"},"schema":{"@context":"https:\/\/schema.org","@graph":[{"@type":"WebPage","@id":"https:\/\/zfl-lernen.de\/online-kurs\/praxisphasentransparenz\/eop-digitaler-begleitkurs\/wahlthemen-eop\/diversitaet-in-der-schule-2\/","url":"https:\/\/zfl-lernen.de\/online-kurs\/praxisphasentransparenz\/eop-digitaler-begleitkurs\/wahlthemen-eop\/diversitaet-in-der-schule-2\/","name":"EOP-Wahlthema Diversit\u00e4t in der Schule Kopie - ZfL Lernen","isPartOf":{"@id":"https:\/\/zfl-lernen.de\/#website"},"primaryImageOfPage":{"@id":"https:\/\/zfl-lernen.de\/online-kurs\/praxisphasentransparenz\/eop-digitaler-begleitkurs\/wahlthemen-eop\/diversitaet-in-der-schule-2\/#primaryimage"},"image":{"@id":"https:\/\/zfl-lernen.de\/online-kurs\/praxisphasentransparenz\/eop-digitaler-begleitkurs\/wahlthemen-eop\/diversitaet-in-der-schule-2\/#primaryimage"},"thumbnailUrl":"https:\/\/zfl-lernen.de\/wp-content\/uploads\/ico_lernstart.png","datePublished":"2021-08-23T06:49:58+00:00","dateModified":"2026-04-13T09:17:56+00:00","breadcrumb":{"@id":"https:\/\/zfl-lernen.de\/online-kurs\/praxisphasentransparenz\/eop-digitaler-begleitkurs\/wahlthemen-eop\/diversitaet-in-der-schule-2\/#breadcrumb"},"inLanguage":"en-US","potentialAction":[{"@type":"ReadAction","target":["https:\/\/zfl-lernen.de\/online-kurs\/praxisphasentransparenz\/eop-digitaler-begleitkurs\/wahlthemen-eop\/diversitaet-in-der-schule-2\/"]}]},{"@type":"ImageObject","inLanguage":"en-US","@id":"https:\/\/zfl-lernen.de\/online-kurs\/praxisphasentransparenz\/eop-digitaler-begleitkurs\/wahlthemen-eop\/diversitaet-in-der-schule-2\/#primaryimage","url":"https:\/\/zfl-lernen.de\/wp-content\/uploads\/ico_lernstart.png","contentUrl":"https:\/\/zfl-lernen.de\/wp-content\/uploads\/ico_lernstart.png"},{"@type":"BreadcrumbList","@id":"https:\/\/zfl-lernen.de\/online-kurs\/praxisphasentransparenz\/eop-digitaler-begleitkurs\/wahlthemen-eop\/diversitaet-in-der-schule-2\/#breadcrumb","itemListElement":[{"@type":"ListItem","position":1,"name":"Startseite","item":"https:\/\/zfl-lernen.de\/"},{"@type":"ListItem","position":2,"name":"Online-Kurse","item":"https:\/\/zfl-lernen.de\/online-kurs\/"},{"@type":"ListItem","position":3,"name":"Praxisphasentransparenz","item":"https:\/\/zfl-lernen.de\/online-kurs\/praxisphasentransparenz\/"},{"@type":"ListItem","position":4,"name":"EOP digitaler Begleitkurs","item":"https:\/\/zfl-lernen.de\/online-kurs\/praxisphasentransparenz\/eop-digitaler-begleitkurs\/"},{"@type":"ListItem","position":5,"name":"Wahlthemen","item":"https:\/\/zfl-lernen.de\/online-kurs\/praxisphasentransparenz\/eop-digitaler-begleitkurs\/wahlthemen-eop\/"},{"@type":"ListItem","position":6,"name":"EOP-Wahlthema Diversit\u00e4t in der Schule Kopie"}]},{"@type":"WebSite","@id":"https:\/\/zfl-lernen.de\/#website","url":"https:\/\/zfl-lernen.de\/","name":"ZfL Lernen","description":"ZfL Offene Bildungsangebote","potentialAction":[{"@type":"SearchAction","target":{"@type":"EntryPoint","urlTemplate":"https:\/\/zfl-lernen.de\/?s={search_term_string}"},"query-input":{"@type":"PropertyValueSpecification","valueRequired":true,"valueName":"search_term_string"}}],"inLanguage":"en-US"}]}},"_links":{"self":[{"href":"https:\/\/zfl-lernen.de\/en\/wp-json\/wp\/v2\/online-kurs\/51726","targetHints":{"allow":["GET"]}}],"collection":[{"href":"https:\/\/zfl-lernen.de\/en\/wp-json\/wp\/v2\/online-kurs"}],"about":[{"href":"https:\/\/zfl-lernen.de\/en\/wp-json\/wp\/v2\/types\/online-kurs"}],"author":[{"embeddable":true,"href":"https:\/\/zfl-lernen.de\/en\/wp-json\/wp\/v2\/users\/4"}],"up":[{"embeddable":true,"href":"https:\/\/zfl-lernen.de\/en\/wp-json\/wp\/v2\/online-kurs\/78527"}],"wp:attachment":[{"href":"https:\/\/zfl-lernen.de\/en\/wp-json\/wp\/v2\/media?parent=51726"}],"wp:term":[{"taxonomy":"category","embeddable":true,"href":"https:\/\/zfl-lernen.de\/en\/wp-json\/wp\/v2\/categories?post=51726"},{"taxonomy":"post_tag","embeddable":true,"href":"https:\/\/zfl-lernen.de\/en\/wp-json\/wp\/v2\/tags?post=51726"},{"taxonomy":"kooperation","embeddable":true,"href":"https:\/\/zfl-lernen.de\/en\/wp-json\/wp\/v2\/kooperation?post=51726"},{"taxonomy":"licence","embeddable":true,"href":"https:\/\/zfl-lernen.de\/en\/wp-json\/wp\/v2\/licence?post=51726"},{"taxonomy":"mitwirkende","embeddable":true,"href":"https:\/\/zfl-lernen.de\/en\/wp-json\/wp\/v2\/mitwirkende?post=51726"}],"curies":[{"name":"wp","href":"https:\/\/api.w.org\/{rel}","templated":true}]}}