{"id":82198,"date":"2025-01-27T12:49:06","date_gmt":"2025-01-27T11:49:06","guid":{"rendered":"https:\/\/zfl-lernen.de\/?post_type=online-kurs&#038;p=82198"},"modified":"2025-02-17T07:26:58","modified_gmt":"2025-02-17T06:26:58","slug":"informationen","status":"publish","type":"online-kurs","link":"https:\/\/zfl-lernen.de\/en\/online-kurs\/praxisphasentransparenz\/praxissemester-digitaler-begleitkurs\/informationen\/","title":{"rendered":"Informationen Praxissemester"},"content":{"rendered":"<div class=\"wpb-content-wrapper\"><div class=\"vc_row wpb_row vc_row-fluid\"><div class=\"wpb_column vc_column_container vc_col-sm-12\"><div class=\"vc_column-inner\"><div class=\"wpb_wrapper\">\n\t<div class=\"wpb_text_column wpb_content_element\" >\n\t\t<div class=\"wpb_wrapper\">\n\t\t\t<h2>Informationen<\/h2>\n\n\t\t<\/div>\n\t<\/div>\n<\/div><\/div><\/div><\/div><div class=\"vc_row wpb_row vc_row-fluid\"><div class=\"wpb_column vc_column_container vc_col-sm-3\"><div class=\"vc_column-inner\"><div class=\"wpb_wrapper\">\n\t<div  class=\"wpb_single_image wpb_content_element vc_align_left wpb_content_element  flex_container__image\">\n\t\t\n\t\t<figure class=\"wpb_wrapper vc_figure\">\n\t\t\t<div class=\"vc_single_image-wrapper vc_box_circle  vc_box_border_grey\"><img decoding=\"async\" class=\"vc_single_image-img\" src=\"https:\/\/zfl-lernen.de\/wp-content\/uploads\/photo-1434626881859-194d67b2b86f-199x199.webp\" width=\"199\" height=\"199\" alt=\"Foto: Jess Bailey von Unsplash\" title=\"BiDaLL_Wechselwirkungen &amp; MitDatenforschen_SchulemachtDaten\" loading=\"lazy\" \/><\/div>\n\t\t<\/figure>\n\t<\/div>\n\n\t<div class=\"wpb_text_column wpb_content_element\" >\n\t\t<div class=\"wpb_wrapper\">\n\t\t\t<p style=\"text-align: center\"><em><sup class=\"sup\">Foto: Jess Bailey, Unsplash<\/sup><\/em><\/p>\n\n\t\t<\/div>\n\t<\/div>\n<\/div><\/div><\/div><div class=\"wpb_column vc_column_container vc_col-sm-9\"><div class=\"vc_column-inner\"><div class=\"wpb_wrapper\"><div class=\"vc_empty_space\"   style=\"height: 50px\"><span class=\"vc_empty_space_inner\"><\/span><\/div>\n\t<div class=\"wpb_text_column wpb_content_element\" >\n\t\t<div class=\"wpb_wrapper\">\n\t\t\t<p style=\"text-align: justify\">Das Praxissemester im Master of Education stellt einen zentralen Baustein f\u00fcr die sp\u00e4tere Lehrt\u00e4tigkeit dar und verfolgt das Ziel, Theorie und Praxis intensiv miteinander zu verzahnen. Dabei arbeiten die drei beteiligten Institutionen \u2013 <strong>Universit\u00e4t, die Schulen und die Zentren f\u00fcr schulpraktische Lehrerausbildung (ZfsL)<\/strong> intensiv zusammen.<\/p>\n\n\t\t<\/div>\n\t<\/div>\n<\/div><\/div><\/div><\/div><div class=\"vc_row wpb_row vc_row-fluid\"><div class=\"wpb_column vc_column_container vc_col-sm-12\"><div class=\"vc_column-inner\"><div class=\"wpb_wrapper\">\n\t<div class=\"wpb_text_column wpb_content_element\" >\n\t\t<div class=\"wpb_wrapper\">\n\t\t\t<p style=\"text-align: justify\"><strong>Liebe Studierende,\u00a0<\/strong><\/p>\n<p style=\"text-align: justify\">das Praxissemester dauert <strong>f\u00fcnf Monate<\/strong> und ist fester Bestandteil des viersemestrigen Masterstudiengangs. Es setzt sich aus einem Schulforschungsteil an der Hochschule und einem schulpraktischen Teil an den Lernorten Schule und ZfsL zusammen. In diesem Zeitraum k\u00f6nnen Sie das im Studium erworbene Wissen in den Bereichen Fachwissenschaften, Bildungswissenschaften und Fachdidaktik anwenden, erproben und vertiefen. Das Praxissemester bildet damit nicht nur die Grundlage f\u00fcr den weiteren Verlauf des Masterstudiums, sondern auch f\u00fcr den anschlie\u00dfenden 18-monatigen Vorbereitungsdienst.<\/p>\n<p style=\"text-align: justify\">Dabei profitieren Sie von einer Vielzahl an M\u00f6glichkeiten:<\/p>\n<ul style=\"text-align: justify\">\n<li>Sie d\u00fcrfen sich in einem <strong>bewertungsfreien Raum<\/strong> im Unterricht erproben, ohne dass ihre Leistungen benotet werden.<\/li>\n<li>Sie erhalten <strong>individuelles Feedback<\/strong> von Kolleg*innen an den Schulen und Seminarausbilder*innen des ZfsL zu ihren Unterrichtsversuchen.<\/li>\n<li>Sie haben die Chance, ihren <strong>Berufswunsch<\/strong> intensiv zu reflektieren und sich mit den vielf\u00e4ltigen Aspekten des Lehrer*innenberufs auseinanderzusetzen.<\/li>\n<li>Sie lernen das <strong>Schulsystem<\/strong> in seiner gesamten Breite kennen und wirken aktiv in diesem mit.<\/li>\n<li>Sie erweitern ihre Perspektive auf die <strong>Verkn\u00fcpfung von Theorie und Praxis<\/strong> durch die Erstellung und Durchf\u00fchrung eines Studienprojekts.<\/li>\n<li>Sie entwickeln eine <strong>forschende Haltung<\/strong> zu ihrem eigenen unterrichtlichen Handeln.<\/li>\n<\/ul>\n<p style=\"text-align: justify\">Das Praxissemester erm\u00f6glicht eine umfassende Vorbereitung auf die Anforderungen des Vorbereitungsdienstes und der sp\u00e4teren Berufspraxis. Es bietet Ihnen die Gelegenheit, das bisher erworbene Wissen anzuwenden, weiterzuentwickeln und st\u00e4rkt ihre professionelle Kompetenz im Lehrberuf.<\/p>\n\n\t\t<\/div>\n\t<\/div>\n<\/div><\/div><\/div><\/div><div class=\"vc_row wpb_row vc_row-fluid\"><div class=\"wpb_column vc_column_container vc_col-sm-12\"><div class=\"vc_column-inner\"><div class=\"wpb_wrapper\"><div class=\"vc_empty_space\"   style=\"height: 20px\"><span class=\"vc_empty_space_inner\"><\/span><\/div><div class=\"vc_separator wpb_content_element vc_separator_align_center vc_sep_width_100 vc_sep_pos_align_center vc_separator_no_text vc_sep_color_grey wpb_content_element  wpb_content_element\" ><span class=\"vc_sep_holder vc_sep_holder_l\"><span class=\"vc_sep_line\"><\/span><\/span><span class=\"vc_sep_holder vc_sep_holder_r\"><span class=\"vc_sep_line\"><\/span><\/span>\n<\/div><\/div><\/div><\/div><\/div><div class=\"vc_row wpb_row vc_row-fluid\"><div class=\"wpb_column vc_column_container vc_col-sm-12\"><div class=\"vc_column-inner\"><div class=\"wpb_wrapper\">\n\t<div class=\"wpb_text_column wpb_content_element\" >\n\t\t<div class=\"wpb_wrapper\">\n\t\t\t<h3>Weitere Fragen?<\/h3>\n\n\t\t<\/div>\n\t<\/div>\n<\/div><\/div><\/div><\/div><div class=\"vc_row wpb_row vc_row-fluid\"><div class=\"wpb_column vc_column_container vc_col-sm-2\"><div class=\"vc_column-inner\"><div class=\"wpb_wrapper\">\n\t<div  class=\"wpb_single_image wpb_content_element vc_align_right wpb_content_element\">\n\t\t\n\t\t<figure class=\"wpb_wrapper vc_figure\">\n\t\t\t<div class=\"vc_single_image-wrapper   vc_box_border_grey\"><img loading=\"lazy\" decoding=\"async\" width=\"150\" height=\"150\" src=\"https:\/\/zfl-lernen.de\/wp-content\/uploads\/ico_frage-150x150.png\" class=\"vc_single_image-img attachment-thumbnail\" alt=\"Icon Fragezeichen\" title=\"ico_frage\" srcset=\"https:\/\/zfl-lernen.de\/wp-content\/uploads\/ico_frage-150x150.png 150w, https:\/\/zfl-lernen.de\/wp-content\/uploads\/ico_frage-12x12.png 12w, https:\/\/zfl-lernen.de\/wp-content\/uploads\/ico_frage.png 200w\" sizes=\"auto, (max-width: 150px) 100vw, 150px\" \/><\/div>\n\t\t<\/figure>\n\t<\/div>\n<\/div><\/div><\/div><div class=\"wpb_column vc_column_container vc_col-sm-10\"><div class=\"vc_column-inner\"><div class=\"wpb_wrapper\">\n\t<div class=\"wpb_text_column wpb_content_element\" >\n\t\t<div class=\"wpb_wrapper\">\n\t\t\t<p>Grundlegende Informationen zum Praxissemester finden Sie auf der<strong> <a href=\"https:\/\/zfl.uni-koeln.de\/praxisphasen\/praxissemester\/grundlegende-informationen\" target=\"_blank\" rel=\"noopener\">ZfL-Website<\/a><\/strong>.<\/p>\n<p>Au\u00dferdem sind alle Elemente in der <strong><a href=\"https:\/\/zfl.uni-koeln.de\/sites\/zfl\/Publikationen\/Materialien_zum_PS\/PS_Infobroschuere_web.pdf\" target=\"_blank\" rel=\"noopener\">Informationsbrosch\u00fcre<\/a><\/strong> zusammengefasst.<\/p>\n\n\t\t<\/div>\n\t<\/div>\n<\/div><\/div><\/div><\/div>\n<\/div>","protected":false},"excerpt":{"rendered":"Informationen Foto: Jess Bailey, Unsplash Das Praxissemester im Master of Education stellt einen zentralen Baustein f\u00fcr die sp\u00e4tere Lehrt\u00e4tigkeit dar und verfolgt das Ziel, Theorie und Praxis intensiv miteinander zu verzahnen. Dabei arbeiten die drei beteiligten Institutionen \u2013 Universit\u00e4t, die &hellip;","protected":false},"author":4,"featured_media":0,"parent":82079,"menu_order":0,"template":"","meta":{"_acf_changed":false},"categories":[],"tags":[1027,1025,1026,833],"kooperation":[],"licence":[596],"mitwirkende":[],"class_list":["post-82198","online-kurs","type-online-kurs","status-publish","hentry","tag-begleitseminar","tag-informationen","tag-map","tag-praxissemester","licence-cc-by-sa"],"acf":[],"yoast_head":"<!-- This site is optimized with the Yoast SEO plugin v27.1.1 - https:\/\/yoast.com\/product\/yoast-seo-wordpress\/ -->\n<title>Informationen Praxissemester - ZfL Lernen<\/title>\n<meta name=\"description\" content=\"Informationen zum Praktikum zum Begleitseminar und zur MAP im Berufsfeldpraktikum.\" \/>\n<meta name=\"robots\" content=\"index, follow, max-snippet:-1, max-image-preview:large, max-video-preview:-1\" \/>\n<link rel=\"canonical\" href=\"https:\/\/zfl-lernen.de\/en\/online-kurs\/praxisphasentransparenz\/praxissemester-digitaler-begleitkurs\/informationen\/\" \/>\n<meta property=\"og:locale\" content=\"en_US\" \/>\n<meta property=\"og:type\" content=\"article\" \/>\n<meta property=\"og:title\" content=\"Informationen Praxissemester - ZfL Lernen\" \/>\n<meta property=\"og:description\" content=\"Informationen zum Praktikum zum Begleitseminar und zur MAP im Berufsfeldpraktikum.\" \/>\n<meta property=\"og:url\" content=\"https:\/\/zfl-lernen.de\/en\/online-kurs\/praxisphasentransparenz\/praxissemester-digitaler-begleitkurs\/informationen\/\" \/>\n<meta property=\"og:site_name\" content=\"ZfL Lernen\" \/>\n<meta property=\"article:publisher\" content=\"https:\/\/www.facebook.com\/zflkoeln\" \/>\n<meta property=\"article:modified_time\" content=\"2025-02-17T06:26:58+00:00\" \/>\n<meta property=\"og:image\" content=\"https:\/\/zfl-lernen.de\/wp-content\/uploads\/zfl-logo_neu-1.png\" \/>\n\t<meta property=\"og:image:width\" content=\"300\" \/>\n\t<meta property=\"og:image:height\" content=\"161\" \/>\n\t<meta property=\"og:image:type\" content=\"image\/png\" \/>\n<meta name=\"twitter:card\" content=\"summary_large_image\" \/>\n<meta name=\"twitter:site\" content=\"@Lehrer_innen\" \/>\n<meta name=\"twitter:label1\" content=\"Est. reading time\" \/>\n\t<meta name=\"twitter:data1\" content=\"3 minutes\" \/>\n<script type=\"application\/ld+json\" class=\"yoast-schema-graph\">{\"@context\":\"https:\/\/schema.org\",\"@graph\":[{\"@type\":\"WebPage\",\"@id\":\"https:\/\/zfl-lernen.de\/online-kurs\/praxisphasentransparenz\/praxissemester-digitaler-begleitkurs\/informationen\/\",\"url\":\"https:\/\/zfl-lernen.de\/online-kurs\/praxisphasentransparenz\/praxissemester-digitaler-begleitkurs\/informationen\/\",\"name\":\"Informationen Praxissemester - ZfL Lernen\",\"isPartOf\":{\"@id\":\"https:\/\/zfl-lernen.de\/#website\"},\"datePublished\":\"2025-01-27T11:49:06+00:00\",\"dateModified\":\"2025-02-17T06:26:58+00:00\",\"description\":\"Informationen zum Praktikum zum Begleitseminar und zur MAP im Berufsfeldpraktikum.\",\"breadcrumb\":{\"@id\":\"https:\/\/zfl-lernen.de\/online-kurs\/praxisphasentransparenz\/praxissemester-digitaler-begleitkurs\/informationen\/#breadcrumb\"},\"inLanguage\":\"en-US\",\"potentialAction\":[{\"@type\":\"ReadAction\",\"target\":[\"https:\/\/zfl-lernen.de\/online-kurs\/praxisphasentransparenz\/praxissemester-digitaler-begleitkurs\/informationen\/\"]}]},{\"@type\":\"BreadcrumbList\",\"@id\":\"https:\/\/zfl-lernen.de\/online-kurs\/praxisphasentransparenz\/praxissemester-digitaler-begleitkurs\/informationen\/#breadcrumb\",\"itemListElement\":[{\"@type\":\"ListItem\",\"position\":1,\"name\":\"Startseite\",\"item\":\"https:\/\/zfl-lernen.de\/\"},{\"@type\":\"ListItem\",\"position\":2,\"name\":\"Online-Kurse\",\"item\":\"https:\/\/zfl-lernen.de\/online-kurs\/\"},{\"@type\":\"ListItem\",\"position\":3,\"name\":\"Praxisphasentransparenz\",\"item\":\"https:\/\/zfl-lernen.de\/online-kurs\/praxisphasentransparenz\/\"},{\"@type\":\"ListItem\",\"position\":4,\"name\":\"Praxissemester digitaler Begleitkurs\",\"item\":\"https:\/\/zfl-lernen.de\/online-kurs\/praxisphasentransparenz\/praxissemester-digitaler-begleitkurs\/\"},{\"@type\":\"ListItem\",\"position\":5,\"name\":\"Informationen Praxissemester\"}]},{\"@type\":\"WebSite\",\"@id\":\"https:\/\/zfl-lernen.de\/#website\",\"url\":\"https:\/\/zfl-lernen.de\/\",\"name\":\"ZfL Lernen\",\"description\":\"ZfL Offene Bildungsangebote\",\"potentialAction\":[{\"@type\":\"SearchAction\",\"target\":{\"@type\":\"EntryPoint\",\"urlTemplate\":\"https:\/\/zfl-lernen.de\/?s={search_term_string}\"},\"query-input\":{\"@type\":\"PropertyValueSpecification\",\"valueRequired\":true,\"valueName\":\"search_term_string\"}}],\"inLanguage\":\"en-US\"}]}<\/script>\n<!-- \/ Yoast SEO plugin. -->","yoast_head_json":{"title":"Informationen Praxissemester - ZfL Lernen","description":"Informationen zum Praktikum zum Begleitseminar und zur MAP im Berufsfeldpraktikum.","robots":{"index":"index","follow":"follow","max-snippet":"max-snippet:-1","max-image-preview":"max-image-preview:large","max-video-preview":"max-video-preview:-1"},"canonical":"https:\/\/zfl-lernen.de\/en\/online-kurs\/praxisphasentransparenz\/praxissemester-digitaler-begleitkurs\/informationen\/","og_locale":"en_US","og_type":"article","og_title":"Informationen Praxissemester - ZfL Lernen","og_description":"Informationen zum Praktikum zum Begleitseminar und zur MAP im Berufsfeldpraktikum.","og_url":"https:\/\/zfl-lernen.de\/en\/online-kurs\/praxisphasentransparenz\/praxissemester-digitaler-begleitkurs\/informationen\/","og_site_name":"ZfL Lernen","article_publisher":"https:\/\/www.facebook.com\/zflkoeln","article_modified_time":"2025-02-17T06:26:58+00:00","og_image":[{"width":300,"height":161,"url":"https:\/\/zfl-lernen.de\/wp-content\/uploads\/zfl-logo_neu-1.png","type":"image\/png"}],"twitter_card":"summary_large_image","twitter_site":"@Lehrer_innen","twitter_misc":{"Est. reading time":"3 minutes"},"schema":{"@context":"https:\/\/schema.org","@graph":[{"@type":"WebPage","@id":"https:\/\/zfl-lernen.de\/online-kurs\/praxisphasentransparenz\/praxissemester-digitaler-begleitkurs\/informationen\/","url":"https:\/\/zfl-lernen.de\/online-kurs\/praxisphasentransparenz\/praxissemester-digitaler-begleitkurs\/informationen\/","name":"Informationen Praxissemester - ZfL Lernen","isPartOf":{"@id":"https:\/\/zfl-lernen.de\/#website"},"datePublished":"2025-01-27T11:49:06+00:00","dateModified":"2025-02-17T06:26:58+00:00","description":"Informationen zum Praktikum zum Begleitseminar und zur MAP im Berufsfeldpraktikum.","breadcrumb":{"@id":"https:\/\/zfl-lernen.de\/online-kurs\/praxisphasentransparenz\/praxissemester-digitaler-begleitkurs\/informationen\/#breadcrumb"},"inLanguage":"en-US","potentialAction":[{"@type":"ReadAction","target":["https:\/\/zfl-lernen.de\/online-kurs\/praxisphasentransparenz\/praxissemester-digitaler-begleitkurs\/informationen\/"]}]},{"@type":"BreadcrumbList","@id":"https:\/\/zfl-lernen.de\/online-kurs\/praxisphasentransparenz\/praxissemester-digitaler-begleitkurs\/informationen\/#breadcrumb","itemListElement":[{"@type":"ListItem","position":1,"name":"Startseite","item":"https:\/\/zfl-lernen.de\/"},{"@type":"ListItem","position":2,"name":"Online-Kurse","item":"https:\/\/zfl-lernen.de\/online-kurs\/"},{"@type":"ListItem","position":3,"name":"Praxisphasentransparenz","item":"https:\/\/zfl-lernen.de\/online-kurs\/praxisphasentransparenz\/"},{"@type":"ListItem","position":4,"name":"Praxissemester digitaler Begleitkurs","item":"https:\/\/zfl-lernen.de\/online-kurs\/praxisphasentransparenz\/praxissemester-digitaler-begleitkurs\/"},{"@type":"ListItem","position":5,"name":"Informationen Praxissemester"}]},{"@type":"WebSite","@id":"https:\/\/zfl-lernen.de\/#website","url":"https:\/\/zfl-lernen.de\/","name":"ZfL Lernen","description":"ZfL Offene Bildungsangebote","potentialAction":[{"@type":"SearchAction","target":{"@type":"EntryPoint","urlTemplate":"https:\/\/zfl-lernen.de\/?s={search_term_string}"},"query-input":{"@type":"PropertyValueSpecification","valueRequired":true,"valueName":"search_term_string"}}],"inLanguage":"en-US"}]}},"_links":{"self":[{"href":"https:\/\/zfl-lernen.de\/en\/wp-json\/wp\/v2\/online-kurs\/82198","targetHints":{"allow":["GET"]}}],"collection":[{"href":"https:\/\/zfl-lernen.de\/en\/wp-json\/wp\/v2\/online-kurs"}],"about":[{"href":"https:\/\/zfl-lernen.de\/en\/wp-json\/wp\/v2\/types\/online-kurs"}],"author":[{"embeddable":true,"href":"https:\/\/zfl-lernen.de\/en\/wp-json\/wp\/v2\/users\/4"}],"up":[{"embeddable":true,"href":"https:\/\/zfl-lernen.de\/en\/wp-json\/wp\/v2\/online-kurs\/82079"}],"wp:attachment":[{"href":"https:\/\/zfl-lernen.de\/en\/wp-json\/wp\/v2\/media?parent=82198"}],"wp:term":[{"taxonomy":"category","embeddable":true,"href":"https:\/\/zfl-lernen.de\/en\/wp-json\/wp\/v2\/categories?post=82198"},{"taxonomy":"post_tag","embeddable":true,"href":"https:\/\/zfl-lernen.de\/en\/wp-json\/wp\/v2\/tags?post=82198"},{"taxonomy":"kooperation","embeddable":true,"href":"https:\/\/zfl-lernen.de\/en\/wp-json\/wp\/v2\/kooperation?post=82198"},{"taxonomy":"licence","embeddable":true,"href":"https:\/\/zfl-lernen.de\/en\/wp-json\/wp\/v2\/licence?post=82198"},{"taxonomy":"mitwirkende","embeddable":true,"href":"https:\/\/zfl-lernen.de\/en\/wp-json\/wp\/v2\/mitwirkende?post=82198"}],"curies":[{"name":"wp","href":"https:\/\/api.w.org\/{rel}","templated":true}]}}