{"id":12,"date":"2015-10-19T04:23:53","date_gmt":"2015-10-19T04:23:53","guid":{"rendered":"http:\/\/demo.thimpress.com\/eduma\/?page_id=12"},"modified":"2026-03-25T16:18:13","modified_gmt":"2026-03-25T15:18:13","slug":"home","status":"publish","type":"page","link":"https:\/\/zfl-lernen.de\/en\/","title":{"rendered":"Home"},"content":{"rendered":"<div class=\"wpb-content-wrapper\"><div data-vc-full-width=\"true\" data-vc-full-width-init=\"false\" data-vc-stretch-content=\"true\" class=\"vc_row wpb_row vc_row-fluid vc_row-no-padding\"><div class=\"wpb_column vc_column_container vc_col-sm-12\"><div class=\"vc_column-inner\"><div class=\"wpb_wrapper\">\n\t<div class=\"wpb_raw_code wpb_raw_html wpb_content_element\" >\n\t\t<div class=\"wpb_wrapper\">\n\t\t\t<div class=\"top_site_main\" style=\"color: #ffffff;background-image:url(https:\/\/zfl-lernen.de\/wp-content\/uploads\/richard-horvath-cPccYbPrF-A-unsplash-scaled.jpg);\">\n<div class=\"page-title-wrapper\">\n<div class=\"banner-wrapper container\">\n<h1>ZfL offene Bildungsangebote<\/h1>\n<br\/><br\/>\n<p>Auf dieser digitalen Bildungsplattform werden alle offenen Bildungsangebote des Zentrums f\u00fcr LehrerInnenbildung der Universit\u00e4t zu K\u00f6ln geb\u00fcndelt. Das Angebot richtet sich an Lehramtsstudierende, Lehrende und andere Interessierte. Die Bildungsangebote vereinen Ideen und \u00dcberlegungen, Informationen und Weiterf\u00fchrendes zu den relevanten Themen rund um Schule, Bildung im 21. Jahrhundert und Digitale Lehre.<\/p>\n<br\/>Alle Lernmaterialien sind frei aufrufbar, sie ben\u00f6tigen keinen Zugang. Diesen ben\u00f6tigen sie nur, um eigene Lernmaterialien zu erstellen. Kontaktieren Sie uns in diesem Fall unter zfl-digitalelehre@uni-koeln.de.\n<\/div>\n<\/div>\n<\/div>\n\t\t<\/div>\n\t<\/div>\n<div class=\"vc_empty_space\"   style=\"height: 20px\"><span class=\"vc_empty_space_inner\"><\/span><\/div><\/div><\/div><\/div><\/div><div class=\"vc_row-full-width vc_clearfix\"><\/div><div data-vc-full-width=\"true\" data-vc-full-width-init=\"false\" class=\"vc_row wpb_row vc_row-fluid vc_column-gap-10 vc_row-o-equal-height vc_row-flex\"><div class=\"wpb_column vc_column_container vc_col-sm-6\"><div class=\"vc_column-inner vc_custom_1645092085240\"><div class=\"wpb_wrapper\"><div class=\"vc_empty_space\"   style=\"height: 20px\"><span class=\"vc_empty_space_inner\"><\/span><\/div>\n\t<div class=\"wpb_text_column wpb_content_element\" >\n\t\t<div class=\"wpb_wrapper\">\n\t\t\t<h2>Online Courses<\/h2>\n\n\t\t<\/div>\n\t<\/div>\n<div class=\"vc_empty_space\"   style=\"height: 20px\"><span class=\"vc_empty_space_inner\"><\/span><\/div>\n\t<div class=\"wpb_text_column wpb_content_element\" >\n\t\t<div class=\"wpb_wrapper\">\n\t\t\t<p>Unsere Online-Kurse bieten einen \u00dcberblick \u00fcber einen ausgew\u00e4hlten Themenschwerpunkt und umfassen ca. 5-6 Stunden Gesamtbearbeitungszeit. Sie k\u00f6nnen die Inhalte und Aufgaben aber nacheinander und in Abschnitten bearbeiten.<\/p>\n\n\t\t<\/div>\n\t<\/div>\n<div class=\"vc_row wpb_row vc_inner vc_row-fluid\"><div class=\"wpb_column vc_column_container vc_col-sm-4\"><div class=\"vc_column-inner\"><div class=\"wpb_wrapper\">\n\t<div  class=\"wpb_single_image wpb_content_element vc_align_left wpb_content_element\">\n\t\t\n\t\t<figure class=\"wpb_wrapper vc_figure\">\n\t\t\t<div class=\"vc_single_image-wrapper   vc_box_border_grey\"><img loading=\"lazy\" decoding=\"async\" width=\"150\" height=\"150\" src=\"https:\/\/zfl-lernen.de\/wp-content\/uploads\/Grafik_Praxisphasentransparenz-150x150.png\" class=\"vc_single_image-img attachment-thumbnail\" alt=\"Icon Praxisphasentransparenz\" title=\"Icon_Praxisphasentransparenz\" srcset=\"https:\/\/zfl-lernen.de\/wp-content\/uploads\/Grafik_Praxisphasentransparenz-150x150.png 150w, https:\/\/zfl-lernen.de\/wp-content\/uploads\/Grafik_Praxisphasentransparenz-12x12.png 12w, https:\/\/zfl-lernen.de\/wp-content\/uploads\/Grafik_Praxisphasentransparenz.png 250w\" sizes=\"auto, (max-width: 150px) 100vw, 150px\" \/><\/div>\n\t\t<\/figure>\n\t<\/div>\n<\/div><\/div><\/div><div class=\"wpb_column vc_column_container vc_col-sm-8\"><div class=\"vc_column-inner\"><div class=\"wpb_wrapper\">\n\t<div class=\"wpb_text_column wpb_content_element\" >\n\t\t<div class=\"wpb_wrapper\">\n\t\t\t<h3>Begleitkurse in den Praxisphasen<\/h3>\n\n\t\t<\/div>\n\t<\/div>\n<div class=\"vc_empty_space\"   style=\"height: 10px\"><span class=\"vc_empty_space_inner\"><\/span><\/div>\n\t<div class=\"wpb_text_column wpb_content_element\" >\n\t\t<div class=\"wpb_wrapper\">\n\t\t\t<p>Transparenz f\u00fcr alle Mitgestaltenden &#8211; Hier finden Sie alle zentralen Informationen zu den <strong>Praxisphasen<\/strong> sowie direkte Verlinkungen zu den digitalen Begleitkursen f\u00fcr <strong>BFP<\/strong>, <strong>EOP<\/strong> und dem <strong>Praxissemester<\/strong>.<\/p>\n\n\t\t<\/div>\n\t<\/div>\n<div class=\"vc_empty_space\"   style=\"height: 10px\"><span class=\"vc_empty_space_inner\"><\/span><\/div><div class=\"vc_btn3-container vc_btn3-inline vc_do_btn\" ><a class=\"vc_general vc_btn3 vc_btn3-size-md vc_btn3-shape-rounded vc_btn3-style-modern vc_btn3-icon-left vc_btn3-color-black\" href=\"https:\/\/zfl-lernen.de\/en\/online-kurs\/praxisphasentransparenz\/\" title=\"Praxissemester digitaler Begleitkurs\"><i class=\"vc_btn3-icon fas fa-chevron-circle-right\"><\/i> Go to course<\/a><\/div><\/div><\/div><\/div><\/div><div class=\"vc_empty_space\"   style=\"height: 40px\"><span class=\"vc_empty_space_inner\"><\/span><\/div><div class=\"vc_row wpb_row vc_inner vc_row-fluid\"><div class=\"wpb_column vc_column_container vc_col-sm-4\"><div class=\"vc_column-inner\"><div class=\"wpb_wrapper\">\n\t<div  class=\"wpb_single_image wpb_content_element vc_align_left wpb_content_element\">\n\t\t\n\t\t<figure class=\"wpb_wrapper vc_figure\">\n\t\t\t<div class=\"vc_single_image-wrapper vc_box_circle  vc_box_border_grey\"><img loading=\"lazy\" decoding=\"async\" width=\"150\" height=\"150\" src=\"https:\/\/zfl-lernen.de\/wp-content\/uploads\/BigData_2_Visual-150x150.png\" class=\"vc_single_image-img attachment-thumbnail\" alt=\"Hintergrundbild zum Online-Kurs Big Data Literacy\" title=\"BigData_2_Visual\" srcset=\"https:\/\/zfl-lernen.de\/wp-content\/uploads\/BigData_2_Visual-150x150.png 150w, https:\/\/zfl-lernen.de\/wp-content\/uploads\/BigData_2_Visual-60x60.png 60w, https:\/\/zfl-lernen.de\/wp-content\/uploads\/BigData_2_Visual-266x266.png 266w\" sizes=\"auto, (max-width: 150px) 100vw, 150px\" \/><\/div>\n\t\t<\/figure>\n\t<\/div>\n<\/div><\/div><\/div><div class=\"wpb_column vc_column_container vc_col-sm-8\"><div class=\"vc_column-inner\"><div class=\"wpb_wrapper\">\n\t<div class=\"wpb_text_column wpb_content_element\" >\n\t\t<div class=\"wpb_wrapper\">\n\t\t\t<h3>Big Data Literacy<\/h3>\n\n\t\t<\/div>\n\t<\/div>\n<div class=\"vc_empty_space\"   style=\"height: 10px\"><span class=\"vc_empty_space_inner\"><\/span><\/div>\n\t<div class=\"wpb_text_column wpb_content_element\" >\n\t\t<div class=\"wpb_wrapper\">\n\t\t\t<p>Dieser Online-Kurs gibt einen Einblick in der Welt der digitalen Daten und sensibilisiert f\u00fcr ihre Auswirkungen auf die Gesellschaft.<\/p>\n\n\t\t<\/div>\n\t<\/div>\n<div class=\"vc_empty_space\"   style=\"height: 10px\"><span class=\"vc_empty_space_inner\"><\/span><\/div><div class=\"vc_btn3-container vc_btn3-inline vc_do_btn\" ><a class=\"vc_general vc_btn3 vc_btn3-size-md vc_btn3-shape-rounded vc_btn3-style-modern vc_btn3-icon-left vc_btn3-color-black\" href=\"https:\/\/zfl-lernen.de\/en\/online-kurs\/big-data-literacy\/\" title=\"Big Data Literacy\"><i class=\"vc_btn3-icon fas fa-chevron-circle-right\"><\/i> Go to course<\/a><\/div><\/div><\/div><\/div><\/div><div class=\"vc_empty_space\"   style=\"height: 20px\"><span class=\"vc_empty_space_inner\"><\/span><\/div><div class=\"vc_row wpb_row vc_inner vc_row-fluid\"><div class=\"wpb_column vc_column_container vc_col-sm-4\"><div class=\"vc_column-inner\"><div class=\"wpb_wrapper\">\n\t<div  class=\"wpb_single_image wpb_content_element vc_align_left wpb_content_element\">\n\t\t\n\t\t<figure class=\"wpb_wrapper vc_figure\">\n\t\t\t<div class=\"vc_single_image-wrapper vc_box_circle  vc_box_border_grey\"><img loading=\"lazy\" decoding=\"async\" width=\"150\" height=\"150\" src=\"https:\/\/zfl-lernen.de\/wp-content\/uploads\/AdobeStock_497034183_1500Px_square-150x150.png\" class=\"vc_single_image-img attachment-thumbnail\" alt=\"Foto Personen legen ihre H\u00e4nde auf ein Peace-Motiv\" title=\"AdobeStock_497034183_1500Px_square\" srcset=\"https:\/\/zfl-lernen.de\/wp-content\/uploads\/AdobeStock_497034183_1500Px_square-150x150.png 150w, https:\/\/zfl-lernen.de\/wp-content\/uploads\/AdobeStock_497034183_1500Px_square-300x300.png 300w, https:\/\/zfl-lernen.de\/wp-content\/uploads\/AdobeStock_497034183_1500Px_square-768x768.png 768w, https:\/\/zfl-lernen.de\/wp-content\/uploads\/AdobeStock_497034183_1500Px_square-12x12.png 12w, https:\/\/zfl-lernen.de\/wp-content\/uploads\/AdobeStock_497034183_1500Px_square.png 998w\" sizes=\"auto, (max-width: 150px) 100vw, 150px\" \/><\/div>\n\t\t<\/figure>\n\t<\/div>\n<\/div><\/div><\/div><div class=\"wpb_column vc_column_container vc_col-sm-8\"><div class=\"vc_column-inner\"><div class=\"wpb_wrapper\">\n\t<div class=\"wpb_text_column wpb_content_element\" >\n\t\t<div class=\"wpb_wrapper\">\n\t\t\t<h3>Demokratischer Auftrag von Bildung und Schule<\/h3>\n\n\t\t<\/div>\n\t<\/div>\n<div class=\"vc_empty_space\"   style=\"height: 10px\"><span class=\"vc_empty_space_inner\"><\/span><\/div>\n\t<div class=\"wpb_text_column wpb_content_element\" >\n\t\t<div class=\"wpb_wrapper\">\n\t\t\t<p class=\"p1\">Die Theorie-Praxis-Reihe &#8211; erstellt von Prof.\u2019 Dr.\u2019 Bettina L\u00f6sch &#8211; widmet sich der Frage, wie demokratische Grundlagen und Prinzipien im Bildungsalltag verantwortungsvoll vertreten, vermittelt und institutionell abgesichert werden k\u00f6nnen.<\/p>\n\n\t\t<\/div>\n\t<\/div>\n<div class=\"vc_empty_space\"   style=\"height: 10px\"><span class=\"vc_empty_space_inner\"><\/span><\/div><div class=\"vc_btn3-container vc_btn3-inline vc_do_btn\" ><a class=\"vc_general vc_btn3 vc_btn3-size-md vc_btn3-shape-rounded vc_btn3-style-modern vc_btn3-icon-left vc_btn3-color-black\" href=\"https:\/\/zfl-lernen.de\/en\/online-kurs\/demokratischer_auftrag_von_schule_und_bildung\/\" title=\"Online-Kurs Demokratischer Auftrag von Bildung und Schule\"><i class=\"vc_btn3-icon fas fa-chevron-circle-right\"><\/i> Go to course<\/a><\/div><div class=\"vc_empty_space\"   style=\"height: 20px\"><span class=\"vc_empty_space_inner\"><\/span><\/div><\/div><\/div><\/div><\/div><div class=\"vc_row wpb_row vc_inner vc_row-fluid\"><div class=\"wpb_column vc_column_container vc_col-sm-4\"><div class=\"vc_column-inner\"><div class=\"wpb_wrapper\">\n\t<div  class=\"wpb_single_image wpb_content_element vc_align_left wpb_content_element\">\n\t\t\n\t\t<figure class=\"wpb_wrapper vc_figure\">\n\t\t\t<div class=\"vc_single_image-wrapper vc_box_circle  vc_box_border_grey\"><img loading=\"lazy\" decoding=\"async\" width=\"150\" height=\"150\" src=\"https:\/\/zfl-lernen.de\/wp-content\/uploads\/ZfL_LM_Kommunikationstechniken-150x150.jpg\" class=\"vc_single_image-img attachment-thumbnail\" alt=\"Teaserbild Kommunikationstechniken\" title=\"ZfL_LM_Kommunikationstechniken\" srcset=\"https:\/\/zfl-lernen.de\/wp-content\/uploads\/ZfL_LM_Kommunikationstechniken-150x150.jpg 150w, https:\/\/zfl-lernen.de\/wp-content\/uploads\/ZfL_LM_Kommunikationstechniken-scaled-60x60.jpg 60w, https:\/\/zfl-lernen.de\/wp-content\/uploads\/ZfL_LM_Kommunikationstechniken-scaled-266x266.jpg 266w\" sizes=\"auto, (max-width: 150px) 100vw, 150px\" \/><\/div>\n\t\t<\/figure>\n\t<\/div>\n<\/div><\/div><\/div><div class=\"wpb_column vc_column_container vc_col-sm-8\"><div class=\"vc_column-inner\"><div class=\"wpb_wrapper\">\n\t<div class=\"wpb_text_column wpb_content_element\" >\n\t\t<div class=\"wpb_wrapper\">\n\t\t\t<h3>Digitale Kompetenzen<\/h3>\n\n\t\t<\/div>\n\t<\/div>\n<div class=\"vc_empty_space\"   style=\"height: 10px\"><span class=\"vc_empty_space_inner\"><\/span><\/div>\n\t<div class=\"wpb_text_column wpb_content_element\" >\n\t\t<div class=\"wpb_wrapper\">\n\t\t\t<p>Der Online-Kurs unterst\u00fctzt Lehrende und Lernende bei der Entwicklung ihrer digitalen Kompetenzen. Er orientiert sich an den Rahmenwerken <a href=\"https:\/\/joint-research-centre.ec.europa.eu\/digcompedu_en\"><strong>DigCompEdu<\/strong><\/a> und <strong><a href=\"https:\/\/joint-research-centre.ec.europa.eu\/scientific-activities-z\/education-and-training\/digital-transformation-education\/digital-competence-framework-citizens-digcomp_en\">DigComp <\/a><\/strong>und wurde in der Teacher Education for a Future in Flux (<em>teff<\/em>)-Akademie entwickelt.<\/p>\n\n\t\t<\/div>\n\t<\/div>\n<div class=\"vc_empty_space\"   style=\"height: 10px\"><span class=\"vc_empty_space_inner\"><\/span><\/div><div class=\"vc_btn3-container vc_btn3-inline vc_do_btn\" ><a class=\"vc_general vc_btn3 vc_btn3-size-md vc_btn3-shape-rounded vc_btn3-style-modern vc_btn3-icon-left vc_btn3-color-black\" href=\"https:\/\/zfl-lernen.de\/en\/online-kurs\/digitale-kompetenzen\/\" title=\"Online-Kurs Digitale Kompetenzen\"><i class=\"vc_btn3-icon fas fa-chevron-circle-right\"><\/i> Go to course<\/a><\/div><div class=\"vc_empty_space\"   style=\"height: 20px\"><span class=\"vc_empty_space_inner\"><\/span><\/div><\/div><\/div><\/div><\/div><div class=\"vc_empty_space\"   style=\"height: 20px\"><span class=\"vc_empty_space_inner\"><\/span><\/div><div class=\"vc_row wpb_row vc_inner vc_row-fluid\"><div class=\"wpb_column vc_column_container vc_col-sm-4\"><div class=\"vc_column-inner\"><div class=\"wpb_wrapper\">\n\t<div  class=\"wpb_single_image wpb_content_element vc_align_left wpb_content_element\">\n\t\t\n\t\t<figure class=\"wpb_wrapper vc_figure\">\n\t\t\t<div class=\"vc_single_image-wrapper vc_box_circle  vc_box_border_grey\"><img loading=\"lazy\" decoding=\"async\" width=\"150\" height=\"150\" src=\"https:\/\/zfl-lernen.de\/wp-content\/uploads\/ZfL_LM_Digital-gegen-Antisemitismus-150x150.jpg\" class=\"vc_single_image-img attachment-thumbnail\" alt=\"Kekse mit Symbolen zum Themenfeld Antisemitismus\" title=\"ZfL_LM_Digital gegen Antisemitismus\" srcset=\"https:\/\/zfl-lernen.de\/wp-content\/uploads\/ZfL_LM_Digital-gegen-Antisemitismus-150x150.jpg 150w, https:\/\/zfl-lernen.de\/wp-content\/uploads\/ZfL_LM_Digital-gegen-Antisemitismus-scaled-266x266.jpg 266w, https:\/\/zfl-lernen.de\/wp-content\/uploads\/ZfL_LM_Digital-gegen-Antisemitismus-scaled-450x450.jpg 450w, https:\/\/zfl-lernen.de\/wp-content\/uploads\/ZfL_LM_Digital-gegen-Antisemitismus-scaled-60x60.jpg 60w\" sizes=\"auto, (max-width: 150px) 100vw, 150px\" \/><\/div>\n\t\t<\/figure>\n\t<\/div>\n<\/div><\/div><\/div><div class=\"wpb_column vc_column_container vc_col-sm-8\"><div class=\"vc_column-inner\"><div class=\"wpb_wrapper\">\n\t<div class=\"wpb_text_column wpb_content_element\" >\n\t\t<div class=\"wpb_wrapper\">\n\t\t\t<h3>Digital gegen Antisemitismus<\/h3>\n\n\t\t<\/div>\n\t<\/div>\n<div class=\"vc_empty_space\"   style=\"height: 10px\"><span class=\"vc_empty_space_inner\"><\/span><\/div>\n\t<div class=\"wpb_text_column wpb_content_element\" >\n\t\t<div class=\"wpb_wrapper\">\n\t\t\t<p>Der Online-Kurs unterst\u00fctzt Sie dabei, sich dem komplexen Thema Antisemitismus anzun\u00e4hern, Ihre Kompetenzen aufzubauen und zu vertiefen.<\/p>\n\n\t\t<\/div>\n\t<\/div>\n<div class=\"vc_empty_space\"   style=\"height: 10px\"><span class=\"vc_empty_space_inner\"><\/span><\/div><div class=\"vc_btn3-container vc_btn3-inline vc_do_btn\" ><a class=\"vc_general vc_btn3 vc_btn3-size-md vc_btn3-shape-rounded vc_btn3-style-modern vc_btn3-icon-left vc_btn3-color-black\" href=\"https:\/\/zfl-lernen.de\/en\/online-kurs\/digital-gegen-antisemitismus\/\" title=\"Online-Kurs Digital gegen Antisemitismus\"><i class=\"vc_btn3-icon fas fa-chevron-circle-right\"><\/i> Go to course<\/a><\/div><div class=\"vc_empty_space\"   style=\"height: 20px\"><span class=\"vc_empty_space_inner\"><\/span><\/div><\/div><\/div><\/div><\/div><div class=\"vc_row wpb_row vc_inner vc_row-fluid\"><div class=\"wpb_column vc_column_container vc_col-sm-4\"><div class=\"vc_column-inner\"><div class=\"wpb_wrapper\">\n\t<div  class=\"wpb_single_image wpb_content_element vc_align_left wpb_content_element\">\n\t\t\n\t\t<figure class=\"wpb_wrapper vc_figure\">\n\t\t\t<div class=\"vc_single_image-wrapper vc_box_circle  vc_box_border_grey\"><img loading=\"lazy\" decoding=\"async\" width=\"150\" height=\"150\" src=\"https:\/\/zfl-lernen.de\/wp-content\/uploads\/ZfL_LM_Forschendes-Lernen-im-BFP-150x150.jpg\" class=\"vc_single_image-img attachment-thumbnail\" alt=\"Bild Forschendes Lernen, mehrere Lernende in einen Raum mit Laptops und einer Person vor einem Whiteboard mit Post-It-Zetteln\" title=\"ZfL_LM_Forschendes Lernen im BFP\" srcset=\"https:\/\/zfl-lernen.de\/wp-content\/uploads\/ZfL_LM_Forschendes-Lernen-im-BFP-150x150.jpg 150w, https:\/\/zfl-lernen.de\/wp-content\/uploads\/ZfL_LM_Forschendes-Lernen-im-BFP-scaled-266x266.jpg 266w, https:\/\/zfl-lernen.de\/wp-content\/uploads\/ZfL_LM_Forschendes-Lernen-im-BFP-scaled-60x60.jpg 60w\" sizes=\"auto, (max-width: 150px) 100vw, 150px\" \/><\/div>\n\t\t<\/figure>\n\t<\/div>\n<\/div><\/div><\/div><div class=\"wpb_column vc_column_container vc_col-sm-8\"><div class=\"vc_column-inner\"><div class=\"wpb_wrapper\">\n\t<div class=\"wpb_text_column wpb_content_element\" >\n\t\t<div class=\"wpb_wrapper\">\n\t\t\t<h3>Erkl\u00e4rvideos zu Forschungsmethoden<\/h3>\n\n\t\t<\/div>\n\t<\/div>\n<div class=\"vc_empty_space\"   style=\"height: 10px\"><span class=\"vc_empty_space_inner\"><\/span><\/div>\n\t<div class=\"wpb_text_column wpb_content_element\" >\n\t\t<div class=\"wpb_wrapper\">\n\t\t\t<p>Diese Videoreihe befasst sich mit qualitativen Forschungsmethoden im Lehramtsstudium bzw. f\u00fcr die Unterst\u00fctzung von Studienprojekten im Praxissemester.<\/p>\n\n\t\t<\/div>\n\t<\/div>\n<div class=\"vc_empty_space\"   style=\"height: 10px\"><span class=\"vc_empty_space_inner\"><\/span><\/div><div class=\"vc_btn3-container vc_btn3-inline vc_do_btn\" ><a class=\"vc_general vc_btn3 vc_btn3-size-md vc_btn3-shape-rounded vc_btn3-style-modern vc_btn3-icon-left vc_btn3-color-black\" href=\"https:\/\/zfl-lernen.de\/en\/online-kurs\/erklaervideos-zu-forschungsmethoden\/\" title=\"Erkl\u00e4rvideos zu Forschungsmethoden\"><i class=\"vc_btn3-icon fas fa-chevron-circle-right\"><\/i> Go to course<\/a><\/div><\/div><\/div><\/div><\/div><div class=\"vc_empty_space\"   style=\"height: 20px\"><span class=\"vc_empty_space_inner\"><\/span><\/div><div class=\"vc_row wpb_row vc_inner vc_row-fluid\"><div class=\"wpb_column vc_column_container vc_col-sm-4\"><div class=\"vc_column-inner\"><div class=\"wpb_wrapper\">\n\t<div  class=\"wpb_single_image wpb_content_element vc_align_left wpb_content_element\">\n\t\t\n\t\t<figure class=\"wpb_wrapper vc_figure\">\n\t\t\t<div class=\"vc_single_image-wrapper vc_box_circle  vc_box_border_grey\"><img loading=\"lazy\" decoding=\"async\" width=\"150\" height=\"150\" src=\"https:\/\/zfl-lernen.de\/wp-content\/uploads\/zfl_teaser_eteachingexpert-150x150.png\" class=\"vc_single_image-img attachment-thumbnail\" alt=\"Teaser f\u00fcr die Fortbildung eTeaching Expert\" title=\"zfl_teaser_eteachingexpert\" srcset=\"https:\/\/zfl-lernen.de\/wp-content\/uploads\/zfl_teaser_eteachingexpert-150x150.png 150w, https:\/\/zfl-lernen.de\/wp-content\/uploads\/zfl_teaser_eteachingexpert-60x60.png 60w, https:\/\/zfl-lernen.de\/wp-content\/uploads\/zfl_teaser_eteachingexpert.png 245w\" sizes=\"auto, (max-width: 150px) 100vw, 150px\" \/><\/div>\n\t\t<\/figure>\n\t<\/div>\n<\/div><\/div><\/div><div class=\"wpb_column vc_column_container vc_col-sm-8\"><div class=\"vc_column-inner\"><div class=\"wpb_wrapper\">\n\t<div class=\"wpb_text_column wpb_content_element\" >\n\t\t<div class=\"wpb_wrapper\">\n\t\t\t<h3>eTeaching Expert<\/h3>\n\n\t\t<\/div>\n\t<\/div>\n<div class=\"vc_empty_space\"   style=\"height: 10px\"><span class=\"vc_empty_space_inner\"><\/span><\/div>\n\t<div class=\"wpb_text_column wpb_content_element\" >\n\t\t<div class=\"wpb_wrapper\">\n\t\t\t<p>Der Online-Kurs vermittelt Kenntnisse zur Gestaltung und Reflexion zukunftsorientierten, digitalen Unterrichts.<\/p>\n\n\t\t<\/div>\n\t<\/div>\n<div class=\"vc_empty_space\"   style=\"height: 10px\"><span class=\"vc_empty_space_inner\"><\/span><\/div><div class=\"vc_btn3-container vc_btn3-inline vc_do_btn\" ><a class=\"vc_general vc_btn3 vc_btn3-size-md vc_btn3-shape-rounded vc_btn3-style-modern vc_btn3-icon-left vc_btn3-color-black\" href=\"https:\/\/zfl-lernen.de\/en\/online-kurs\/eteaching-expert\/\" title=\"eTeaching Expert\"><i class=\"vc_btn3-icon fas fa-chevron-circle-right\"><\/i> Go to course<\/a><\/div><\/div><\/div><\/div><\/div><div class=\"vc_empty_space\"   style=\"height: 20px\"><span class=\"vc_empty_space_inner\"><\/span><\/div><div class=\"vc_row wpb_row vc_inner vc_row-fluid\"><div class=\"wpb_column vc_column_container vc_col-sm-4\"><div class=\"vc_column-inner\"><div class=\"wpb_wrapper\">\n\t<div  class=\"wpb_single_image wpb_content_element vc_align_left wpb_content_element\">\n\t\t\n\t\t<figure class=\"wpb_wrapper vc_figure\">\n\t\t\t<div class=\"vc_single_image-wrapper vc_box_circle  vc_box_border_grey\"><img loading=\"lazy\" decoding=\"async\" width=\"150\" height=\"150\" src=\"https:\/\/zfl-lernen.de\/wp-content\/uploads\/ZfL-LM_wissenschaftliches_Formulieren-150x150.jpg\" class=\"vc_single_image-img attachment-thumbnail\" alt=\"Schreibende Hand\" title=\"ZfL-LM_wissenschaftliches_Formulieren\" srcset=\"https:\/\/zfl-lernen.de\/wp-content\/uploads\/ZfL-LM_wissenschaftliches_Formulieren-150x150.jpg 150w, https:\/\/zfl-lernen.de\/wp-content\/uploads\/ZfL-LM_wissenschaftliches_Formulieren-266x266.jpg 266w, https:\/\/zfl-lernen.de\/wp-content\/uploads\/ZfL-LM_wissenschaftliches_Formulieren-60x60.jpg 60w\" sizes=\"auto, (max-width: 150px) 100vw, 150px\" \/><\/div>\n\t\t<\/figure>\n\t<\/div>\n<\/div><\/div><\/div><div class=\"wpb_column vc_column_container vc_col-sm-8\"><div class=\"vc_column-inner\"><div class=\"wpb_wrapper\">\n\t<div class=\"wpb_text_column wpb_content_element\" >\n\t\t<div class=\"wpb_wrapper\">\n\t\t\t<h3>Facharbeit schreiben<\/h3>\n\n\t\t<\/div>\n\t<\/div>\n<div class=\"vc_empty_space\"   style=\"height: 10px\"><span class=\"vc_empty_space_inner\"><\/span><\/div>\n\t<div class=\"wpb_text_column wpb_content_element\" >\n\t\t<div class=\"wpb_wrapper\">\n\t\t\t<p>Der Online-Kurs unterst\u00fctzt Lernende der Sekundarstufe II beim Schreiben der Facharbeit und Lehrende bei der Begleitung der Lernenden.<\/p>\n\n\t\t<\/div>\n\t<\/div>\n<div class=\"vc_empty_space\"   style=\"height: 10px\"><span class=\"vc_empty_space_inner\"><\/span><\/div><div class=\"vc_btn3-container vc_btn3-inline vc_do_btn\" ><a class=\"vc_general vc_btn3 vc_btn3-size-md vc_btn3-shape-rounded vc_btn3-style-modern vc_btn3-icon-left vc_btn3-color-black\" href=\"https:\/\/zfl-lernen.de\/en\/online-kurs\/facharbeit-schreiben\/\" title=\"Facharbeit schreiben\"><i class=\"vc_btn3-icon fas fa-chevron-circle-right\"><\/i> Go to course<\/a><\/div><\/div><\/div><\/div><\/div><div class=\"vc_row wpb_row vc_inner vc_row-fluid\"><div class=\"wpb_column vc_column_container vc_col-sm-4\"><div class=\"vc_column-inner\"><div class=\"wpb_wrapper\">\n\t<div  class=\"wpb_single_image wpb_content_element vc_align_left wpb_content_element\">\n\t\t\n\t\t<figure class=\"wpb_wrapper vc_figure\">\n\t\t\t<div class=\"vc_single_image-wrapper vc_box_circle  vc_box_border_grey\"><img loading=\"lazy\" decoding=\"async\" width=\"150\" height=\"150\" src=\"https:\/\/zfl-lernen.de\/wp-content\/uploads\/BFP-Begleitkursdigital-Teaser-246x246-1-150x150.webp\" class=\"vc_single_image-img attachment-thumbnail\" alt=\"\" title=\"kollaboratives Lernen mit digitalen Medien\" srcset=\"https:\/\/zfl-lernen.de\/wp-content\/uploads\/BFP-Begleitkursdigital-Teaser-246x246-1-150x150.webp 150w, https:\/\/zfl-lernen.de\/wp-content\/uploads\/BFP-Begleitkursdigital-Teaser-246x246-1-12x12.webp 12w, https:\/\/zfl-lernen.de\/wp-content\/uploads\/BFP-Begleitkursdigital-Teaser-246x246-1.webp 246w\" sizes=\"auto, (max-width: 150px) 100vw, 150px\" \/><\/div>\n\t\t<\/figure>\n\t<\/div>\n<\/div><\/div><\/div><div class=\"wpb_column vc_column_container vc_col-sm-8\"><div class=\"vc_column-inner\"><div class=\"wpb_wrapper\">\n\t<div class=\"wpb_text_column wpb_content_element\" >\n\t\t<div class=\"wpb_wrapper\">\n\t\t\t<h3>Kollaboratives Lernen mit digitalen Medien<\/h3>\n\n\t\t<\/div>\n\t<\/div>\n<div class=\"vc_empty_space\"   style=\"height: 10px\"><span class=\"vc_empty_space_inner\"><\/span><\/div>\n\t<div class=\"wpb_text_column wpb_content_element\" >\n\t\t<div class=\"wpb_wrapper\">\n\t\t\t<p>Dieser Online-Kurs richtet sich insbesondere an Lehrende und Lernende, die im Kontext der Lehrkr\u00e4ftebildung sowie im schulischen Bereich aktiv sind und gerne eine\u00a0<strong>individuelle Projektidee<\/strong>\u00a0digital und kooperativ mit verschiedenen Ansprechpartner*innen aus dem Bildungsbereich umsetzen m\u00f6chten.<\/p>\n\n\t\t<\/div>\n\t<\/div>\n<div class=\"vc_empty_space\"   style=\"height: 10px\"><span class=\"vc_empty_space_inner\"><\/span><\/div><div class=\"vc_btn3-container vc_btn3-inline vc_do_btn\" ><a class=\"vc_general vc_btn3 vc_btn3-size-md vc_btn3-shape-rounded vc_btn3-style-modern vc_btn3-icon-left vc_btn3-color-black\" href=\"https:\/\/zfl-lernen.de\/en\/online-kurs\/kollaboratives-lernen-mit-digitalen-medien\/\" title=\"Kollaboratives Lernen mit digitalen Medien\"><i class=\"vc_btn3-icon fas fa-chevron-circle-right\"><\/i> Go to course<\/a><\/div><\/div><\/div><\/div><\/div><div class=\"vc_row wpb_row vc_inner vc_row-fluid\"><div class=\"wpb_column vc_column_container vc_col-sm-4\"><div class=\"vc_column-inner\"><div class=\"wpb_wrapper\">\n\t<div  class=\"wpb_single_image wpb_content_element vc_align_left wpb_content_element\">\n\t\t\n\t\t<figure class=\"wpb_wrapper vc_figure\">\n\t\t\t<div class=\"vc_single_image-wrapper vc_box_circle  vc_box_border_grey\"><img loading=\"lazy\" decoding=\"async\" width=\"150\" height=\"150\" src=\"https:\/\/zfl-lernen.de\/wp-content\/uploads\/element5-digital-jCIMcOpFHig-unsplash_paragraph_1500-150x150.jpg\" class=\"vc_single_image-img attachment-thumbnail\" alt=\"Schulrecht\" title=\"Schulrecht\" \/><\/div>\n\t\t<\/figure>\n\t<\/div>\n<\/div><\/div><\/div><div class=\"wpb_column vc_column_container vc_col-sm-8\"><div class=\"vc_column-inner\"><div class=\"wpb_wrapper\">\n\t<div class=\"wpb_text_column wpb_content_element\" >\n\t\t<div class=\"wpb_wrapper\">\n\t\t\t<h3>Praxis des Schulrechts<\/h3>\n\n\t\t<\/div>\n\t<\/div>\n<div class=\"vc_empty_space\"   style=\"height: 10px\"><span class=\"vc_empty_space_inner\"><\/span><\/div>\n\t<div class=\"wpb_text_column wpb_content_element\" >\n\t\t<div class=\"wpb_wrapper\">\n\t\t\t<p>Das Schulrecht ist ein wichtiger Teil des Bildungsrechts und regelt die Beziehungen zwischen Sch\u00fcler*innen, Eltern, Lehrer*innen und der Schule. <strong>Diese Videoreihe<\/strong> mit dem Schulleiter Michael M\u00fcnzer liefert Lehramtsstudierenden und Lehrkr\u00e4ften Antworten auf <strong>rechtliche Fragen<\/strong> rund um den Schulalltag und vertiefend zu Fragen in Bezug auf <strong>Digitalisierung und Karrierewege im Schuldienst<\/strong>.<\/p>\n\n\t\t<\/div>\n\t<\/div>\n<div class=\"vc_empty_space\"   style=\"height: 10px\"><span class=\"vc_empty_space_inner\"><\/span><\/div><div class=\"vc_btn3-container vc_btn3-inline vc_do_btn\" ><a class=\"vc_general vc_btn3 vc_btn3-size-md vc_btn3-shape-rounded vc_btn3-style-modern vc_btn3-icon-left vc_btn3-color-black\" href=\"https:\/\/zfl-lernen.de\/en\/online-kurs\/praxis-des-schulrechts\/\" title=\"Praxis des Schulrechts\"><i class=\"vc_btn3-icon fas fa-chevron-circle-right\"><\/i> Go to course<\/a><\/div><\/div><\/div><\/div><\/div><div class=\"vc_row wpb_row vc_inner vc_row-fluid\"><div class=\"wpb_column vc_column_container vc_col-sm-4\"><div class=\"vc_column-inner\"><div class=\"wpb_wrapper\">\n\t<div  class=\"wpb_single_image wpb_content_element vc_align_left wpb_content_element\">\n\t\t\n\t\t<figure class=\"wpb_wrapper vc_figure\">\n\t\t\t<div class=\"vc_single_image-wrapper vc_box_circle  vc_box_border_grey\"><img loading=\"lazy\" decoding=\"async\" width=\"150\" height=\"150\" src=\"https:\/\/zfl-lernen.de\/wp-content\/uploads\/zfl-hg-change-150x150.png\" class=\"vc_single_image-img attachment-thumbnail\" alt=\"Schule gestalten\" title=\"zfl-hg-change\" srcset=\"https:\/\/zfl-lernen.de\/wp-content\/uploads\/zfl-hg-change-150x150.png 150w, https:\/\/zfl-lernen.de\/wp-content\/uploads\/zfl-hg-change-60x60.png 60w\" sizes=\"auto, (max-width: 150px) 100vw, 150px\" \/><\/div>\n\t\t<\/figure>\n\t<\/div>\n<\/div><\/div><\/div><div class=\"wpb_column vc_column_container vc_col-sm-8\"><div class=\"vc_column-inner\"><div class=\"wpb_wrapper\">\n\t<div class=\"wpb_text_column wpb_content_element\" >\n\t\t<div class=\"wpb_wrapper\">\n\t\t\t<h3>Schule in der digitalen Welt gestalten<\/h3>\n\n\t\t<\/div>\n\t<\/div>\n<div class=\"vc_empty_space\"   style=\"height: 10px\"><span class=\"vc_empty_space_inner\"><\/span><\/div>\n\t<div class=\"wpb_text_column wpb_content_element\" >\n\t\t<div class=\"wpb_wrapper\">\n\t\t\t<p>Der Online-Kurs bietet Ihnen praxisnahe Einblicke in Schulentwicklung und Projektmanagement, um Ihre Ideen erfolgreich umzusetzen.<\/p>\n\n\t\t<\/div>\n\t<\/div>\n<div class=\"vc_empty_space\"   style=\"height: 10px\"><span class=\"vc_empty_space_inner\"><\/span><\/div><div class=\"vc_btn3-container vc_btn3-inline vc_do_btn\" ><a class=\"vc_general vc_btn3 vc_btn3-size-md vc_btn3-shape-rounded vc_btn3-style-modern vc_btn3-icon-left vc_btn3-color-black\" href=\"https:\/\/zfl-lernen.de\/en\/online-kurs\/siddw2\/\" title=\"Schule gestalten\"><i class=\"vc_btn3-icon fas fa-chevron-circle-right\"><\/i> Go to course<\/a><\/div><\/div><\/div><\/div><\/div><div class=\"vc_empty_space\"   style=\"height: 20px\"><span class=\"vc_empty_space_inner\"><\/span><\/div><div class=\"vc_row wpb_row vc_inner vc_row-fluid\"><div class=\"wpb_column vc_column_container vc_col-sm-4\"><div class=\"vc_column-inner\"><div class=\"wpb_wrapper\">\n\t<div  class=\"wpb_single_image wpb_content_element vc_align_left wpb_content_element\">\n\t\t\n\t\t<figure class=\"wpb_wrapper vc_figure\">\n\t\t\t<div class=\"vc_single_image-wrapper vc_box_circle  vc_box_border_grey\"><img loading=\"lazy\" decoding=\"async\" width=\"150\" height=\"150\" src=\"https:\/\/zfl-lernen.de\/wp-content\/uploads\/2020\/08\/antonio-janeski-CHVTt0aGbx0-unsplash-150x150.jpg\" class=\"vc_single_image-img attachment-thumbnail\" alt=\"5 zu F\u00e4usten geformte H\u00e4nde, die sich in der Mitte \u00fcber einem Schreibtisch treffen\" title=\"zfl ver\u00e4nderungen bewirken\" srcset=\"https:\/\/zfl-lernen.de\/wp-content\/uploads\/2020\/08\/antonio-janeski-CHVTt0aGbx0-unsplash-150x150.jpg 150w, https:\/\/zfl-lernen.de\/wp-content\/uploads\/2020\/08\/antonio-janeski-CHVTt0aGbx0-unsplash-scaled-266x266.jpg 266w, https:\/\/zfl-lernen.de\/wp-content\/uploads\/2020\/08\/antonio-janeski-CHVTt0aGbx0-unsplash-scaled-60x60.jpg 60w\" sizes=\"auto, (max-width: 150px) 100vw, 150px\" \/><\/div>\n\t\t<\/figure>\n\t<\/div>\n<\/div><\/div><\/div><div class=\"wpb_column vc_column_container vc_col-sm-8\"><div class=\"vc_column-inner\"><div class=\"wpb_wrapper\">\n\t<div class=\"wpb_text_column wpb_content_element\" >\n\t\t<div class=\"wpb_wrapper\">\n\t\t\t<h3>Ver\u00e4nderung in der Schule bewirken<\/h3>\n\n\t\t<\/div>\n\t<\/div>\n<div class=\"vc_empty_space\"   style=\"height: 10px\"><span class=\"vc_empty_space_inner\"><\/span><\/div>\n\t<div class=\"wpb_text_column wpb_content_element\" >\n\t\t<div class=\"wpb_wrapper\">\n\t\t\t<p>Der Online-Kurs gibt Einblick in M\u00f6glichkeiten, Chancen und Herausforderungen von Ver\u00e4nderungsprozessen in der Schule.<\/p>\n\n\t\t<\/div>\n\t<\/div>\n<div class=\"vc_empty_space\"   style=\"height: 10px\"><span class=\"vc_empty_space_inner\"><\/span><\/div><div class=\"vc_btn3-container vc_btn3-inline vc_do_btn\" ><a class=\"vc_general vc_btn3 vc_btn3-size-md vc_btn3-shape-rounded vc_btn3-style-modern vc_btn3-icon-left vc_btn3-color-black\" href=\"https:\/\/zfl-lernen.de\/en\/online-kurs\/veraenderung-in-der-schule-bewirken\/\" title=\"Ver\u00e4nderung in der Schule bewirken\"><i class=\"vc_btn3-icon fas fa-chevron-circle-right\"><\/i> Go to course<\/a><\/div><\/div><\/div><\/div><\/div><div class=\"vc_empty_space\"   style=\"height: 20px\"><span class=\"vc_empty_space_inner\"><\/span><\/div><div class=\"vc_row wpb_row vc_inner vc_row-fluid\"><div class=\"wpb_column vc_column_container vc_col-sm-4\"><div class=\"vc_column-inner\"><div class=\"wpb_wrapper\">\n\t<div  class=\"wpb_single_image wpb_content_element vc_align_left wpb_content_element\">\n\t\t\n\t\t<figure class=\"wpb_wrapper vc_figure\">\n\t\t\t<div class=\"vc_single_image-wrapper vc_box_circle  vc_box_border_grey\"><img loading=\"lazy\" decoding=\"async\" width=\"150\" height=\"150\" src=\"https:\/\/zfl-lernen.de\/wp-content\/uploads\/rahul-bhosale-yBgC-qVCxMg-unsplash-150x150.jpg\" class=\"vc_single_image-img attachment-thumbnail\" alt=\"Visionsbild\" title=\"Visionsbild\" srcset=\"https:\/\/zfl-lernen.de\/wp-content\/uploads\/rahul-bhosale-yBgC-qVCxMg-unsplash-150x150.jpg 150w, https:\/\/zfl-lernen.de\/wp-content\/uploads\/rahul-bhosale-yBgC-qVCxMg-unsplash-scaled-60x60.jpg 60w\" sizes=\"auto, (max-width: 150px) 100vw, 150px\" \/><\/div>\n\t\t<\/figure>\n\t<\/div>\n<\/div><\/div><\/div><div class=\"wpb_column vc_column_container vc_col-sm-8\"><div class=\"vc_column-inner\"><div class=\"wpb_wrapper\">\n\t<div class=\"wpb_text_column wpb_content_element\" >\n\t\t<div class=\"wpb_wrapper\">\n\t\t\t<h3>Visionsentwicklung<\/h3>\n\n\t\t<\/div>\n\t<\/div>\n<div class=\"vc_empty_space\"   style=\"height: 10px\"><span class=\"vc_empty_space_inner\"><\/span><\/div>\n\t<div class=\"wpb_text_column wpb_content_element\" >\n\t\t<div class=\"wpb_wrapper\">\n\t\t\t<p>Dieser Online-Kurs unterst\u00fctzt Lehrkr\u00e4fte aus der Schulleitung oder der Schulentwicklung Visionen zu entwickeln und neue Strukturen erfolgreich einzusetzen.<\/p>\n\n\t\t<\/div>\n\t<\/div>\n<div class=\"vc_empty_space\"   style=\"height: 10px\"><span class=\"vc_empty_space_inner\"><\/span><\/div><div class=\"vc_btn3-container vc_btn3-inline vc_do_btn\" ><a class=\"vc_general vc_btn3 vc_btn3-size-md vc_btn3-shape-rounded vc_btn3-style-modern vc_btn3-icon-left vc_btn3-color-black\" href=\"https:\/\/zfl-lernen.de\/en\/online-kurs\/visionsentwicklung-in-der-schule\/\" title=\"Visionsentwicklung\"><i class=\"vc_btn3-icon fas fa-chevron-circle-right\"><\/i> Go to course<\/a><\/div><\/div><\/div><\/div><\/div><div class=\"vc_empty_space\"   style=\"height: 20px\"><span class=\"vc_empty_space_inner\"><\/span><\/div><\/div><\/div><\/div><div class=\"wpb_column vc_column_container vc_col-sm-6\"><div class=\"vc_column-inner\"><div class=\"wpb_wrapper\"><div class=\"vc_empty_space\"   style=\"height: 20px\"><span class=\"vc_empty_space_inner\"><\/span><\/div>\n\t<div class=\"wpb_text_column wpb_content_element\" >\n\t\t<div class=\"wpb_wrapper\">\n\t\t\t<h2>Learning Modules<\/h2>\n\n\t\t<\/div>\n\t<\/div>\n<div class=\"vc_empty_space\"   style=\"height: 20px\"><span class=\"vc_empty_space_inner\"><\/span><\/div>\n\t<div class=\"wpb_text_column wpb_content_element\" >\n\t\t<div class=\"wpb_wrapper\">\n\t\t\t<p>Die in den Kategorien geb\u00fcndelten Lernmodule behandeln einen Themenausschnitt und umfassen ca. 30 Minuten Gesamtbearbeitungszeit.<\/p>\n\n\t\t<\/div>\n\t<\/div>\n<div class=\"vc_empty_space\"   style=\"height: 70px\"><span class=\"vc_empty_space_inner\"><\/span><\/div><div class=\"vc_row wpb_row vc_inner vc_row-fluid\"><div class=\"wpb_column vc_column_container vc_col-sm-4\"><div class=\"vc_column-inner\"><div class=\"wpb_wrapper\">\n\t<div  class=\"wpb_single_image wpb_content_element vc_align_left wpb_content_element\">\n\t\t\n\t\t<figure class=\"wpb_wrapper vc_figure\">\n\t\t\t<div class=\"vc_single_image-wrapper   vc_box_border_grey\"><img loading=\"lazy\" decoding=\"async\" width=\"150\" height=\"150\" src=\"https:\/\/zfl-lernen.de\/wp-content\/uploads\/ZfL_C_LM_Bildungsgerechtigkeit-150x150.jpg\" class=\"vc_single_image-img attachment-thumbnail\" alt=\"Bildungsgerechtigkeit\" title=\"ZfL_C_LM_Bildungsgerechtigkeit\" srcset=\"https:\/\/zfl-lernen.de\/wp-content\/uploads\/ZfL_C_LM_Bildungsgerechtigkeit-150x150.jpg 150w, https:\/\/zfl-lernen.de\/wp-content\/uploads\/ZfL_C_LM_Bildungsgerechtigkeit-266x266.jpg 266w, https:\/\/zfl-lernen.de\/wp-content\/uploads\/ZfL_C_LM_Bildungsgerechtigkeit-60x60.jpg 60w\" sizes=\"auto, (max-width: 150px) 100vw, 150px\" \/><\/div>\n\t\t<\/figure>\n\t<\/div>\n<\/div><\/div><\/div><div class=\"wpb_column vc_column_container vc_col-sm-8\"><div class=\"vc_column-inner\"><div class=\"wpb_wrapper\">\n\t<div class=\"wpb_text_column wpb_content_element\" >\n\t\t<div class=\"wpb_wrapper\">\n\t\t\t<h3>Bildungschancen<\/h3>\n\n\t\t<\/div>\n\t<\/div>\n<div class=\"vc_empty_space\"   style=\"height: 20px\"><span class=\"vc_empty_space_inner\"><\/span><\/div>\n\t<div class=\"wpb_text_column wpb_content_element\" >\n\t\t<div class=\"wpb_wrapper\">\n\t\t\t<p>Beispiele und Ideen zur Schaffung von \u00e4hnlicheren Voraussetzungen f\u00fcr allen Sch\u00fcler*innen<\/p>\n\n\t\t<\/div>\n\t<\/div>\n<div class=\"vc_empty_space\"   style=\"height: 20px\"><span class=\"vc_empty_space_inner\"><\/span><\/div><div class=\"vc_btn3-container vc_btn3-inline vc_do_btn\" ><a class=\"vc_general vc_btn3 vc_btn3-size-md vc_btn3-shape-rounded vc_btn3-style-modern vc_btn3-icon-left vc_btn3-color-black\" href=\"https:\/\/zfl-lernen.de\/en\/lernmodule\/bildungschancen\/\" title=\"\"><i class=\"vc_btn3-icon fas fa-chevron-circle-right\"><\/i> Go to learning modules<\/a><\/div><\/div><\/div><\/div><\/div><div class=\"vc_empty_space\"   style=\"height: 24px\"><span class=\"vc_empty_space_inner\"><\/span><\/div><div class=\"vc_row wpb_row vc_inner vc_row-fluid\"><div class=\"wpb_column vc_column_container vc_col-sm-4\"><div class=\"vc_column-inner\"><div class=\"wpb_wrapper\">\n\t<div  class=\"wpb_single_image wpb_content_element vc_align_left wpb_content_element\">\n\t\t\n\t\t<figure class=\"wpb_wrapper vc_figure\">\n\t\t\t<div class=\"vc_single_image-wrapper   vc_box_border_grey\"><img loading=\"lazy\" decoding=\"async\" width=\"150\" height=\"150\" src=\"https:\/\/zfl-lernen.de\/wp-content\/uploads\/ZfL_C_LM_Coaching_Beratung-150x150.jpg\" class=\"vc_single_image-img attachment-thumbnail\" alt=\"Zwei Frauen sitzen sich am Tisch gegen\u00fcber und unterhalten sich\" title=\"ZfL_C_LM_Coaching_Beratung\" srcset=\"https:\/\/zfl-lernen.de\/wp-content\/uploads\/ZfL_C_LM_Coaching_Beratung-150x150.jpg 150w, https:\/\/zfl-lernen.de\/wp-content\/uploads\/ZfL_C_LM_Coaching_Beratung-266x266.jpg 266w, https:\/\/zfl-lernen.de\/wp-content\/uploads\/ZfL_C_LM_Coaching_Beratung-60x60.jpg 60w\" sizes=\"auto, (max-width: 150px) 100vw, 150px\" \/><\/div>\n\t\t<\/figure>\n\t<\/div>\n<\/div><\/div><\/div><div class=\"wpb_column vc_column_container vc_col-sm-8\"><div class=\"vc_column-inner\"><div class=\"wpb_wrapper\">\n\t<div class=\"wpb_text_column wpb_content_element\" >\n\t\t<div class=\"wpb_wrapper\">\n\t\t\t<h3>Coaching und Beratung<\/h3>\n\n\t\t<\/div>\n\t<\/div>\n<div class=\"vc_empty_space\"   style=\"height: 20px\"><span class=\"vc_empty_space_inner\"><\/span><\/div>\n\t<div class=\"wpb_text_column wpb_content_element\" >\n\t\t<div class=\"wpb_wrapper\">\n\t\t\t<p>F\u00f6rderung von kommunikativen und methodischen Kompetenzen f\u00fcr Gespr\u00e4che<\/p>\n\n\t\t<\/div>\n\t<\/div>\n<div class=\"vc_empty_space\"   style=\"height: 10px\"><span class=\"vc_empty_space_inner\"><\/span><\/div><div class=\"vc_btn3-container vc_btn3-inline vc_do_btn\" ><a class=\"vc_general vc_btn3 vc_btn3-size-md vc_btn3-shape-rounded vc_btn3-style-modern vc_btn3-icon-left vc_btn3-color-black\" href=\"https:\/\/zfl-lernen.de\/en\/lernmodule\/coaching-und-beratung\/\" title=\"\"><i class=\"vc_btn3-icon fas fa-chevron-circle-right\"><\/i> Go to learning modules<\/a><\/div><\/div><\/div><\/div><\/div><div class=\"vc_empty_space\"   style=\"height: 95px\"><span class=\"vc_empty_space_inner\"><\/span><\/div><div class=\"vc_row wpb_row vc_inner vc_row-fluid\"><div class=\"wpb_column vc_column_container vc_col-sm-4\"><div class=\"vc_column-inner\"><div class=\"wpb_wrapper\">\n\t<div  class=\"wpb_single_image wpb_content_element vc_align_left wpb_content_element\">\n\t\t\n\t\t<figure class=\"wpb_wrapper vc_figure\">\n\t\t\t<div class=\"vc_single_image-wrapper   vc_box_border_grey\"><img loading=\"lazy\" decoding=\"async\" width=\"150\" height=\"150\" src=\"https:\/\/zfl-lernen.de\/wp-content\/uploads\/ZfL_C_LM_DigitaleMedien-150x150.jpg\" class=\"vc_single_image-img attachment-thumbnail\" alt=\"Digitale Medien, Ein M\u00e4dchen mit einem Tablet in der Hand\" title=\"ZfL_C_LM_DigitaleMedien\" srcset=\"https:\/\/zfl-lernen.de\/wp-content\/uploads\/ZfL_C_LM_DigitaleMedien-150x150.jpg 150w, https:\/\/zfl-lernen.de\/wp-content\/uploads\/ZfL_C_LM_DigitaleMedien-266x266.jpg 266w, https:\/\/zfl-lernen.de\/wp-content\/uploads\/ZfL_C_LM_DigitaleMedien-60x60.jpg 60w\" sizes=\"auto, (max-width: 150px) 100vw, 150px\" \/><\/div>\n\t\t<\/figure>\n\t<\/div>\n<\/div><\/div><\/div><div class=\"wpb_column vc_column_container vc_col-sm-8\"><div class=\"vc_column-inner\"><div class=\"wpb_wrapper\">\n\t<div class=\"wpb_text_column wpb_content_element\" >\n\t\t<div class=\"wpb_wrapper\">\n\t\t\t<h3>Digitalit\u00e4t<\/h3>\n\n\t\t<\/div>\n\t<\/div>\n<div class=\"vc_empty_space\"   style=\"height: 20px\"><span class=\"vc_empty_space_inner\"><\/span><\/div>\n\t<div class=\"wpb_text_column wpb_content_element\" >\n\t\t<div class=\"wpb_wrapper\">\n\t\t\t<p>Grundlagen der Digitalisierung und F\u00f6rderung digitalisierungsbezogener Kompetenzen<\/p>\n\n\t\t<\/div>\n\t<\/div>\n<div class=\"vc_empty_space\"   style=\"height: 10px\"><span class=\"vc_empty_space_inner\"><\/span><\/div><div class=\"vc_btn3-container vc_btn3-inline vc_do_btn\" ><a class=\"vc_general vc_btn3 vc_btn3-size-md vc_btn3-shape-rounded vc_btn3-style-modern vc_btn3-icon-left vc_btn3-color-black\" href=\"https:\/\/zfl-lernen.de\/en\/lernmodule\/digitalitaet\/\" title=\"\"><i class=\"vc_btn3-icon fas fa-chevron-circle-right\"><\/i> Go to learning modules<\/a><\/div><\/div><\/div><\/div><\/div><div class=\"vc_empty_space\"   style=\"height: 65px\"><span class=\"vc_empty_space_inner\"><\/span><\/div><div class=\"vc_row wpb_row vc_inner vc_row-fluid\"><div class=\"wpb_column vc_column_container vc_col-sm-4\"><div class=\"vc_column-inner\"><div class=\"wpb_wrapper\">\n\t<div  class=\"wpb_single_image wpb_content_element vc_align_left wpb_content_element\">\n\t\t\n\t\t<figure class=\"wpb_wrapper vc_figure\">\n\t\t\t<div class=\"vc_single_image-wrapper   vc_box_border_grey\"><img loading=\"lazy\" decoding=\"async\" width=\"150\" height=\"150\" src=\"https:\/\/zfl-lernen.de\/wp-content\/uploads\/ZfL_C_LM_Diversita_CC_88t-150x150.jpg\" class=\"vc_single_image-img attachment-thumbnail\" alt=\"\" title=\"ZfL_C_LM_Diversita_CC_88t\" srcset=\"https:\/\/zfl-lernen.de\/wp-content\/uploads\/ZfL_C_LM_Diversita_CC_88t-150x150.jpg 150w, https:\/\/zfl-lernen.de\/wp-content\/uploads\/ZfL_C_LM_Diversita_CC_88t-266x266.jpg 266w, https:\/\/zfl-lernen.de\/wp-content\/uploads\/ZfL_C_LM_Diversita_CC_88t-60x60.jpg 60w\" sizes=\"auto, (max-width: 150px) 100vw, 150px\" \/><\/div>\n\t\t<\/figure>\n\t<\/div>\n<\/div><\/div><\/div><div class=\"wpb_column vc_column_container vc_col-sm-8\"><div class=\"vc_column-inner\"><div class=\"wpb_wrapper\">\n\t<div class=\"wpb_text_column wpb_content_element\" >\n\t\t<div class=\"wpb_wrapper\">\n\t\t\t<h3>Diversit\u00e4t<\/h3>\n\n\t\t<\/div>\n\t<\/div>\n<div class=\"vc_empty_space\"   style=\"height: 20px\"><span class=\"vc_empty_space_inner\"><\/span><\/div>\n\t<div class=\"wpb_text_column wpb_content_element\" >\n\t\t<div class=\"wpb_wrapper\">\n\t\t\t<p>F\u00f6rderung personalisierten Lernens und Gestaltung neuer Lernsettings<\/p>\n\n\t\t<\/div>\n\t<\/div>\n<div class=\"vc_empty_space\"   style=\"height: 10px\"><span class=\"vc_empty_space_inner\"><\/span><\/div><div class=\"vc_btn3-container vc_btn3-inline vc_do_btn\" ><a class=\"vc_general vc_btn3 vc_btn3-size-md vc_btn3-shape-rounded vc_btn3-style-modern vc_btn3-icon-left vc_btn3-color-black\" href=\"https:\/\/zfl-lernen.de\/en\/lernmodule\/diversitaet\/\" title=\"\"><i class=\"vc_btn3-icon fas fa-chevron-circle-right\"><\/i> Go to learning modules<\/a><\/div><\/div><\/div><\/div><\/div><div class=\"vc_empty_space\"   style=\"height: 65px\"><span class=\"vc_empty_space_inner\"><\/span><\/div><div class=\"vc_row wpb_row vc_inner vc_row-fluid\"><div class=\"wpb_column vc_column_container vc_col-sm-4\"><div class=\"vc_column-inner\"><div class=\"wpb_wrapper\">\n\t<div  class=\"wpb_single_image wpb_content_element vc_align_left wpb_content_element\">\n\t\t\n\t\t<figure class=\"wpb_wrapper vc_figure\">\n\t\t\t<div class=\"vc_single_image-wrapper   vc_box_border_grey\"><img loading=\"lazy\" decoding=\"async\" width=\"150\" height=\"150\" src=\"https:\/\/zfl-lernen.de\/wp-content\/uploads\/ZFL_School_guide_Weltkarte-150x150.jpg\" class=\"vc_single_image-img attachment-thumbnail\" alt=\"Weltkarte mit Landesgrenzmarkierungen\" title=\"ZFL_School_guide_Weltkarte\" srcset=\"https:\/\/zfl-lernen.de\/wp-content\/uploads\/ZFL_School_guide_Weltkarte-150x150.jpg 150w, https:\/\/zfl-lernen.de\/wp-content\/uploads\/ZFL_School_guide_Weltkarte-60x60.jpg 60w\" sizes=\"auto, (max-width: 150px) 100vw, 150px\" \/><\/div>\n\t\t<\/figure>\n\t<\/div>\n<\/div><\/div><\/div><div class=\"wpb_column vc_column_container vc_col-sm-8\"><div class=\"vc_column-inner\"><div class=\"wpb_wrapper\">\n\t<div class=\"wpb_text_column wpb_content_element\" >\n\t\t<div class=\"wpb_wrapper\">\n\t\t\t<h3>International<\/h3>\n\n\t\t<\/div>\n\t<\/div>\n<div class=\"vc_empty_space\"   style=\"height: 20px\"><span class=\"vc_empty_space_inner\"><\/span><\/div>\n\t<div class=\"wpb_text_column wpb_content_element\" >\n\t\t<div class=\"wpb_wrapper\">\n\t\t\t<p>Promotion of digital competences in English and other languages<\/p>\n\n\t\t<\/div>\n\t<\/div>\n<div class=\"vc_empty_space\"   style=\"height: 10px\"><span class=\"vc_empty_space_inner\"><\/span><\/div><div class=\"vc_btn3-container vc_btn3-inline vc_do_btn\" ><a class=\"vc_general vc_btn3 vc_btn3-size-md vc_btn3-shape-rounded vc_btn3-style-modern vc_btn3-icon-left vc_btn3-color-black\" href=\"https:\/\/zfl-lernen.de\/en\/lernmodule\/international\/\" title=\"\"><i class=\"vc_btn3-icon fas fa-chevron-circle-right\"><\/i> Go to learning modules<\/a><\/div><\/div><\/div><\/div><\/div><div class=\"vc_empty_space\"   style=\"height: 70px\"><span class=\"vc_empty_space_inner\"><\/span><\/div><div class=\"vc_row wpb_row vc_inner vc_row-fluid\"><div class=\"wpb_column vc_column_container vc_col-sm-4\"><div class=\"vc_column-inner\"><div class=\"wpb_wrapper\">\n\t<div  class=\"wpb_single_image wpb_content_element vc_align_left wpb_content_element\">\n\t\t\n\t\t<figure class=\"wpb_wrapper vc_figure\">\n\t\t\t<div class=\"vc_single_image-wrapper   vc_box_border_grey\"><img loading=\"lazy\" decoding=\"async\" width=\"150\" height=\"150\" src=\"https:\/\/zfl-lernen.de\/wp-content\/uploads\/ZfL_C_LM_Methoden-150x150.jpg\" class=\"vc_single_image-img attachment-thumbnail\" alt=\"Methoden\" title=\"ZfL_C_LM_Methoden\" srcset=\"https:\/\/zfl-lernen.de\/wp-content\/uploads\/ZfL_C_LM_Methoden-150x150.jpg 150w, https:\/\/zfl-lernen.de\/wp-content\/uploads\/ZfL_C_LM_Methoden-266x266.jpg 266w, https:\/\/zfl-lernen.de\/wp-content\/uploads\/ZfL_C_LM_Methoden-60x60.jpg 60w\" sizes=\"auto, (max-width: 150px) 100vw, 150px\" \/><\/div>\n\t\t<\/figure>\n\t<\/div>\n<\/div><\/div><\/div><div class=\"wpb_column vc_column_container vc_col-sm-8\"><div class=\"vc_column-inner\"><div class=\"wpb_wrapper\">\n\t<div class=\"wpb_text_column wpb_content_element\" >\n\t\t<div class=\"wpb_wrapper\">\n\t\t\t<h3>Methoden<\/h3>\n\n\t\t<\/div>\n\t<\/div>\n<div class=\"vc_empty_space\"   style=\"height: 20px\"><span class=\"vc_empty_space_inner\"><\/span><\/div>\n\t<div class=\"wpb_text_column wpb_content_element\" >\n\t\t<div class=\"wpb_wrapper\">\n\t\t\t<p>Erh\u00f6hung methodischer Kompetenzen wie forschendem oder spielerischem Lernen<\/p>\n\n\t\t<\/div>\n\t<\/div>\n<div class=\"vc_empty_space\"   style=\"height: 10px\"><span class=\"vc_empty_space_inner\"><\/span><\/div><div class=\"vc_btn3-container vc_btn3-inline vc_do_btn\" ><a class=\"vc_general vc_btn3 vc_btn3-size-md vc_btn3-shape-rounded vc_btn3-style-modern vc_btn3-icon-left vc_btn3-color-black\" href=\"https:\/\/zfl-lernen.de\/en\/lernmodule\/methoden\/\" title=\"\"><i class=\"vc_btn3-icon fas fa-chevron-circle-right\"><\/i> Go to learning modules<\/a><\/div><\/div><\/div><\/div><\/div><div class=\"vc_empty_space\"   style=\"height: 65px\"><span class=\"vc_empty_space_inner\"><\/span><\/div><div class=\"vc_row wpb_row vc_inner vc_row-fluid\"><div class=\"wpb_column vc_column_container vc_col-sm-4\"><div class=\"vc_column-inner\"><div class=\"wpb_wrapper\">\n\t<div  class=\"wpb_single_image wpb_content_element vc_align_left wpb_content_element\">\n\t\t\n\t\t<figure class=\"wpb_wrapper vc_figure\">\n\t\t\t<div class=\"vc_single_image-wrapper   vc_box_border_grey\"><img loading=\"lazy\" decoding=\"async\" width=\"150\" height=\"150\" src=\"https:\/\/zfl-lernen.de\/wp-content\/uploads\/pexels-akilmazumder-1072824-150x150.jpg\" class=\"vc_single_image-img attachment-thumbnail\" alt=\"Hand, die eine Pflanze h\u00e4lt\" title=\"pexels-akilmazumder-1072824\" \/><\/div>\n\t\t<\/figure>\n\t<\/div>\n<\/div><\/div><\/div><div class=\"wpb_column vc_column_container vc_col-sm-8\"><div class=\"vc_column-inner\"><div class=\"wpb_wrapper\">\n\t<div class=\"wpb_text_column wpb_content_element\" >\n\t\t<div class=\"wpb_wrapper\">\n\t\t\t<h3>Nachhaltigkeit<\/h3>\n\n\t\t<\/div>\n\t<\/div>\n<div class=\"vc_empty_space\"   style=\"height: 20px\"><span class=\"vc_empty_space_inner\"><\/span><\/div>\n\t<div class=\"wpb_text_column wpb_content_element\" >\n\t\t<div class=\"wpb_wrapper\">\n\t\t\t<p>Lernmodule zum Thema Nachhaltigkeit. Die Kategorie kann Sammlungen von zusammenh\u00e4ngenden Lernmodulen oder einzelne Lernmodule enthalten.<\/p>\n\n\t\t<\/div>\n\t<\/div>\n<div class=\"vc_empty_space\"   style=\"height: 10px\"><span class=\"vc_empty_space_inner\"><\/span><\/div><div class=\"vc_btn3-container vc_btn3-inline vc_do_btn\" ><a class=\"vc_general vc_btn3 vc_btn3-size-md vc_btn3-shape-rounded vc_btn3-style-modern vc_btn3-icon-left vc_btn3-color-black\" href=\"https:\/\/zfl-lernen.de\/en\/lernmodule\/nachhaltigkeit\/\" title=\"\"><i class=\"vc_btn3-icon fas fa-chevron-circle-right\"><\/i> Go to learning modules<\/a><\/div><\/div><\/div><\/div><\/div><div class=\"vc_empty_space\"   style=\"height: 40px\"><span class=\"vc_empty_space_inner\"><\/span><\/div><div class=\"vc_row wpb_row vc_inner vc_row-fluid\"><div class=\"wpb_column vc_column_container vc_col-sm-4\"><div class=\"vc_column-inner\"><div class=\"wpb_wrapper\">\n\t<div  class=\"wpb_single_image wpb_content_element vc_align_left wpb_content_element\">\n\t\t\n\t\t<figure class=\"wpb_wrapper vc_figure\">\n\t\t\t<div class=\"vc_single_image-wrapper   vc_box_border_grey\"><img loading=\"lazy\" decoding=\"async\" width=\"150\" height=\"150\" src=\"https:\/\/zfl-lernen.de\/wp-content\/uploads\/Inkusion-150x150.png\" class=\"vc_single_image-img attachment-thumbnail\" alt=\"Lernmodulbild Inklusion\" title=\"Inklusion und Schule\" srcset=\"https:\/\/zfl-lernen.de\/wp-content\/uploads\/Inkusion-150x150.png 150w, https:\/\/zfl-lernen.de\/wp-content\/uploads\/Inkusion-266x266.png 266w, https:\/\/zfl-lernen.de\/wp-content\/uploads\/Inkusion-60x60.png 60w\" sizes=\"auto, (max-width: 150px) 100vw, 150px\" \/><\/div>\n\t\t<\/figure>\n\t<\/div>\n<\/div><\/div><\/div><div class=\"wpb_column vc_column_container vc_col-sm-8\"><div class=\"vc_column-inner\"><div class=\"wpb_wrapper\">\n\t<div class=\"wpb_text_column wpb_content_element\" >\n\t\t<div class=\"wpb_wrapper\">\n\t\t\t<h3>Sonderp\u00e4d. Materialien<\/h3>\n\n\t\t<\/div>\n\t<\/div>\n<div class=\"vc_empty_space\"   style=\"height: 20px\"><span class=\"vc_empty_space_inner\"><\/span><\/div>\n\t<div class=\"wpb_text_column wpb_content_element\" >\n\t\t<div class=\"wpb_wrapper\">\n\t\t\t<p>Lernmodule von Studierenden des Lehramts f\u00fcr sonderp\u00e4dagogische F\u00f6rderung<\/p>\n\n\t\t<\/div>\n\t<\/div>\n<div class=\"vc_empty_space\"   style=\"height: 10px\"><span class=\"vc_empty_space_inner\"><\/span><\/div><div class=\"vc_btn3-container vc_btn3-inline vc_do_btn\" ><a class=\"vc_general vc_btn3 vc_btn3-size-md vc_btn3-shape-rounded vc_btn3-style-modern vc_btn3-icon-left vc_btn3-color-black\" href=\"https:\/\/zfl-lernen.de\/en\/lernmodule\/sonderpaedagogische-bildungsmaterialien\/\" title=\"\"><i class=\"vc_btn3-icon fas fa-chevron-circle-right\"><\/i> Go to learning modules<\/a><\/div><\/div><\/div><\/div><\/div><div class=\"vc_empty_space\"   style=\"height: 40px\"><span class=\"vc_empty_space_inner\"><\/span><\/div><\/div><\/div><\/div><\/div><div class=\"vc_row-full-width vc_clearfix\"><\/div>\n<\/div>"},"excerpt":{"rendered":"ZfL offene Bildungsangebote Auf dieser digitalen Bildungsplattform werden alle offenen Bildungsangebote des Zentrums f\u00fcr LehrerInnenbildung der Universit\u00e4t zu K\u00f6ln geb\u00fcndelt. Das Angebot richtet sich an Lehramtsstudierende, Lehrende und andere Interessierte. Die Bildungsangebote vereinen Ideen und \u00dcberlegungen, Informationen und Weiterf\u00fchrendes zu &hellip;","protected":false},"author":2,"featured_media":0,"parent":0,"menu_order":0,"comment_status":"closed","ping_status":"closed","template":"page-templates\/homepage.php","meta":{"_acf_changed":false,"footnotes":""},"categories":[],"tags":[811,805,808,810,807,133,809,806],"kooperation":[],"class_list":["post-12","page","type-page","status-publish","hentry","tag-bildung","tag-education","tag-koeln","tag-lehrer","tag-uni","tag-wordpress","tag-zentrum","tag-zfl"],"acf":[],"yoast_head":"<!-- This site is optimized with the Yoast SEO plugin v27.1.1 - https:\/\/yoast.com\/product\/yoast-seo-wordpress\/ -->\n<title>ZfL Lernen - digitale Bildungsplattform des ZfL K\u00f6ln<\/title>\n<meta name=\"description\" content=\"Auf dieser digitalen Bildungsplattform werden alle offenen Bildungsangebote des ZfL der Universit\u00e4t zu K\u00f6ln geb\u00fcndelt.\" \/>\n<meta name=\"robots\" content=\"index, follow, max-snippet:-1, max-image-preview:large, max-video-preview:-1\" \/>\n<link rel=\"canonical\" href=\"https:\/\/zfl-lernen.de\/en\/\" \/>\n<meta property=\"og:locale\" content=\"en_US\" \/>\n<meta property=\"og:type\" content=\"article\" \/>\n<meta property=\"og:title\" content=\"ZfL Lernen - digitale Bildungsplattform des ZfL K\u00f6ln\" \/>\n<meta property=\"og:description\" content=\"Auf dieser digitalen Bildungsplattform werden alle offenen Bildungsangebote des ZfL der Universit\u00e4t zu K\u00f6ln geb\u00fcndelt.\" \/>\n<meta property=\"og:url\" content=\"https:\/\/zfl-lernen.de\/en\/\" \/>\n<meta property=\"og:site_name\" content=\"ZfL Lernen\" \/>\n<meta property=\"article:publisher\" content=\"https:\/\/www.facebook.com\/zflkoeln\" \/>\n<meta property=\"article:modified_time\" content=\"2026-03-25T15:18:13+00:00\" \/>\n<meta property=\"og:image\" content=\"https:\/\/zfl-lernen.de\/wp-content\/uploads\/zfl-logo_neu-1.png\" \/>\n\t<meta property=\"og:image:width\" content=\"300\" \/>\n\t<meta property=\"og:image:height\" content=\"161\" \/>\n\t<meta property=\"og:image:type\" content=\"image\/png\" \/>\n<meta name=\"twitter:card\" content=\"summary_large_image\" \/>\n<meta name=\"twitter:site\" content=\"@Lehrer_innen\" \/>\n<meta name=\"twitter:label1\" content=\"Est. reading time\" \/>\n\t<meta name=\"twitter:data1\" content=\"9 minutes\" \/>\n<script type=\"application\/ld+json\" class=\"yoast-schema-graph\">{\"@context\":\"https:\/\/schema.org\",\"@graph\":[{\"@type\":\"WebPage\",\"@id\":\"https:\/\/zfl-lernen.de\/\",\"url\":\"https:\/\/zfl-lernen.de\/\",\"name\":\"ZfL Lernen - digitale Bildungsplattform des ZfL K\u00f6ln\",\"isPartOf\":{\"@id\":\"https:\/\/zfl-lernen.de\/#website\"},\"datePublished\":\"2015-10-19T04:23:53+00:00\",\"dateModified\":\"2026-03-25T15:18:13+00:00\",\"description\":\"Auf dieser digitalen Bildungsplattform werden alle offenen Bildungsangebote des ZfL der Universit\u00e4t zu K\u00f6ln geb\u00fcndelt.\",\"breadcrumb\":{\"@id\":\"https:\/\/zfl-lernen.de\/#breadcrumb\"},\"inLanguage\":\"en-US\",\"potentialAction\":[{\"@type\":\"ReadAction\",\"target\":[\"https:\/\/zfl-lernen.de\/\"]}]},{\"@type\":\"BreadcrumbList\",\"@id\":\"https:\/\/zfl-lernen.de\/#breadcrumb\",\"itemListElement\":[{\"@type\":\"ListItem\",\"position\":1,\"name\":\"Startseite\",\"item\":\"https:\/\/zfl-lernen.de\/\"},{\"@type\":\"ListItem\",\"position\":2,\"name\":\"Home\"}]},{\"@type\":\"WebSite\",\"@id\":\"https:\/\/zfl-lernen.de\/#website\",\"url\":\"https:\/\/zfl-lernen.de\/\",\"name\":\"ZfL Lernen\",\"description\":\"ZfL Offene Bildungsangebote\",\"potentialAction\":[{\"@type\":\"SearchAction\",\"target\":{\"@type\":\"EntryPoint\",\"urlTemplate\":\"https:\/\/zfl-lernen.de\/?s={search_term_string}\"},\"query-input\":{\"@type\":\"PropertyValueSpecification\",\"valueRequired\":true,\"valueName\":\"search_term_string\"}}],\"inLanguage\":\"en-US\"}]}<\/script>\n<!-- \/ Yoast SEO plugin. -->","yoast_head_json":{"title":"ZfL Lernen - digitale Bildungsplattform des ZfL K\u00f6ln","description":"Auf dieser digitalen Bildungsplattform werden alle offenen Bildungsangebote des ZfL der Universit\u00e4t zu K\u00f6ln geb\u00fcndelt.","robots":{"index":"index","follow":"follow","max-snippet":"max-snippet:-1","max-image-preview":"max-image-preview:large","max-video-preview":"max-video-preview:-1"},"canonical":"https:\/\/zfl-lernen.de\/en\/","og_locale":"en_US","og_type":"article","og_title":"ZfL Lernen - digitale Bildungsplattform des ZfL K\u00f6ln","og_description":"Auf dieser digitalen Bildungsplattform werden alle offenen Bildungsangebote des ZfL der Universit\u00e4t zu K\u00f6ln geb\u00fcndelt.","og_url":"https:\/\/zfl-lernen.de\/en\/","og_site_name":"ZfL Lernen","article_publisher":"https:\/\/www.facebook.com\/zflkoeln","article_modified_time":"2026-03-25T15:18:13+00:00","og_image":[{"width":300,"height":161,"url":"https:\/\/zfl-lernen.de\/wp-content\/uploads\/zfl-logo_neu-1.png","type":"image\/png"}],"twitter_card":"summary_large_image","twitter_site":"@Lehrer_innen","twitter_misc":{"Est. reading time":"9 minutes"},"schema":{"@context":"https:\/\/schema.org","@graph":[{"@type":"WebPage","@id":"https:\/\/zfl-lernen.de\/","url":"https:\/\/zfl-lernen.de\/","name":"ZfL Lernen - digitale Bildungsplattform des ZfL K\u00f6ln","isPartOf":{"@id":"https:\/\/zfl-lernen.de\/#website"},"datePublished":"2015-10-19T04:23:53+00:00","dateModified":"2026-03-25T15:18:13+00:00","description":"Auf dieser digitalen Bildungsplattform werden alle offenen Bildungsangebote des ZfL der Universit\u00e4t zu K\u00f6ln geb\u00fcndelt.","breadcrumb":{"@id":"https:\/\/zfl-lernen.de\/#breadcrumb"},"inLanguage":"en-US","potentialAction":[{"@type":"ReadAction","target":["https:\/\/zfl-lernen.de\/"]}]},{"@type":"BreadcrumbList","@id":"https:\/\/zfl-lernen.de\/#breadcrumb","itemListElement":[{"@type":"ListItem","position":1,"name":"Startseite","item":"https:\/\/zfl-lernen.de\/"},{"@type":"ListItem","position":2,"name":"Home"}]},{"@type":"WebSite","@id":"https:\/\/zfl-lernen.de\/#website","url":"https:\/\/zfl-lernen.de\/","name":"ZfL Lernen","description":"ZfL Offene Bildungsangebote","potentialAction":[{"@type":"SearchAction","target":{"@type":"EntryPoint","urlTemplate":"https:\/\/zfl-lernen.de\/?s={search_term_string}"},"query-input":{"@type":"PropertyValueSpecification","valueRequired":true,"valueName":"search_term_string"}}],"inLanguage":"en-US"}]}},"_links":{"self":[{"href":"https:\/\/zfl-lernen.de\/en\/wp-json\/wp\/v2\/pages\/12","targetHints":{"allow":["GET"]}}],"collection":[{"href":"https:\/\/zfl-lernen.de\/en\/wp-json\/wp\/v2\/pages"}],"about":[{"href":"https:\/\/zfl-lernen.de\/en\/wp-json\/wp\/v2\/types\/page"}],"author":[{"embeddable":true,"href":"https:\/\/zfl-lernen.de\/en\/wp-json\/wp\/v2\/users\/2"}],"replies":[{"embeddable":true,"href":"https:\/\/zfl-lernen.de\/en\/wp-json\/wp\/v2\/comments?post=12"}],"version-history":[{"count":8,"href":"https:\/\/zfl-lernen.de\/en\/wp-json\/wp\/v2\/pages\/12\/revisions"}],"predecessor-version":[{"id":85076,"href":"https:\/\/zfl-lernen.de\/en\/wp-json\/wp\/v2\/pages\/12\/revisions\/85076"}],"wp:attachment":[{"href":"https:\/\/zfl-lernen.de\/en\/wp-json\/wp\/v2\/media?parent=12"}],"wp:term":[{"taxonomy":"category","embeddable":true,"href":"https:\/\/zfl-lernen.de\/en\/wp-json\/wp\/v2\/categories?post=12"},{"taxonomy":"post_tag","embeddable":true,"href":"https:\/\/zfl-lernen.de\/en\/wp-json\/wp\/v2\/tags?post=12"},{"taxonomy":"kooperation","embeddable":true,"href":"https:\/\/zfl-lernen.de\/en\/wp-json\/wp\/v2\/kooperation?post=12"}],"curies":[{"name":"wp","href":"https:\/\/api.w.org\/{rel}","templated":true}]}}